{"id":15917,"date":"2021-06-28T13:31:35","date_gmt":"2021-06-28T11:31:35","guid":{"rendered":"http:\/\/php8.viesverdes.cat\/?page_id=15917"},"modified":"2021-07-05T13:27:18","modified_gmt":"2021-07-05T11:27:18","slug":"vies-verdes-pel-clima","status":"publish","type":"page","link":"https:\/\/www.viesverdes.cat\/en\/vies-verdes-pel-clima\/","title":{"rendered":"V\u00edas verdes #PorelClima"},"content":{"rendered":"<h3>Tramo Olot &#8211; Girona (prueba piloto)<\/h3>\n<p>V\u00edas Verdes #PorelClima, es un programa que tiene el objetivo de reducir la huella de Carbono CO2, que producen los establecimientos del sector de la restauraci\u00f3n y usuarios de las V\u00edas Verdes.<\/p>\n<p>La Diputaci\u00f3n de Girona y el Consorcio de las V\u00edas Verdes, se han adherido a este programa impulsado por ECODES y Coca-Cola, poniendo en marcha una primera fase situando contenedores de reciclaje y papeleras al recorrido de Olot a Girona, adem\u00e1s de la participaci\u00f3n de cerca de 50 establecimientos de hosteler\u00eda de la zona que se han auditado para calcular su huella de carbono.<\/p>\n<p>El proyecto quiere incentivar el sector de la hosteler\u00eda en su compromiso con el medio ambiente y ofrece a todos los establecimientos adheridos calcular de forma gratuita su huella de carbono (la cantidad de emisiones de gases de efecto invernadero que produce la actividad de cada establecimiento). Gracias a la medici\u00f3n de la huella de carbono, el establecimiento, adem\u00e1s de mostrar su compromiso con la sostenibilidad y el planeta, puede conocer con que consume m\u00e1s y cu\u00e1les de sus actividades generan m\u00e1s impacto y emisiones de CO2. A partir de esta informaci\u00f3n, se pueden establecer medidas que tengan impacto tanto en el medio ambiente como en los gastos de los establecimientos.<\/p>\n<p>Este programa piloto se completa con la compensaci\u00f3n de la huella de carbono producida por estos establecimientos, que es asumida por Coca-Cola y gestionada por ECODES a trav\u00e9s del programa CeroCO2, participando en el Mercado Voluntario de Carbono. La compensaci\u00f3n consiste en la aportaci\u00f3n voluntaria de una cantidad econ\u00f3mica, proporcional a las toneladas de CO2 generadas, a un proyecto que persigue, espec\u00edficamente, captar una cantidad de toneladas de CO2 equivalente a la de su actividad, mediante un proyecto de imbornal de carbono para reforestaci\u00f3n.<\/p>\n<p><strong>Puntos de reciclaje en todos los municipios de la ruta y en las \u00e1reas de picnic<\/strong><\/p>\n<p>El programa tambi\u00e9n ha permitido poner papeleras a mas de 23 sitios y 9 contenedores de reciclaje en diferentes puntos, con el objetivo de hacerlas V\u00edas Verdes m\u00e1s sostenibles, incorporando puntos de reciclaje a lo largo del recorrido y hacer de este modo una recogida selectiva de los residuos de los usuarios.<\/p>\n<p>M\u00e1s informaci\u00f3n a la <a href=\"https:\/\/hosteleriaporelclima.es\/hosteleria-comprometida\/campanas-porelclima\/vias-verdes\">web del Programa &#8220;Hosteler\u00eda por el clima&#8221;<\/a><\/p>\n<p>&nbsp;<\/p>\n<h3><strong>Mapa de establecimientos adheridos:<\/strong><\/h3>\n<p><a href=\"https:\/\/hosteleriaporelclima.es\/hosteleria-comprometida\/campanas-porelclima\/vias-verdes\"><img loading=\"lazy\" decoding=\"async\" class=\"alignnone wp-image-15945\" src=\"http:\/\/www.viesverdes.cat\/wp-content\/uploads\/2021\/06\/Captura-de-pantalla-2021-06-02-a-las-11.26.26.png\" alt=\"\" width=\"645\" height=\"357\" srcset=\"https:\/\/www.viesverdes.cat\/wp-content\/uploads\/2021\/06\/Captura-de-pantalla-2021-06-02-a-las-11.26.26.png 757w, https:\/\/www.viesverdes.cat\/wp-content\/uploads\/2021\/06\/Captura-de-pantalla-2021-06-02-a-las-11.26.26-300x166.png 300w\" sizes=\"(max-width: 645px) 100vw, 645px\" \/><\/a><\/p>\n<p>&nbsp;<\/p>\n<p>&nbsp;<\/p>\n<h3><strong>Mapa de contenedores de reciclage y papeleras:<\/strong><\/h3>\n<p><iframe loading=\"lazy\" src=\"https:\/\/www.google.com\/maps\/d\/embed?mid=1_O4MjjnWnNfYNoXe6mOFbFM1RJLegqzJ\" width=\"640\" height=\"480\"><\/iframe><\/p>\n<p>&nbsp;<\/p>\n<p><img loading=\"lazy\" decoding=\"async\" class=\"size-medium wp-image-15928 alignnone\" src=\"http:\/\/www.viesverdes.cat\/wp-content\/uploads\/2021\/06\/WhatsApp-Image-2021-05-12-at-00.41.01-2-300x225.jpeg\" alt=\"\" width=\"300\" height=\"225\" srcset=\"https:\/\/www.viesverdes.cat\/wp-content\/uploads\/2021\/06\/WhatsApp-Image-2021-05-12-at-00.41.01-2-300x225.jpeg 300w, https:\/\/www.viesverdes.cat\/wp-content\/uploads\/2021\/06\/WhatsApp-Image-2021-05-12-at-00.41.01-2-768x576.jpeg 768w, https:\/\/www.viesverdes.cat\/wp-content\/uploads\/2021\/06\/WhatsApp-Image-2021-05-12-at-00.41.01-2-1024x768.jpeg 1024w, https:\/\/www.viesverdes.cat\/wp-content\/uploads\/2021\/06\/WhatsApp-Image-2021-05-12-at-00.41.01-2.jpeg 1599w\" sizes=\"(max-width: 300px) 100vw, 300px\" \/><\/p>\n","protected":false},"excerpt":{"rendered":"<p>Tramo Olot &#8211; Girona (prueba piloto) V\u00edas Verdes #PorelClima, es un programa que tiene el objetivo de reducir la huella de Carbono CO2, que producen los establecimientos del sector de la restauraci\u00f3n y usuarios de las V\u00edas Verdes. La Diputaci\u00f3n de Girona y el Consorcio de las V\u00edas Verdes, se han adherido a este programa [&hellip;]<\/p>\n","protected":false},"author":1,"featured_media":16087,"parent":0,"menu_order":0,"comment_status":"closed","ping_status":"closed","template":"","meta":{"_acf_changed":false,"footnotes":""},"acf":[],"yoast_head":"<!-- This site is optimized with the Yoast SEO plugin v22.2 - https:\/\/yoast.com\/wordpress\/plugins\/seo\/ -->\n<title>V\u00edas verdes #PorelClima - Ecovies de Girona<\/title>\n<meta name=\"robots\" content=\"index, follow, max-snippet:-1, max-image-preview:large, max-video-preview:-1\" \/>\n<link rel=\"canonical\" href=\"https:\/\/www.viesverdes.cat\/en\/vies-verdes-pel-clima\/\" \/>\n<meta property=\"og:locale\" content=\"en_US\" \/>\n<meta property=\"og:type\" content=\"article\" \/>\n<meta property=\"og:title\" content=\"V\u00edas verdes #PorelClima - Ecovies de Girona\" \/>\n<meta property=\"og:description\" content=\"Tramo Olot &#8211; Girona (prueba piloto) V\u00edas Verdes #PorelClima, es un programa que tiene el objetivo de reducir la huella de Carbono CO2, que producen los establecimientos del sector de la restauraci\u00f3n y usuarios de las V\u00edas Verdes. La Diputaci\u00f3n de Girona y el Consorcio de las V\u00edas Verdes, se han adherido a este programa [&hellip;]\" \/>\n<meta property=\"og:url\" content=\"https:\/\/www.viesverdes.cat\/en\/vies-verdes-pel-clima\/\" \/>\n<meta property=\"og:site_name\" content=\"Ecovies de Girona\" \/>\n<meta property=\"article:publisher\" content=\"https:\/\/www.facebook.com\/viesverdesgirona\" \/>\n<meta property=\"article:modified_time\" content=\"2021-07-05T11:27:18+00:00\" \/>\n<meta property=\"og:image\" content=\"https:\/\/www.viesverdes.cat\/wp-content\/uploads\/2021\/07\/VIES-VERDES-3.jpg\" \/>\n\t<meta property=\"og:image:width\" content=\"1599\" \/>\n\t<meta property=\"og:image:height\" content=\"1528\" \/>\n\t<meta property=\"og:image:type\" content=\"image\/jpeg\" \/>\n<meta name=\"twitter:card\" content=\"summary_large_image\" \/>\n<meta name=\"twitter:site\" content=\"@viesverdesgi\" \/>\n<meta name=\"twitter:label1\" content=\"Est. reading time\" \/>\n\t<meta name=\"twitter:data1\" content=\"2 minutes\" \/>\n<script type=\"application\/ld+json\" class=\"yoast-schema-graph\">{\"@context\":\"https:\/\/schema.org\",\"@graph\":[{\"@type\":\"WebPage\",\"@id\":\"https:\/\/www.viesverdes.cat\/en\/vies-verdes-pel-clima\/\",\"url\":\"https:\/\/www.viesverdes.cat\/en\/vies-verdes-pel-clima\/\",\"name\":\"V\u00edas verdes #PorelClima - Ecovies de Girona\",\"isPartOf\":{\"@id\":\"https:\/\/www.viesverdes.cat\/#website\"},\"primaryImageOfPage\":{\"@id\":\"https:\/\/www.viesverdes.cat\/en\/vies-verdes-pel-clima\/#primaryimage\"},\"image\":{\"@id\":\"https:\/\/www.viesverdes.cat\/en\/vies-verdes-pel-clima\/#primaryimage\"},\"thumbnailUrl\":\"https:\/\/www.viesverdes.cat\/wp-content\/uploads\/2021\/07\/VIES-VERDES-3.jpg\",\"datePublished\":\"2021-06-28T11:31:35+00:00\",\"dateModified\":\"2021-07-05T11:27:18+00:00\",\"breadcrumb\":{\"@id\":\"https:\/\/www.viesverdes.cat\/en\/vies-verdes-pel-clima\/#breadcrumb\"},\"inLanguage\":\"en-US\",\"potentialAction\":[{\"@type\":\"ReadAction\",\"target\":[\"https:\/\/www.viesverdes.cat\/en\/vies-verdes-pel-clima\/\"]}]},{\"@type\":\"ImageObject\",\"inLanguage\":\"en-US\",\"@id\":\"https:\/\/www.viesverdes.cat\/en\/vies-verdes-pel-clima\/#primaryimage\",\"url\":\"https:\/\/www.viesverdes.cat\/wp-content\/uploads\/2021\/07\/VIES-VERDES-3.jpg\",\"contentUrl\":\"https:\/\/www.viesverdes.cat\/wp-content\/uploads\/2021\/07\/VIES-VERDES-3.jpg\",\"width\":1599,\"height\":1528},{\"@type\":\"BreadcrumbList\",\"@id\":\"https:\/\/www.viesverdes.cat\/en\/vies-verdes-pel-clima\/#breadcrumb\",\"itemListElement\":[{\"@type\":\"ListItem\",\"position\":1,\"name\":\"Inici\",\"item\":\"https:\/\/www.viesverdes.cat\/\"},{\"@type\":\"ListItem\",\"position\":2,\"name\":\"V\u00edas verdes #PorelClima\"}]},{\"@type\":\"WebSite\",\"@id\":\"https:\/\/www.viesverdes.cat\/#website\",\"url\":\"https:\/\/www.viesverdes.cat\/\",\"name\":\"Vies Verdes i Pirinexus\",\"description\":\"\",\"publisher\":{\"@id\":\"https:\/\/www.viesverdes.cat\/#organization\"},\"potentialAction\":[{\"@type\":\"SearchAction\",\"target\":{\"@type\":\"EntryPoint\",\"urlTemplate\":\"https:\/\/www.viesverdes.cat\/?s={search_term_string}\"},\"query-input\":\"required name=search_term_string\"}],\"inLanguage\":\"en-US\"},{\"@type\":\"Organization\",\"@id\":\"https:\/\/www.viesverdes.cat\/#organization\",\"name\":\"Consorci de les Vies Verdes de Girona\",\"url\":\"https:\/\/www.viesverdes.cat\/\",\"logo\":{\"@type\":\"ImageObject\",\"inLanguage\":\"en-US\",\"@id\":\"https:\/\/www.viesverdes.cat\/#\/schema\/logo\/image\/\",\"url\":\"https:\/\/www.viesverdes.cat\/wp-content\/uploads\/2023\/04\/Logo-Consorci-Vies-Verdes-color-1-e1682501524240.png\",\"contentUrl\":\"https:\/\/www.viesverdes.cat\/wp-content\/uploads\/2023\/04\/Logo-Consorci-Vies-Verdes-color-1-e1682501524240.png\",\"width\":350,\"height\":41,\"caption\":\"Consorci de les Vies Verdes de Girona\"},\"image\":{\"@id\":\"https:\/\/www.viesverdes.cat\/#\/schema\/logo\/image\/\"},\"sameAs\":[\"https:\/\/www.facebook.com\/viesverdesgirona\",\"https:\/\/twitter.com\/viesverdesgi\",\"https:\/\/www.youtube.com\/viesverdesgi\",\"https:\/\/www.instagram.com\/viesverdesgi\/\"]}]}<\/script>\n<!-- \/ Yoast SEO plugin. -->","yoast_head_json":{"title":"V\u00edas verdes #PorelClima - Ecovies de Girona","robots":{"index":"index","follow":"follow","max-snippet":"max-snippet:-1","max-image-preview":"max-image-preview:large","max-video-preview":"max-video-preview:-1"},"canonical":"https:\/\/www.viesverdes.cat\/en\/vies-verdes-pel-clima\/","og_locale":"en_US","og_type":"article","og_title":"V\u00edas verdes #PorelClima - Ecovies de Girona","og_description":"Tramo Olot &#8211; Girona (prueba piloto) V\u00edas Verdes #PorelClima, es un programa que tiene el objetivo de reducir la huella de Carbono CO2, que producen los establecimientos del sector de la restauraci\u00f3n y usuarios de las V\u00edas Verdes. La Diputaci\u00f3n de Girona y el Consorcio de las V\u00edas Verdes, se han adherido a este programa [&hellip;]","og_url":"https:\/\/www.viesverdes.cat\/en\/vies-verdes-pel-clima\/","og_site_name":"Ecovies de Girona","article_publisher":"https:\/\/www.facebook.com\/viesverdesgirona","article_modified_time":"2021-07-05T11:27:18+00:00","og_image":[{"width":1599,"height":1528,"url":"https:\/\/www.viesverdes.cat\/wp-content\/uploads\/2021\/07\/VIES-VERDES-3.jpg","type":"image\/jpeg"}],"twitter_card":"summary_large_image","twitter_site":"@viesverdesgi","twitter_misc":{"Est. reading time":"2 minutes"},"schema":{"@context":"https:\/\/schema.org","@graph":[{"@type":"WebPage","@id":"https:\/\/www.viesverdes.cat\/en\/vies-verdes-pel-clima\/","url":"https:\/\/www.viesverdes.cat\/en\/vies-verdes-pel-clima\/","name":"V\u00edas verdes #PorelClima - Ecovies de Girona","isPartOf":{"@id":"https:\/\/www.viesverdes.cat\/#website"},"primaryImageOfPage":{"@id":"https:\/\/www.viesverdes.cat\/en\/vies-verdes-pel-clima\/#primaryimage"},"image":{"@id":"https:\/\/www.viesverdes.cat\/en\/vies-verdes-pel-clima\/#primaryimage"},"thumbnailUrl":"https:\/\/www.viesverdes.cat\/wp-content\/uploads\/2021\/07\/VIES-VERDES-3.jpg","datePublished":"2021-06-28T11:31:35+00:00","dateModified":"2021-07-05T11:27:18+00:00","breadcrumb":{"@id":"https:\/\/www.viesverdes.cat\/en\/vies-verdes-pel-clima\/#breadcrumb"},"inLanguage":"en-US","potentialAction":[{"@type":"ReadAction","target":["https:\/\/www.viesverdes.cat\/en\/vies-verdes-pel-clima\/"]}]},{"@type":"ImageObject","inLanguage":"en-US","@id":"https:\/\/www.viesverdes.cat\/en\/vies-verdes-pel-clima\/#primaryimage","url":"https:\/\/www.viesverdes.cat\/wp-content\/uploads\/2021\/07\/VIES-VERDES-3.jpg","contentUrl":"https:\/\/www.viesverdes.cat\/wp-content\/uploads\/2021\/07\/VIES-VERDES-3.jpg","width":1599,"height":1528},{"@type":"BreadcrumbList","@id":"https:\/\/www.viesverdes.cat\/en\/vies-verdes-pel-clima\/#breadcrumb","itemListElement":[{"@type":"ListItem","position":1,"name":"Inici","item":"https:\/\/www.viesverdes.cat\/"},{"@type":"ListItem","position":2,"name":"V\u00edas verdes #PorelClima"}]},{"@type":"WebSite","@id":"https:\/\/www.viesverdes.cat\/#website","url":"https:\/\/www.viesverdes.cat\/","name":"Vies Verdes i Pirinexus","description":"","publisher":{"@id":"https:\/\/www.viesverdes.cat\/#organization"},"potentialAction":[{"@type":"SearchAction","target":{"@type":"EntryPoint","urlTemplate":"https:\/\/www.viesverdes.cat\/?s={search_term_string}"},"query-input":"required name=search_term_string"}],"inLanguage":"en-US"},{"@type":"Organization","@id":"https:\/\/www.viesverdes.cat\/#organization","name":"Consorci de les Vies Verdes de Girona","url":"https:\/\/www.viesverdes.cat\/","logo":{"@type":"ImageObject","inLanguage":"en-US","@id":"https:\/\/www.viesverdes.cat\/#\/schema\/logo\/image\/","url":"https:\/\/www.viesverdes.cat\/wp-content\/uploads\/2023\/04\/Logo-Consorci-Vies-Verdes-color-1-e1682501524240.png","contentUrl":"https:\/\/www.viesverdes.cat\/wp-content\/uploads\/2023\/04\/Logo-Consorci-Vies-Verdes-color-1-e1682501524240.png","width":350,"height":41,"caption":"Consorci de les Vies Verdes de Girona"},"image":{"@id":"https:\/\/www.viesverdes.cat\/#\/schema\/logo\/image\/"},"sameAs":["https:\/\/www.facebook.com\/viesverdesgirona","https:\/\/twitter.com\/viesverdesgi","https:\/\/www.youtube.com\/viesverdesgi","https:\/\/www.instagram.com\/viesverdesgi\/"]}]}},"_links":{"self":[{"href":"https:\/\/www.viesverdes.cat\/en\/wp-json\/wp\/v2\/pages\/15917"}],"collection":[{"href":"https:\/\/www.viesverdes.cat\/en\/wp-json\/wp\/v2\/pages"}],"about":[{"href":"https:\/\/www.viesverdes.cat\/en\/wp-json\/wp\/v2\/types\/page"}],"author":[{"embeddable":true,"href":"https:\/\/www.viesverdes.cat\/en\/wp-json\/wp\/v2\/users\/1"}],"replies":[{"embeddable":true,"href":"https:\/\/www.viesverdes.cat\/en\/wp-json\/wp\/v2\/comments?post=15917"}],"version-history":[{"count":0,"href":"https:\/\/www.viesverdes.cat\/en\/wp-json\/wp\/v2\/pages\/15917\/revisions"}],"wp:featuredmedia":[{"embeddable":true,"href":"https:\/\/www.viesverdes.cat\/en\/wp-json\/wp\/v2\/media\/16087"}],"wp:attachment":[{"href":"https:\/\/www.viesverdes.cat\/en\/wp-json\/wp\/v2\/media?parent=15917"}],"curies":[{"name":"wp","href":"https:\/\/api.w.org\/{rel}","templated":true}]}}