{"id":23147,"date":"2023-07-06T11:10:53","date_gmt":"2023-07-06T09:10:53","guid":{"rendered":"https:\/\/www.viesverdes.cat\/?page_id=23147"},"modified":"2023-07-06T11:13:42","modified_gmt":"2023-07-06T09:13:42","slug":"elementor-23147","status":"publish","type":"page","link":"https:\/\/www.viesverdes.cat\/en\/elementor-23147\/","title":{"rendered":"Elementor #23147"},"content":{"rendered":"\t\t<div data-elementor-type=\"wp-page\" data-elementor-id=\"23147\" class=\"elementor elementor-23147 elementor-23051\">\n\t\t\t\t\t\t\t\t\t<section class=\"elementor-section elementor-top-section elementor-element elementor-element-fc31dac elementor-section-full_width elementor-section-height-default elementor-section-height-default\" data-id=\"fc31dac\" data-element_type=\"section\">\n\t\t\t\t\t\t<div class=\"elementor-container elementor-column-gap-default\">\n\t\t\t\t\t<div class=\"elementor-column elementor-col-100 elementor-top-column elementor-element elementor-element-3d9487a\" data-id=\"3d9487a\" data-element_type=\"column\">\n\t\t\t<div class=\"elementor-widget-wrap elementor-element-populated\">\n\t\t\t\t\t\t\t\t<div class=\"elementor-element elementor-element-e308c56 elementor-widget__width-inherit elementor-widget elementor-widget-shortcode\" data-id=\"e308c56\" data-element_type=\"widget\" data-widget_type=\"shortcode.default\">\n\t\t\t\t<div class=\"elementor-widget-container\">\n\t\t\t\t\t<div class=\"elementor-shortcode\"><div class=\"main-menu hidden-xs\">\r\n\t<nav class=\"navbar navbar-default\">\r\n\t\t<div class=\"menu-principal navbar-collapse \" id=\"navbarNav\">\r\n\t\t<div class=\"menu-main-menu-en-container\"><ul id=\"menu-main-menu-en\" class=\"menu\"><li id=\"menu-item-22869\" class=\"menu-item menu-item-type-post_type menu-item-object-page menu-item-has-children menu-item-22869\"><a href=\"https:\/\/www.viesverdes.cat\/en\/routes\/\">Routes<\/a>\n<ul class=\"sub-menu\">\n\t<li id=\"menu-item-22870\" class=\"menu-item menu-item-type-post_type menu-item-object-page menu-item-has-children menu-item-22870\"><a href=\"https:\/\/www.viesverdes.cat\/en\/routes\/greenways\/\">Greenways<\/a>\n\t<ul class=\"sub-menu\">\n\t\t<li id=\"menu-item-22700\" class=\"menu-item menu-item-type-post_type menu-item-object-rutes_vies_verdes menu-item-22700\"><a href=\"https:\/\/www.viesverdes.cat\/en\/rutes_vies_verdes\/iron-and-coal-route\/\">Ferro i Carb\u00f3 greenway<\/a><\/li>\n\t\t<li id=\"menu-item-22701\" class=\"menu-item menu-item-type-post_type menu-item-object-rutes_vies_verdes menu-item-22701\"><a href=\"https:\/\/www.viesverdes.cat\/en\/rutes_vies_verdes\/historic-highway-and-cattle-track\/\">Cam\u00ed Ramader de Campdev\u00e0nol<\/a><\/li>\n\t\t<li id=\"menu-item-22703\" class=\"menu-item menu-item-type-post_type menu-item-object-rutes_vies_verdes menu-item-22703\"><a href=\"https:\/\/www.viesverdes.cat\/en\/rutes_vies_verdes\/narrow-gauge-railway-route-i\/\">Carrilet I greenway<\/a><\/li>\n\t\t<li id=\"menu-item-22704\" class=\"menu-item menu-item-type-post_type menu-item-object-rutes_vies_verdes menu-item-22704\"><a href=\"https:\/\/www.viesverdes.cat\/en\/rutes_vies_verdes\/ruta-de-la-vall-de-bianya\/\">Vall de Bianya greenway<\/a><\/li>\n\t\t<li id=\"menu-item-22705\" class=\"menu-item menu-item-type-post_type menu-item-object-rutes_vies_verdes menu-item-22705\"><a href=\"https:\/\/www.viesverdes.cat\/en\/rutes_vies_verdes\/ruta-del-pla-girones-sud\/\">Pla del Giron\u00e8s Sud Route<\/a><\/li>\n\t\t<li id=\"menu-item-22706\" class=\"menu-item menu-item-type-post_type menu-item-object-rutes_vies_verdes menu-item-22706\"><a href=\"https:\/\/www.viesverdes.cat\/en\/rutes_vies_verdes\/thermal-greenway\/\">Thermal Greenway<\/a><\/li>\n\t\t<li id=\"menu-item-22707\" class=\"menu-item menu-item-type-post_type menu-item-object-rutes_vies_verdes menu-item-22707\"><a href=\"https:\/\/www.viesverdes.cat\/en\/rutes_vies_verdes\/carrilet-ii\/\">Carrilet II Route<\/a><\/li>\n\t\t<li id=\"menu-item-22708\" class=\"menu-item menu-item-type-post_type menu-item-object-rutes_vies_verdes menu-item-22708\"><a href=\"https:\/\/www.viesverdes.cat\/en\/rutes_vies_verdes\/via-verda-de-les-masies\/\">Via verda de les Masies<\/a><\/li>\n\t\t<li id=\"menu-item-22709\" class=\"menu-item menu-item-type-post_type menu-item-object-rutes_vies_verdes menu-item-22709\"><a href=\"https:\/\/www.viesverdes.cat\/en\/rutes_vies_verdes\/tren-petit\/\">Tren Petit Route<\/a><\/li>\n\t<\/ul>\n<\/li>\n\t<li id=\"menu-item-22710\" class=\"menu-item menu-item-type-custom menu-item-object-custom menu-item-has-children menu-item-22710\"><a href=\"https:\/\/www.viesverdes.cat\/vies-pedalables\/\">Cycling Routes<\/a>\n\t<ul class=\"sub-menu\">\n\t\t<li id=\"menu-item-22711\" class=\"menu-item menu-item-type-post_type menu-item-object-rutes_vies_verdes menu-item-22711\"><a href=\"https:\/\/www.viesverdes.cat\/en\/rutes_vies_verdes\/girona-tren-pinxo\/\">Tren Pinxo route<\/a><\/li>\n\t\t<li id=\"menu-item-22702\" class=\"menu-item menu-item-type-post_type menu-item-object-rutes_vies_verdes menu-item-22702\"><a href=\"https:\/\/www.viesverdes.cat\/en\/rutes_vies_verdes\/alt-ter-thematic-route\/\">Alt Ter thematic route<\/a><\/li>\n\t\t<li id=\"menu-item-22712\" class=\"menu-item menu-item-type-post_type menu-item-object-rutes_vies_verdes menu-item-22712\"><a href=\"https:\/\/www.viesverdes.cat\/en\/rutes_vies_verdes\/la-muga-nature-trail\/\">La Muga nature trail<\/a><\/li>\n\t\t<li id=\"menu-item-22713\" class=\"menu-item menu-item-type-post_type menu-item-object-rutes_vies_verdes menu-item-22713\"><a href=\"https:\/\/www.viesverdes.cat\/en\/rutes_vies_verdes\/link-between-iron-route-and-narrow-gauge-railway-route\/\">Link between Iron Route and Narrow-Gauge Railway Route<\/a><\/li>\n\t\t<li id=\"menu-item-22714\" class=\"menu-item menu-item-type-post_type menu-item-object-rutes_vies_verdes menu-item-22714\"><a href=\"https:\/\/www.viesverdes.cat\/en\/rutes_vies_verdes\/tram-denllac-ruta-del-carrilet-ruta-del-tren-petit\/\">Link Carrilet II \u2013 Tren Petit<\/a><\/li>\n\t\t<li id=\"menu-item-23627\" class=\"menu-item menu-item-type-post_type menu-item-object-rutes_vies_verdes menu-item-23627\"><a href=\"https:\/\/www.viesverdes.cat\/en\/rutes_vies_verdes\/etapa-pirinexus-litoral\/\">Pirinexus Litoral Route<\/a><\/li>\n\t<\/ul>\n<\/li>\n\t<li id=\"menu-item-23626\" class=\"menu-item menu-item-type-post_type menu-item-object-page menu-item-23626\"><a href=\"https:\/\/www.viesverdes.cat\/en\/pirinexus\/\">Pirinexus<\/a><\/li>\n\t<li id=\"menu-item-15880\" class=\"menu-item menu-item-type-post_type menu-item-object-page menu-item-15880\"><a href=\"https:\/\/www.viesverdes.cat\/en\/secretos-2\/\">Secrets<\/a><\/li>\n\t<li id=\"menu-item-22872\" class=\"menu-item menu-item-type-post_type menu-item-object-page menu-item-22872\"><a href=\"https:\/\/www.viesverdes.cat\/en\/cycling-routes-2\/\">Itineraries proposals<\/a><\/li>\n<\/ul>\n<\/li>\n<li id=\"menu-item-24251\" class=\"menu-item menu-item-type-post_type menu-item-object-page menu-item-24251\"><a href=\"https:\/\/www.viesverdes.cat\/en\/news\/\">News<\/a><\/li>\n<li id=\"menu-item-22716\" class=\"menu-item menu-item-type-custom menu-item-object-custom menu-item-has-children menu-item-22716\"><a href=\"#\">Practical Info<\/a>\n<ul class=\"sub-menu\">\n\t<li id=\"menu-item-22761\" class=\"menu-item menu-item-type-post_type menu-item-object-page menu-item-22761\"><a href=\"https:\/\/www.viesverdes.cat\/en\/preguntes-frequents\/\">FAQ<\/a><\/li>\n\t<li id=\"menu-item-23295\" class=\"menu-item menu-item-type-post_type menu-item-object-page menu-item-23295\"><a href=\"https:\/\/www.viesverdes.cat\/en\/caracteristiques-vies-verdes-pirinexus\/\">Characteristics Greenways \/ Pirinexus<\/a><\/li>\n\t<li id=\"menu-item-22762\" class=\"menu-item menu-item-type-custom menu-item-object-custom menu-item-22762\"><a href=\"https:\/\/consorciviesverdes.atlassian.net\/servicedesk\/customer\/portal\/1\/user\/login?destination=portal%2F1\">Report an issue<\/a><\/li>\n\t<li id=\"menu-item-23419\" class=\"menu-item menu-item-type-post_type menu-item-object-page menu-item-23419\"><a href=\"https:\/\/www.viesverdes.cat\/en\/tracks\/\">Tracks<\/a><\/li>\n\t<li id=\"menu-item-23299\" class=\"menu-item menu-item-type-post_type menu-item-object-page menu-item-23299\"><a href=\"https:\/\/www.viesverdes.cat\/en\/descarregues\/\">Downloads<\/a><\/li>\n\t<li id=\"menu-item-21340\" class=\"menu-item menu-item-type-post_type menu-item-object-page menu-item-21340\"><a href=\"https:\/\/www.viesverdes.cat\/en\/punts-de-carrega-per-a-bicis-electriques\/\">Charging stations for e-bikes<\/a><\/li>\n<\/ul>\n<\/li>\n<li id=\"menu-item-24421\" class=\"menu-item menu-item-type-custom menu-item-object-custom menu-item-24421\"><a href=\"https:\/\/planificador.viesverdes.cat\/en\/\">Plan your route<\/a><\/li>\n<li id=\"menu-item-22764\" class=\"menu-item menu-item-type-custom menu-item-object-custom menu-item-has-children menu-item-22764\"><a href=\"http:\/\/www.viesverdes.cat\/el-consorci\/\">Consorci<\/a>\n<ul class=\"sub-menu\">\n\t<li id=\"menu-item-22972\" class=\"menu-item menu-item-type-post_type menu-item-object-page menu-item-22972\"><a href=\"https:\/\/www.viesverdes.cat\/en\/news-consortium\/\">Consortium News<\/a><\/li>\n\t<li id=\"menu-item-22765\" class=\"menu-item menu-item-type-post_type menu-item-object-noticies_actualitat menu-item-22765\"><a href=\"https:\/\/www.viesverdes.cat\/en\/noticies_actualitat\/un-projecte-de-cooperacio-poctefa-per-al-desenvolupament-de-bicitranscat\/\">A program POCTEFA fundings for the project BiciTransCat<\/a><\/li>\n<\/ul>\n<\/li>\n<\/ul><\/div>\t\t<\/div>\r\n\t<\/nav>\r\n<\/div><\/div>\n\t\t\t\t<\/div>\n\t\t\t\t<\/div>\n\t\t\t\t\t<\/div>\n\t\t<\/div>\n\t\t\t\t\t\t\t<\/div>\n\t\t<\/section>\n\t\t\t\t<section class=\"elementor-section elementor-top-section elementor-element elementor-element-8902ca0 elementor-section-boxed elementor-section-height-default elementor-section-height-default\" data-id=\"8902ca0\" data-element_type=\"section\">\n\t\t\t\t\t\t<div class=\"elementor-container elementor-column-gap-default\">\n\t\t\t\t\t<div class=\"elementor-column elementor-col-100 elementor-top-column elementor-element elementor-element-f32a03c\" data-id=\"f32a03c\" data-element_type=\"column\">\n\t\t\t<div class=\"elementor-widget-wrap elementor-element-populated\">\n\t\t\t\t\t\t\t\t<div class=\"elementor-element elementor-element-e3eaeb7 elementor-widget__width-inherit elementor-widget elementor-widget-image\" data-id=\"e3eaeb7\" data-element_type=\"widget\" data-widget_type=\"image.default\">\n\t\t\t\t<div class=\"elementor-widget-container\">\n\t\t\t<style>\/*! elementor - v3.15.0 - 31-07-2023 *\/\n.elementor-widget-image{text-align:center}.elementor-widget-image a{display:inline-block}.elementor-widget-image a img[src$=\".svg\"]{width:48px}.elementor-widget-image img{vertical-align:middle;display:inline-block}<\/style>\t\t\t\t\t\t\t\t\t\t\t\t<img loading=\"lazy\" decoding=\"async\" width=\"1024\" height=\"683\" src=\"https:\/\/www.viesverdes.cat\/wp-content\/uploads\/2018\/11\/OITrailwalker_girona2015-14-1024x683.jpg\" class=\"attachment-large size-large wp-image-8065\" alt=\"\" srcset=\"https:\/\/www.viesverdes.cat\/wp-content\/uploads\/2018\/11\/OITrailwalker_girona2015-14-1024x683.jpg 1024w, https:\/\/www.viesverdes.cat\/wp-content\/uploads\/2018\/11\/OITrailwalker_girona2015-14-300x200.jpg 300w, https:\/\/www.viesverdes.cat\/wp-content\/uploads\/2018\/11\/OITrailwalker_girona2015-14-768x512.jpg 768w, https:\/\/www.viesverdes.cat\/wp-content\/uploads\/2018\/11\/OITrailwalker_girona2015-14.jpg 1900w\" sizes=\"(max-width: 1024px) 100vw, 1024px\" \/>\t\t\t\t\t\t\t\t\t\t\t\t\t\t\t<\/div>\n\t\t\t\t<\/div>\n\t\t\t\t\t<\/div>\n\t\t<\/div>\n\t\t\t\t\t\t\t<\/div>\n\t\t<\/section>\n\t\t\t\t<section class=\"elementor-section elementor-top-section elementor-element elementor-element-2cb24a6 elementor-section-boxed elementor-section-height-default elementor-section-height-default\" data-id=\"2cb24a6\" data-element_type=\"section\">\n\t\t\t\t\t\t<div class=\"elementor-container elementor-column-gap-default\">\n\t\t\t\t\t<div class=\"elementor-column elementor-col-100 elementor-top-column elementor-element elementor-element-5673770\" data-id=\"5673770\" data-element_type=\"column\">\n\t\t\t<div class=\"elementor-widget-wrap elementor-element-populated\">\n\t\t\t\t\t\t\t\t<div class=\"elementor-element elementor-element-4044b83 elementor-widget elementor-widget-heading\" data-id=\"4044b83\" data-element_type=\"widget\" data-widget_type=\"heading.default\">\n\t\t\t\t<div class=\"elementor-widget-container\">\n\t\t\t<style>\/*! elementor - v3.15.0 - 31-07-2023 *\/\n.elementor-heading-title{padding:0;margin:0;line-height:1}.elementor-widget-heading .elementor-heading-title[class*=elementor-size-]>a{color:inherit;font-size:inherit;line-height:inherit}.elementor-widget-heading .elementor-heading-title.elementor-size-small{font-size:15px}.elementor-widget-heading .elementor-heading-title.elementor-size-medium{font-size:19px}.elementor-widget-heading .elementor-heading-title.elementor-size-large{font-size:29px}.elementor-widget-heading .elementor-heading-title.elementor-size-xl{font-size:39px}.elementor-widget-heading .elementor-heading-title.elementor-size-xxl{font-size:59px}<\/style><h2 class=\"elementor-heading-title elementor-size-default\"><br><span style=\"color: rgb(0, 0, 0); font-family: Helvetica_CondensedBold; white-space-collapse: collapse;\">Once again we celebrate th Trailwalker a Vies verdes Girona<\/span><\/h2>\t\t<\/div>\n\t\t\t\t<\/div>\n\t\t\t\t\t<\/div>\n\t\t<\/div>\n\t\t\t\t\t\t\t<\/div>\n\t\t<\/section>\n\t\t\t\t<section class=\"elementor-section elementor-top-section elementor-element elementor-element-85ae8b7 elementor-section-boxed elementor-section-height-default elementor-section-height-default\" data-id=\"85ae8b7\" data-element_type=\"section\">\n\t\t\t\t\t\t<div class=\"elementor-container elementor-column-gap-default\">\n\t\t\t\t\t<div class=\"elementor-column elementor-col-100 elementor-top-column elementor-element elementor-element-33b517e\" data-id=\"33b517e\" data-element_type=\"column\">\n\t\t\t<div class=\"elementor-widget-wrap elementor-element-populated\">\n\t\t\t\t\t\t\t\t<div class=\"elementor-element elementor-element-bdc8a14 elementor-widget elementor-widget-text-editor\" data-id=\"bdc8a14\" data-element_type=\"widget\" data-widget_type=\"text-editor.default\">\n\t\t\t\t<div class=\"elementor-widget-container\">\n\t\t\t<style>\/*! elementor - v3.15.0 - 31-07-2023 *\/\n.elementor-widget-text-editor.elementor-drop-cap-view-stacked .elementor-drop-cap{background-color:#69727d;color:#fff}.elementor-widget-text-editor.elementor-drop-cap-view-framed .elementor-drop-cap{color:#69727d;border:3px solid;background-color:transparent}.elementor-widget-text-editor:not(.elementor-drop-cap-view-default) .elementor-drop-cap{margin-top:8px}.elementor-widget-text-editor:not(.elementor-drop-cap-view-default) .elementor-drop-cap-letter{width:1em;height:1em}.elementor-widget-text-editor .elementor-drop-cap{float:left;text-align:center;line-height:1;font-size:50px}.elementor-widget-text-editor .elementor-drop-cap-letter{display:inline-block}<\/style>\t\t\t\t<div class=\"subtitol-new\" style=\"color: #000000;\">The test with distances of 10, 55 and 100 kilometers will take place next May 6 and 7<\/div><div class=\"resum-new\" style=\"color: #000000;\"><p><strong>The collection will be used for humanitarian emergencies caused by climate change such as floods or droughts.<\/strong><\/p><p>Els propers dies 6 i 7 de maig tindr\u00e0 lloc a les comarques gironines una nova edici\u00f3 de\u00a0<strong>l\u2019Oxfam Interm\u00f3n Trailwalker per les vies verdes de Girona, amb molts ajuntaments implicats a la prova esportiva i solid\u00e0ria m\u00e9s important<\/strong>. La prova \u00e9s un desafiament esportiu en equip (4 persones que marxen o corren i dues persones de suport) que consisteix a rec\u00f3rrer 100 quil\u00f2metres en un m\u00e0xim de 32 hores o 55 quil\u00f2metres en un m\u00e0xim de 16 hores. Les dues proves tindran com a\u00a0<strong>punt d\u2019inici el municipi d\u2019Olot i finalitzen a Girona o Sant Feliu de Gu\u00edxols.<\/strong><\/p><p>Aquest any es consolida, per segon any consecutiu,\u00a0<strong>el recorregut de 10 quil\u00f2metres\u00a0<\/strong>a realitzar en 4 hores per poder gaudir de tota l\u2019experi\u00e8ncia amb la fam\u00edlia, amics o companys de feina per gaudir de la natura alhora que es contribueix al repte de recaptaci\u00f3. La ruta transcorre per la Via Verda de Girona, des de Sta. Cristina d\u2019Aro fins a St. Feliu de Gu\u00edxols. Els equips poden ser de fins a 10 persones i hi poden participar menors d\u2019edat.<\/p><p>Els equips han d\u2019aconseguir per poder participar, 500 euros per a la dist\u00e0ncia de 10 quil\u00f2metres; i de 1.500 per a la prova de 100 i 55 quil\u00f2metres. Amb els fons recaptats, Oxfam Interm\u00f3n atendr\u00e0 emerg\u00e8ncies humanit\u00e0ries causades pel canvi clim\u00e0tic com a inundacions o sequeres. Oxfam Interm\u00f3n millora l\u2019acc\u00e9s a l\u2019aigua segura i condicions adequades d\u2019higiene i sanejament i desenvolupa nous projectes que permetran a les persones m\u00e9s vulnerables adaptar-se als efectes del canvi clim\u00e0tic i poder tenir una vida digna.<\/p><p><strong>Timing i Notes<\/strong><\/p><p>Les dist\u00e0ncies i les sortides s\u2019efectuen des de punts diferenciats i seran les seg\u00fcents:<\/p><ul><li>100 KM: Sortida el dissabte 6 de maig, d\u2019Olot a Sant Feliu de Gu\u00edxols.<\/li><li>55 KM: Sortida el dissabte 6 de maig, d\u2019Olot a Girona.<\/li><li>10 KM: Sortida diumenge 7 de maig, de Santa Cristina d\u2019Aro a Sant Feliu de Gu\u00edxols.<\/li><li>A l\u2019edici\u00f3 del 2022 a Girona hi van participar un total de 209 equips (1.258 participants), dels quals, el 58% eren corporatius.<\/li><li>Tota la informaci\u00f3 detallada a la web de\u00a0<a style=\"text-decoration-line: underline;\" href=\"http:\/\/www.oxfamintermon.org\/\">l\u2019Oxfam Interm\u00f3n Trailwalker<\/a><\/li><li>V\u00eddeos de l\u2019edici\u00f3 de Girona 2022:\u00a0<a style=\"text-decoration-line: underline;\" href=\"https:\/\/www.youtube.com\/watch?v=gk9wHbYLn3o\">https:\/\/www.youtube.com\/watch?v=gk9wHbYLn3oThe test with distances of 10, 55 and 100 kilometers will take place next May 6 and 7<\/a><\/li><\/ul><\/div>\t\t\t\t\t\t<\/div>\n\t\t\t\t<\/div>\n\t\t\t\t\t<\/div>\n\t\t<\/div>\n\t\t\t\t\t\t\t<\/div>\n\t\t<\/section>\n\t\t\t\t\t\t\t<\/div>\n\t\t","protected":false},"excerpt":{"rendered":"<p>Once again we celebrate th Trailwalker a Vies verdes Girona The test with distances of 10, 55 and 100 kilometers will take place next May 6 and 7 The collection will be used for humanitarian emergencies caused by climate change such as floods or droughts. Els propers dies 6 i 7 de maig tindr\u00e0 lloc [&hellip;]<\/p>\n","protected":false},"author":4,"featured_media":0,"parent":0,"menu_order":0,"comment_status":"closed","ping_status":"closed","template":"page-elementor.php","meta":{"_acf_changed":false,"footnotes":""},"acf":[],"yoast_head":"<!-- This site is optimized with the Yoast SEO plugin v22.2 - https:\/\/yoast.com\/wordpress\/plugins\/seo\/ -->\n<title>Elementor #23147 - Ecovies de Girona<\/title>\n<meta name=\"robots\" content=\"index, follow, max-snippet:-1, max-image-preview:large, max-video-preview:-1\" \/>\n<link rel=\"canonical\" href=\"https:\/\/www.viesverdes.cat\/en\/elementor-23147\/\" \/>\n<meta property=\"og:locale\" content=\"en_US\" \/>\n<meta property=\"og:type\" content=\"article\" \/>\n<meta property=\"og:title\" content=\"Elementor #23147 - Ecovies de Girona\" \/>\n<meta property=\"og:description\" content=\"Once again we celebrate th Trailwalker a Vies verdes Girona The test with distances of 10, 55 and 100 kilometers will take place next May 6 and 7 The collection will be used for humanitarian emergencies caused by climate change such as floods or droughts. Els propers dies 6 i 7 de maig tindr\u00e0 lloc [&hellip;]\" \/>\n<meta property=\"og:url\" content=\"https:\/\/www.viesverdes.cat\/en\/elementor-23147\/\" \/>\n<meta property=\"og:site_name\" content=\"Ecovies de Girona\" \/>\n<meta property=\"article:publisher\" content=\"https:\/\/www.facebook.com\/viesverdesgirona\" \/>\n<meta property=\"article:modified_time\" content=\"2023-07-06T09:13:42+00:00\" \/>\n<meta property=\"og:image\" content=\"http:\/\/www.viesverdes.cat\/wp-content\/uploads\/2018\/11\/OITrailwalker_girona2015-14-1024x683.jpg\" \/>\n<meta name=\"twitter:card\" content=\"summary_large_image\" \/>\n<meta name=\"twitter:site\" content=\"@viesverdesgi\" \/>\n<meta name=\"twitter:label1\" content=\"Est. reading time\" \/>\n\t<meta name=\"twitter:data1\" content=\"2 minutes\" \/>\n<script type=\"application\/ld+json\" class=\"yoast-schema-graph\">{\"@context\":\"https:\/\/schema.org\",\"@graph\":[{\"@type\":\"WebPage\",\"@id\":\"https:\/\/www.viesverdes.cat\/en\/elementor-23147\/\",\"url\":\"https:\/\/www.viesverdes.cat\/en\/elementor-23147\/\",\"name\":\"Elementor #23147 - Ecovies de Girona\",\"isPartOf\":{\"@id\":\"https:\/\/www.viesverdes.cat\/#website\"},\"primaryImageOfPage\":{\"@id\":\"https:\/\/www.viesverdes.cat\/en\/elementor-23147\/#primaryimage\"},\"image\":{\"@id\":\"https:\/\/www.viesverdes.cat\/en\/elementor-23147\/#primaryimage\"},\"thumbnailUrl\":\"http:\/\/www.viesverdes.cat\/wp-content\/uploads\/2018\/11\/OITrailwalker_girona2015-14-1024x683.jpg\",\"datePublished\":\"2023-07-06T09:10:53+00:00\",\"dateModified\":\"2023-07-06T09:13:42+00:00\",\"breadcrumb\":{\"@id\":\"https:\/\/www.viesverdes.cat\/en\/elementor-23147\/#breadcrumb\"},\"inLanguage\":\"en-US\",\"potentialAction\":[{\"@type\":\"ReadAction\",\"target\":[\"https:\/\/www.viesverdes.cat\/en\/elementor-23147\/\"]}]},{\"@type\":\"ImageObject\",\"inLanguage\":\"en-US\",\"@id\":\"https:\/\/www.viesverdes.cat\/en\/elementor-23147\/#primaryimage\",\"url\":\"https:\/\/www.viesverdes.cat\/wp-content\/uploads\/2018\/11\/OITrailwalker_girona2015-14.jpg\",\"contentUrl\":\"https:\/\/www.viesverdes.cat\/wp-content\/uploads\/2018\/11\/OITrailwalker_girona2015-14.jpg\",\"width\":1900,\"height\":1267},{\"@type\":\"BreadcrumbList\",\"@id\":\"https:\/\/www.viesverdes.cat\/en\/elementor-23147\/#breadcrumb\",\"itemListElement\":[{\"@type\":\"ListItem\",\"position\":1,\"name\":\"Inici\",\"item\":\"https:\/\/www.viesverdes.cat\/\"},{\"@type\":\"ListItem\",\"position\":2,\"name\":\"Elementor #23147\"}]},{\"@type\":\"WebSite\",\"@id\":\"https:\/\/www.viesverdes.cat\/#website\",\"url\":\"https:\/\/www.viesverdes.cat\/\",\"name\":\"Vies Verdes i Pirinexus\",\"description\":\"\",\"publisher\":{\"@id\":\"https:\/\/www.viesverdes.cat\/#organization\"},\"potentialAction\":[{\"@type\":\"SearchAction\",\"target\":{\"@type\":\"EntryPoint\",\"urlTemplate\":\"https:\/\/www.viesverdes.cat\/?s={search_term_string}\"},\"query-input\":\"required name=search_term_string\"}],\"inLanguage\":\"en-US\"},{\"@type\":\"Organization\",\"@id\":\"https:\/\/www.viesverdes.cat\/#organization\",\"name\":\"Consorci de les Vies Verdes de Girona\",\"url\":\"https:\/\/www.viesverdes.cat\/\",\"logo\":{\"@type\":\"ImageObject\",\"inLanguage\":\"en-US\",\"@id\":\"https:\/\/www.viesverdes.cat\/#\/schema\/logo\/image\/\",\"url\":\"https:\/\/www.viesverdes.cat\/wp-content\/uploads\/2023\/04\/Logo-Consorci-Vies-Verdes-color-1-e1682501524240.png\",\"contentUrl\":\"https:\/\/www.viesverdes.cat\/wp-content\/uploads\/2023\/04\/Logo-Consorci-Vies-Verdes-color-1-e1682501524240.png\",\"width\":350,\"height\":41,\"caption\":\"Consorci de les Vies Verdes de Girona\"},\"image\":{\"@id\":\"https:\/\/www.viesverdes.cat\/#\/schema\/logo\/image\/\"},\"sameAs\":[\"https:\/\/www.facebook.com\/viesverdesgirona\",\"https:\/\/twitter.com\/viesverdesgi\",\"https:\/\/www.youtube.com\/viesverdesgi\",\"https:\/\/www.instagram.com\/viesverdesgi\/\"]}]}<\/script>\n<!-- \/ Yoast SEO plugin. -->","yoast_head_json":{"title":"Elementor #23147 - Ecovies de Girona","robots":{"index":"index","follow":"follow","max-snippet":"max-snippet:-1","max-image-preview":"max-image-preview:large","max-video-preview":"max-video-preview:-1"},"canonical":"https:\/\/www.viesverdes.cat\/en\/elementor-23147\/","og_locale":"en_US","og_type":"article","og_title":"Elementor #23147 - Ecovies de Girona","og_description":"Once again we celebrate th Trailwalker a Vies verdes Girona The test with distances of 10, 55 and 100 kilometers will take place next May 6 and 7 The collection will be used for humanitarian emergencies caused by climate change such as floods or droughts. Els propers dies 6 i 7 de maig tindr\u00e0 lloc [&hellip;]","og_url":"https:\/\/www.viesverdes.cat\/en\/elementor-23147\/","og_site_name":"Ecovies de Girona","article_publisher":"https:\/\/www.facebook.com\/viesverdesgirona","article_modified_time":"2023-07-06T09:13:42+00:00","og_image":[{"url":"http:\/\/www.viesverdes.cat\/wp-content\/uploads\/2018\/11\/OITrailwalker_girona2015-14-1024x683.jpg"}],"twitter_card":"summary_large_image","twitter_site":"@viesverdesgi","twitter_misc":{"Est. reading time":"2 minutes"},"schema":{"@context":"https:\/\/schema.org","@graph":[{"@type":"WebPage","@id":"https:\/\/www.viesverdes.cat\/en\/elementor-23147\/","url":"https:\/\/www.viesverdes.cat\/en\/elementor-23147\/","name":"Elementor #23147 - Ecovies de Girona","isPartOf":{"@id":"https:\/\/www.viesverdes.cat\/#website"},"primaryImageOfPage":{"@id":"https:\/\/www.viesverdes.cat\/en\/elementor-23147\/#primaryimage"},"image":{"@id":"https:\/\/www.viesverdes.cat\/en\/elementor-23147\/#primaryimage"},"thumbnailUrl":"http:\/\/www.viesverdes.cat\/wp-content\/uploads\/2018\/11\/OITrailwalker_girona2015-14-1024x683.jpg","datePublished":"2023-07-06T09:10:53+00:00","dateModified":"2023-07-06T09:13:42+00:00","breadcrumb":{"@id":"https:\/\/www.viesverdes.cat\/en\/elementor-23147\/#breadcrumb"},"inLanguage":"en-US","potentialAction":[{"@type":"ReadAction","target":["https:\/\/www.viesverdes.cat\/en\/elementor-23147\/"]}]},{"@type":"ImageObject","inLanguage":"en-US","@id":"https:\/\/www.viesverdes.cat\/en\/elementor-23147\/#primaryimage","url":"https:\/\/www.viesverdes.cat\/wp-content\/uploads\/2018\/11\/OITrailwalker_girona2015-14.jpg","contentUrl":"https:\/\/www.viesverdes.cat\/wp-content\/uploads\/2018\/11\/OITrailwalker_girona2015-14.jpg","width":1900,"height":1267},{"@type":"BreadcrumbList","@id":"https:\/\/www.viesverdes.cat\/en\/elementor-23147\/#breadcrumb","itemListElement":[{"@type":"ListItem","position":1,"name":"Inici","item":"https:\/\/www.viesverdes.cat\/"},{"@type":"ListItem","position":2,"name":"Elementor #23147"}]},{"@type":"WebSite","@id":"https:\/\/www.viesverdes.cat\/#website","url":"https:\/\/www.viesverdes.cat\/","name":"Vies Verdes i Pirinexus","description":"","publisher":{"@id":"https:\/\/www.viesverdes.cat\/#organization"},"potentialAction":[{"@type":"SearchAction","target":{"@type":"EntryPoint","urlTemplate":"https:\/\/www.viesverdes.cat\/?s={search_term_string}"},"query-input":"required name=search_term_string"}],"inLanguage":"en-US"},{"@type":"Organization","@id":"https:\/\/www.viesverdes.cat\/#organization","name":"Consorci de les Vies Verdes de Girona","url":"https:\/\/www.viesverdes.cat\/","logo":{"@type":"ImageObject","inLanguage":"en-US","@id":"https:\/\/www.viesverdes.cat\/#\/schema\/logo\/image\/","url":"https:\/\/www.viesverdes.cat\/wp-content\/uploads\/2023\/04\/Logo-Consorci-Vies-Verdes-color-1-e1682501524240.png","contentUrl":"https:\/\/www.viesverdes.cat\/wp-content\/uploads\/2023\/04\/Logo-Consorci-Vies-Verdes-color-1-e1682501524240.png","width":350,"height":41,"caption":"Consorci de les Vies Verdes de Girona"},"image":{"@id":"https:\/\/www.viesverdes.cat\/#\/schema\/logo\/image\/"},"sameAs":["https:\/\/www.facebook.com\/viesverdesgirona","https:\/\/twitter.com\/viesverdesgi","https:\/\/www.youtube.com\/viesverdesgi","https:\/\/www.instagram.com\/viesverdesgi\/"]}]}},"_links":{"self":[{"href":"https:\/\/www.viesverdes.cat\/en\/wp-json\/wp\/v2\/pages\/23147"}],"collection":[{"href":"https:\/\/www.viesverdes.cat\/en\/wp-json\/wp\/v2\/pages"}],"about":[{"href":"https:\/\/www.viesverdes.cat\/en\/wp-json\/wp\/v2\/types\/page"}],"author":[{"embeddable":true,"href":"https:\/\/www.viesverdes.cat\/en\/wp-json\/wp\/v2\/users\/4"}],"replies":[{"embeddable":true,"href":"https:\/\/www.viesverdes.cat\/en\/wp-json\/wp\/v2\/comments?post=23147"}],"version-history":[{"count":3,"href":"https:\/\/www.viesverdes.cat\/en\/wp-json\/wp\/v2\/pages\/23147\/revisions"}],"predecessor-version":[{"id":23150,"href":"https:\/\/www.viesverdes.cat\/en\/wp-json\/wp\/v2\/pages\/23147\/revisions\/23150"}],"wp:attachment":[{"href":"https:\/\/www.viesverdes.cat\/en\/wp-json\/wp\/v2\/media?parent=23147"}],"curies":[{"name":"wp","href":"https:\/\/api.w.org\/{rel}","templated":true}]}}