{"id":19317,"date":"2022-05-13T09:53:21","date_gmt":"2022-05-13T07:53:21","guid":{"rendered":"https:\/\/www.viesverdes.cat\/rutes_vies_verdes\/etapa-pirinexus-litoral\/"},"modified":"2026-01-16T10:28:27","modified_gmt":"2026-01-16T09:28:27","slug":"etapa-pirinexus-litoral","status":"publish","type":"rutes_vies_verdes","link":"https:\/\/www.viesverdes.cat\/en\/rutes_vies_verdes\/etapa-pirinexus-litoral\/","title":{"rendered":"Pirinexus Litoral Route"},"featured_media":0,"menu_order":0,"template":"","meta":{"_acf_changed":false},"acf":{"estil_del_titol":"ubuntu-bold","fixa_portada":"","tipus_de_ruta":"2","zona":"costa_brava","tipus_de_ruta_interna":"via_verda","tipus_de_secret":"","transport_del_secret":"","recorregut":"Figueres - Perpiny\u00e0","imatge_destacada":21367,"alt_imatge_destacada":"Pirinexus litoral route Bicitranscat","imatge_interior_ruta":21420,"alt_imatge_interior_ruta":"Pirinexus litoral route Bicitranscat","resum":"<strong>(PAGE UNDER CONSTRUCTION)<\/strong>\r\n\r\nThe <strong>Pirinexus Litoral<\/strong> route is a cycling route for sustainable mobility that crosses the landscapes of the Girona coastline and connects with Roussillon. It is an intermodal route that combines sections that can be cycled with others that can be travelled by public transport (train or bus). It connects with the EuroVelo8 route and links up with Pirinexus, the major route through the counties of Girona. Its connection with public transport facilitates a sustainable link with the main tourist destinations.","descripcio":"The route starts at the train station in <strong>Figueres<\/strong>, the capital of the Alt Empord\u00e0 region. We can visit the city's five museums, including the Dal\u00ed Theatre-Museum; Sant Ferran Castle, which is the largest modern fortress in Europe, and the Rambla, which is often the setting for fairs and festivals.\r\n\r\nThe Muga nature trail takes us to <strong>Castell\u00f3 d'Emp\u00faries<\/strong>, a town that still retains its mediaeval character. From Castell\u00f3 d'Emp\u00faries we can continue along the Muga Nature Trail greenway and cross Aiguamolls Natural Park, which covers an area of 4,729 hectares and has nine different itineraries (two of which are suitable for bikes). This is one of the most important wetlands in Catalonia, where you can see a wide variety of animal species and vegetation.\r\n\r\nWe continue across the wooden bridge over the Muga River until we reach <strong>Empuriabrava<\/strong>. This unique urbanisation has around twenty-four kilometres of navigable canals. Continuing along the main route, we come to an ecological plain, the wetlands of the Empord\u00e0, which provides a refuge for a large number of fauna, but which is also a good area for cultivating rice and other crops.\r\n\r\nIf we follow the signs for an additional route, we get to <strong>Roses<\/strong>, a fishing village that bears the traces of various civilisations from the last twenty-five centuries.\r\n\r\nFollowing this trail, we pass through the municipality of <strong>Pau<\/strong>, until we reach <strong>Vilaju\u00efga<\/strong> train station, where we can take the train (Llan\u00e7\u00e0-Colera-Portbou line) and follow the modal interchange route to <strong>Collioure<\/strong>. One of the main attractions of this area is the royal castle of Collioure (673 AD). The picturesque town has been a source of inspiration for many world-famous artists. Painters such as Matisse, Derain, Gris, Braque, Picasso, Dufy and Dal\u00ed came here to paint, while the poet Antonio Machado and the novelist Patrick O'Brian are buried within its confines.\r\n\r\nWe cycle along the EuroVelo8 route to <strong>Argelers<\/strong>, to reach <strong>Perpignan <\/strong>and discover the jewels of this beautiful Catalan city, capital of the kingdom of Majorca in the 14th century, of Roussillon and the Eastern Pyrenees today, and listed as a Grand Espace Occitania.\r\n\r\n&nbsp;\r\n\r\n<strong>ABOUT THE BICITRANSCAT PROJECT<\/strong>\r\n\r\n<em>BiciTransCat is the new cross-border sustainable mobility coastal axis, connecting the north-east of Girona with France and boosting transport mode exchange.\u00a0 On 17 August, 2016, the <\/em><a href=\"https:\/\/ec.europa.eu\/regional_policy\/es\/\"><em>European Commission <\/em><\/a><em>approved version 2.2 of the INTERREG V-En Spain-France-Andorra Programme (POCTEFA 2014-2020). The overall aim of the programme is to promote and strengthen the economic and social integration of the cross-border area through cooperation. To achieve this, it focuses on supporting and co-financing cooperation projects in the target region carried out by French, Spanish and Andorran partners.<\/em>\r\n\r\n<em>The INTERREG V-En Spain-France-Andorra Programme (POCTEFA 2014-2020) is funded by the European Union with a total budget of 178 million euros from the European Regional Development Fund (ERDF, without technical assistance).\u00a0 On 4 November, 2016, the POCTEFA Monitoring Committee approved the official text of the second call of the INTERREG V-En Spain-France-Andorra Programme (POCTEFA 2014-2020).<\/em>\r\n\r\n<em>On May 31, 2017, in the second call for POCTEFA projects, the Girona Greenways Consortium, together with its four partners Ajuntament de Figueres, Conseil D\u00e9partemental des Pyr\u00e9n\u00e9es-Orientales, Consell Comarcal de l'Alt Empord\u00e0 and Communaut\u00e9 Urbaine Perpiny\u00e0 M\u00e9diterran\u00e9e, presented\u00a0 the project \"EFA156 \/ 16 BICITRANSCAT: Development of new cycle routes and cross-border multimodal links for the promotion of sustainable mobility.\"<\/em>","quil\u00f2metres":"45 km","ruta_accessible":false,"descripcio_accessibilitat":"Sense pendents notables i sempre dins el marge normatiu de pendent m\u00e0xima del 8%.","desnivell":"Accessible. Mainly flat with no noticeable slopes.","dificultat":"minima","paviment":"Saul\u00f3 pavement, compacted natural terrain, concrete pavement, asphalt","altitud_minima":"0 m","alitud_maxima":"38 m","serveis":false,"ruta_descarregar":29819,"link_wikiloc":"https:\/\/loc.wiki\/t\/247217315?wa=sc","wikiloc":"<iframe frameBorder=\"0\" scrolling=\"no\" src=\"https:\/\/es.wikiloc.com\/wikiloc\/embedv2.do?id=247217315&elevation=off&images=off&maptype=H\" width=\"600\" height=\"400\"><\/iframe>","link_instamaps":"https:\/\/www.instamaps.cat\/visor.html?businessid=2f61d543668fa1455c1edea6ab36430c&3D=false","instamaps":"<iframe width=\"500\" height=\"400\" frameborder=\"0\" scrolling=\"no\" marginheight=\"0\" marginwidth=\"0\" src=\"https:\/\/www.instamaps.cat\/visor.html?businessid=d0fe6f0de1b57846e54ade27332769d7&3D=false&embed=1\"><\/iframe>","imatges":[{"field_5a0ac809e9d6b":"21367","field_5aeab2f23b7bd":"Pirinexus Litoral Figueres","field_5a0ac87de9d6c":""},{"field_5a0ac809e9d6b":"21375","field_5aeab2f23b7bd":"Pirinexus Litoral Figueres to Roses","field_5a0ac87de9d6c":""},{"field_5a0ac809e9d6b":"21379","field_5aeab2f23b7bd":"Pirinexus litoral Empuriabrava to Roses","field_5a0ac87de9d6c":""},{"field_5a0ac809e9d6b":"21383","field_5aeab2f23b7bd":"Pirinexus Litoral Perpignan train station","field_5a0ac87de9d6c":""},{"field_5a0ac809e9d6b":"21387","field_5aeab2f23b7bd":"Pirinexus Litoral Perpignan train station","field_5a0ac87de9d6c":""},{"field_5a0ac809e9d6b":"21391","field_5aeab2f23b7bd":"Pirinexus Litoral Perpignan train station","field_5a0ac87de9d6c":""},{"field_5a0ac809e9d6b":"21395","field_5aeab2f23b7bd":"Pirinexus Litoral vineyards","field_5a0ac87de9d6c":""},{"field_5a0ac809e9d6b":"21399","field_5aeab2f23b7bd":"Pirinexus Litoral Figueres Dal\u00ed Museum","field_5a0ac87de9d6c":""},{"field_5a0ac809e9d6b":"21403","field_5aeab2f23b7bd":"Pirinexus Litoral Figueres","field_5a0ac87de9d6c":""},{"field_5a0ac809e9d6b":"21407","field_5aeab2f23b7bd":"Pirinexus Litoral Figueres bus station","field_5a0ac87de9d6c":""},{"field_5a0ac809e9d6b":"21412","field_5aeab2f23b7bd":"Pirinexus Litoral Figueres","field_5a0ac87de9d6c":""},{"field_5a0ac809e9d6b":"21416","field_5aeab2f23b7bd":"Pirinexus Litoral Empord\u00e0 Wetlands","field_5a0ac87de9d6c":""}],"mapa_ruta":"","alt_mapa_ruta":"Pirinexus Litoral Bicitranscat map","mapa_geografic":20402,"alt_mapa_geografic":"pirinexus litoral bicitranscat map","mapa_pobles_ruta":21043,"alt_mapa_pobles_ruta":"pirinexus litoral bicitranscat map","mapa_desnivell_":20594,"alt_mapa_desnivell":"pirinexus litoral bicitranscat slope map","com_arribar_hi_trens":[{"field_5a44f892b4a82":"RENFE FIGUERES STATION","field_5a44f8aeb4a83":"Pl. de l\u2019Estaci\u00f3, s\/n\r\n\r\n17600 Figueres (L\u2019Alt Empord\u00e0)\r\n\r\nTel.\u00a0972 504 661\r\n\r\n<a href=\"http:\/\/rodalies.gencat.cat\/ca\/inici\/\">http:\/\/rodalies.gencat.cat\/ca\/inici\/<\/a>"},{"field_5a44f892b4a82":"RENFE LLAN\u00c7\u00c0 STATION","field_5a44f8aeb4a83":"Pl. de l\u2019Estaci\u00f3, s\/n\r\n\r\n17490 Llan\u00e7\u00e0 (Alt Empord\u00e0)\r\n\r\nTel. 972 380 255\r\n\r\n<a href=\"http:\/\/rodalies.gencat.cat\/ca\/inici\/\">http:\/\/rodalies.gencat.cat\/ca\/inici\/<\/a>"},{"field_5a44f892b4a82":"RENFE COLERA STATION","field_5a44f8aeb4a83":"Tel.\u00a0972 504 661\r\n\r\n<a href=\"http:\/\/rodalies.gencat.cat\/ca\/inici\/\">http:\/\/rodalies.gencat.cat\/ca\/inici\/<\/a>"},{"field_5a44f892b4a82":"RENFE PORTBOU STATION","field_5a44f8aeb4a83":"C. Claudi Planas, s\/n\r\n\r\n17497 Portbou (Alt Empord\u00e0)\r\n\r\nTel. 902 240 202\r\n\r\n<a href=\"http:\/\/rodalies.gencat.cat\/ca\/inici\/\">http:\/\/rodalies.gencat.cat\/ca\/inici\/<\/a>"},{"field_5a44f892b4a82":"RENFE-SNCF PERPINY\u00c0 STATION","field_5a44f8aeb4a83":"Gal Salvador Dal\u00ec\r\n\r\n66000 Perpiny\u00e0, Fran\u00e7a\r\n\r\nTel.\u00a0972 504 661\r\n\r\n<a href=\"https:\/\/www.renfe-sncf.com\/rw-es\/Paginas\/Home.aspx\">https:\/\/www.renfe-sncf.com\/rw-es\/Paginas\/Home.aspx<\/a>"}],"com_arribar_hi_autobusos":[{"field_5a44f8ccb4a8b":"SARFA","field_5a44f8ccb4a8c":"Tel. 902 302 025\r\n<a href=\"http:\/\/www.sarfa.com\/\">www.sarfa.com<\/a>"},{"field_5a44f8ccb4a8b":"TEISA","field_5a44f8ccb4a8c":"Tel. 972 204 868\r\n<a href=\"http:\/\/www.teisa-bus.com\/\">www.teisa-bus.com<\/a>"}],"com_arribar_hi_cotxes":false,"com_arribar_hi_aeroport":[{"field_5a44f8c9b4a85":"GIRONA-COSTA BRAVA AIRPORT","field_5a44f8c9b4a86":"Tourism office: tel. 972 186 708\r\nFlight information: tel. 972 186 600\r\not.aerogirona.ctc@gencat.net\r\n<a href=\"http:\/\/www.aena.es\/\">www.aena.es<\/a>"}],"oficines_turisme":[{"field_5a65c67da6e47":"684"},{"field_5a65c67da6e47":"688"},{"field_5a65c67da6e47":"697"},{"field_5a65c67da6e47":"18033"},{"field_5a65c67da6e47":"18039"},{"field_5a65c67da6e47":"18046"},{"field_5a65c67da6e47":"18054"}],"ajuntaments":[{"field_5da440d0aa48a":"18060"},{"field_5da440d0aa48a":"18066"},{"field_5da440d0aa48a":"18072"},{"field_5da440d0aa48a":"18079"},{"field_5da440d0aa48a":"18086"},{"field_5da440d0aa48a":"18094"},{"field_5da440d0aa48a":"18100"},{"field_5da440d0aa48a":"18106"},{"field_5da440d0aa48a":"18112"},{"field_5da440d0aa48a":"18119"}],"que_visitar":[{"field_5daeb9a2f19c1":"8481"},{"field_5daeb9a2f19c1":"8939"},{"field_5daeb9a2f19c1":"8492"},{"field_5daeb9a2f19c1":"8963"},{"field_5daeb9a2f19c1":"18331"},{"field_5daeb9a2f19c1":"8860"},{"field_5daeb9a2f19c1":"8915"},{"field_5daeb9a2f19c1":"18321"}],"allotjaments":false,"gastronomia":false,"agencies_viatges":[{"field_5daeba58f19c7":"19296"},{"field_5daeba58f19c7":"2286"}],"lloguers_transfers":[{"field_5daebbb8f19c9":"4223"},{"field_5daebbb8f19c9":"4240"},{"field_5daebbb8f19c9":"12510"}],"altres_serveis":false,"rutes_vinculades":[{"field_5daebd929c80f":"600"},{"field_5daebd929c80f":"585"},{"field_5daebd929c80f":"588"}],"tracks_rutes":false},"yoast_head":"<!-- This site is optimized with the Yoast SEO plugin v22.2 - https:\/\/yoast.com\/wordpress\/plugins\/seo\/ -->\n<title>Pirinexus Litoral Route - Ecovies de Girona<\/title>\n<meta name=\"robots\" content=\"index, follow, max-snippet:-1, max-image-preview:large, max-video-preview:-1\" \/>\n<link rel=\"canonical\" href=\"https:\/\/www.viesverdes.cat\/en\/rutes_vies_verdes\/etapa-pirinexus-litoral\/\" \/>\n<meta property=\"og:locale\" content=\"en_US\" \/>\n<meta property=\"og:type\" content=\"article\" \/>\n<meta property=\"og:title\" content=\"Pirinexus Litoral Route - Ecovies de Girona\" \/>\n<meta property=\"og:url\" content=\"https:\/\/www.viesverdes.cat\/en\/rutes_vies_verdes\/etapa-pirinexus-litoral\/\" \/>\n<meta property=\"og:site_name\" content=\"Ecovies de Girona\" \/>\n<meta property=\"article:publisher\" content=\"https:\/\/www.facebook.com\/viesverdesgirona\" \/>\n<meta property=\"article:modified_time\" content=\"2026-01-16T09:28:27+00:00\" \/>\n<meta name=\"twitter:card\" content=\"summary_large_image\" \/>\n<meta name=\"twitter:site\" content=\"@viesverdesgi\" \/>\n<script type=\"application\/ld+json\" class=\"yoast-schema-graph\">{\"@context\":\"https:\/\/schema.org\",\"@graph\":[{\"@type\":\"WebPage\",\"@id\":\"https:\/\/www.viesverdes.cat\/en\/rutes_vies_verdes\/etapa-pirinexus-litoral\/\",\"url\":\"https:\/\/www.viesverdes.cat\/en\/rutes_vies_verdes\/etapa-pirinexus-litoral\/\",\"name\":\"Pirinexus Litoral Route - Ecovies de Girona\",\"isPartOf\":{\"@id\":\"https:\/\/www.viesverdes.cat\/#website\"},\"datePublished\":\"2022-05-13T07:53:21+00:00\",\"dateModified\":\"2026-01-16T09:28:27+00:00\",\"breadcrumb\":{\"@id\":\"https:\/\/www.viesverdes.cat\/en\/rutes_vies_verdes\/etapa-pirinexus-litoral\/#breadcrumb\"},\"inLanguage\":\"en-US\",\"potentialAction\":[{\"@type\":\"ReadAction\",\"target\":[\"https:\/\/www.viesverdes.cat\/en\/rutes_vies_verdes\/etapa-pirinexus-litoral\/\"]}]},{\"@type\":\"BreadcrumbList\",\"@id\":\"https:\/\/www.viesverdes.cat\/en\/rutes_vies_verdes\/etapa-pirinexus-litoral\/#breadcrumb\",\"itemListElement\":[{\"@type\":\"ListItem\",\"position\":1,\"name\":\"Inici\",\"item\":\"https:\/\/www.viesverdes.cat\/\"},{\"@type\":\"ListItem\",\"position\":2,\"name\":\"Pirinexus Litoral Route\"}]},{\"@type\":\"WebSite\",\"@id\":\"https:\/\/www.viesverdes.cat\/#website\",\"url\":\"https:\/\/www.viesverdes.cat\/\",\"name\":\"Vies Verdes i Pirinexus\",\"description\":\"\",\"publisher\":{\"@id\":\"https:\/\/www.viesverdes.cat\/#organization\"},\"potentialAction\":[{\"@type\":\"SearchAction\",\"target\":{\"@type\":\"EntryPoint\",\"urlTemplate\":\"https:\/\/www.viesverdes.cat\/?s={search_term_string}\"},\"query-input\":\"required name=search_term_string\"}],\"inLanguage\":\"en-US\"},{\"@type\":\"Organization\",\"@id\":\"https:\/\/www.viesverdes.cat\/#organization\",\"name\":\"Consorci de les Vies Verdes de Girona\",\"url\":\"https:\/\/www.viesverdes.cat\/\",\"logo\":{\"@type\":\"ImageObject\",\"inLanguage\":\"en-US\",\"@id\":\"https:\/\/www.viesverdes.cat\/#\/schema\/logo\/image\/\",\"url\":\"https:\/\/www.viesverdes.cat\/wp-content\/uploads\/2023\/04\/Logo-Consorci-Vies-Verdes-color-1-e1682501524240.png\",\"contentUrl\":\"https:\/\/www.viesverdes.cat\/wp-content\/uploads\/2023\/04\/Logo-Consorci-Vies-Verdes-color-1-e1682501524240.png\",\"width\":350,\"height\":41,\"caption\":\"Consorci de les Vies Verdes de Girona\"},\"image\":{\"@id\":\"https:\/\/www.viesverdes.cat\/#\/schema\/logo\/image\/\"},\"sameAs\":[\"https:\/\/www.facebook.com\/viesverdesgirona\",\"https:\/\/twitter.com\/viesverdesgi\",\"https:\/\/www.youtube.com\/viesverdesgi\",\"https:\/\/www.instagram.com\/viesverdesgi\/\"]}]}<\/script>\n<!-- \/ Yoast SEO plugin. -->","yoast_head_json":{"title":"Pirinexus Litoral Route - Ecovies de Girona","robots":{"index":"index","follow":"follow","max-snippet":"max-snippet:-1","max-image-preview":"max-image-preview:large","max-video-preview":"max-video-preview:-1"},"canonical":"https:\/\/www.viesverdes.cat\/en\/rutes_vies_verdes\/etapa-pirinexus-litoral\/","og_locale":"en_US","og_type":"article","og_title":"Pirinexus Litoral Route - Ecovies de Girona","og_url":"https:\/\/www.viesverdes.cat\/en\/rutes_vies_verdes\/etapa-pirinexus-litoral\/","og_site_name":"Ecovies de Girona","article_publisher":"https:\/\/www.facebook.com\/viesverdesgirona","article_modified_time":"2026-01-16T09:28:27+00:00","twitter_card":"summary_large_image","twitter_site":"@viesverdesgi","schema":{"@context":"https:\/\/schema.org","@graph":[{"@type":"WebPage","@id":"https:\/\/www.viesverdes.cat\/en\/rutes_vies_verdes\/etapa-pirinexus-litoral\/","url":"https:\/\/www.viesverdes.cat\/en\/rutes_vies_verdes\/etapa-pirinexus-litoral\/","name":"Pirinexus Litoral Route - Ecovies de Girona","isPartOf":{"@id":"https:\/\/www.viesverdes.cat\/#website"},"datePublished":"2022-05-13T07:53:21+00:00","dateModified":"2026-01-16T09:28:27+00:00","breadcrumb":{"@id":"https:\/\/www.viesverdes.cat\/en\/rutes_vies_verdes\/etapa-pirinexus-litoral\/#breadcrumb"},"inLanguage":"en-US","potentialAction":[{"@type":"ReadAction","target":["https:\/\/www.viesverdes.cat\/en\/rutes_vies_verdes\/etapa-pirinexus-litoral\/"]}]},{"@type":"BreadcrumbList","@id":"https:\/\/www.viesverdes.cat\/en\/rutes_vies_verdes\/etapa-pirinexus-litoral\/#breadcrumb","itemListElement":[{"@type":"ListItem","position":1,"name":"Inici","item":"https:\/\/www.viesverdes.cat\/"},{"@type":"ListItem","position":2,"name":"Pirinexus Litoral Route"}]},{"@type":"WebSite","@id":"https:\/\/www.viesverdes.cat\/#website","url":"https:\/\/www.viesverdes.cat\/","name":"Vies Verdes i Pirinexus","description":"","publisher":{"@id":"https:\/\/www.viesverdes.cat\/#organization"},"potentialAction":[{"@type":"SearchAction","target":{"@type":"EntryPoint","urlTemplate":"https:\/\/www.viesverdes.cat\/?s={search_term_string}"},"query-input":"required name=search_term_string"}],"inLanguage":"en-US"},{"@type":"Organization","@id":"https:\/\/www.viesverdes.cat\/#organization","name":"Consorci de les Vies Verdes de Girona","url":"https:\/\/www.viesverdes.cat\/","logo":{"@type":"ImageObject","inLanguage":"en-US","@id":"https:\/\/www.viesverdes.cat\/#\/schema\/logo\/image\/","url":"https:\/\/www.viesverdes.cat\/wp-content\/uploads\/2023\/04\/Logo-Consorci-Vies-Verdes-color-1-e1682501524240.png","contentUrl":"https:\/\/www.viesverdes.cat\/wp-content\/uploads\/2023\/04\/Logo-Consorci-Vies-Verdes-color-1-e1682501524240.png","width":350,"height":41,"caption":"Consorci de les Vies Verdes de Girona"},"image":{"@id":"https:\/\/www.viesverdes.cat\/#\/schema\/logo\/image\/"},"sameAs":["https:\/\/www.facebook.com\/viesverdesgirona","https:\/\/twitter.com\/viesverdesgi","https:\/\/www.youtube.com\/viesverdesgi","https:\/\/www.instagram.com\/viesverdesgi\/"]}]}},"_links":{"self":[{"href":"https:\/\/www.viesverdes.cat\/en\/wp-json\/wp\/v2\/rutes_vies_verdes\/19317"}],"collection":[{"href":"https:\/\/www.viesverdes.cat\/en\/wp-json\/wp\/v2\/rutes_vies_verdes"}],"about":[{"href":"https:\/\/www.viesverdes.cat\/en\/wp-json\/wp\/v2\/types\/rutes_vies_verdes"}],"version-history":[{"count":9,"href":"https:\/\/www.viesverdes.cat\/en\/wp-json\/wp\/v2\/rutes_vies_verdes\/19317\/revisions"}],"predecessor-version":[{"id":29828,"href":"https:\/\/www.viesverdes.cat\/en\/wp-json\/wp\/v2\/rutes_vies_verdes\/19317\/revisions\/29828"}],"wp:attachment":[{"href":"https:\/\/www.viesverdes.cat\/en\/wp-json\/wp\/v2\/media?parent=19317"}],"curies":[{"name":"wp","href":"https:\/\/api.w.org\/{rel}","templated":true}]}}