{"id":21433,"date":"2023-02-22T09:06:10","date_gmt":"2023-02-22T08:06:10","guid":{"rendered":"https:\/\/www.viesverdes.cat\/rutes_vies_verdes\/ruta-circular-girones-sud-37-km\/"},"modified":"2024-01-09T09:41:06","modified_gmt":"2024-01-09T08:41:06","slug":"ruta-circular-girones-sud-37-km","status":"publish","type":"rutes_vies_verdes","link":"https:\/\/www.viesverdes.cat\/en\/rutes_vies_verdes\/ruta-circular-girones-sud-37-km\/","title":{"rendered":"Giron\u00e8s Sud Circular Route (37 km)"},"featured_media":0,"menu_order":0,"template":"","meta":{"_acf_changed":false},"acf":{"estil_del_titol":"ubuntu-bold","fixa_portada":["1"],"tipus_de_ruta":"5","zona":"interior","tipus_de_ruta_interna":"via_verda","tipus_de_secret":"","transport_del_secret":"peu o bicicleta","recorregut":"Girona - Quart - Llambilles - Cass\u00e0 de la Selva - Sant Andreu Salou - Fornells de la Selva - Girona","imatge_destacada":21582,"alt_imatge_destacada":"","imatge_interior_ruta":21211,"alt_imatge_interior_ruta":"Mapa ruta circular giron\u00e8s sud 37 km","resum":"Combining the Carrilet II greenway and the new greenway along the Giron\u00e8s Sud plain, you can enjoy a 37 km circular route starting from the Carrilet station in Girona, passing through Cass\u00e0 de la Selva and Fornells de la Selva.\r\n\r\nAlong the 37 km route, you will discover the city of Girona and its surroundings, passing through charming villages connected to the natural and rural landscape. Halfway through the route, you will find Cass\u00e0 de la Selva, where we recommend a stop to see the remains of its cork-making past (an industry that originated in Cass\u00e0 de la Selva in the 18th century) and then continue the route from the Carrilet train station.\r\n\r\nThis intercity route combines several types of cycle paths: a greenway shared with pedestrians, a two-way cycle path, a protected cycle lane in an interurban area and a street in a 30 km\/h zone.","descripcio":"<strong>DIRECTIONS<\/strong>\r\n\r\nThis is a circular route that starts and ends in the city of Girona. Leaving Girona train station, you should head towards Emili Grahit street, crossing Central Park along the cycle lanes. At the end of Emili Grahit street, you will find the start of the Carrilet II route. You will have to follow the Carrilet route until you reach Cass\u00e0 de la Selva (15 km), cross the centre of the town and about 3 kilometres further on you will find the turn-off for the Thermal route. After a couple of kilometres on this route, you will find the turn-off for the Pla del Giron\u00e8s Sud route, which goes in the direction of Sant Andreu Salou.\u00a0 Following the route, you will have to cross the towns of Sant Andreu Salou, Campllong and Fornells de la Selva The route is signposted until Fornells de la Selva. From this point, you must make the connection with the Girona route from the entrance to the city, in the Creu de Palau area, to the starting point of the route, following the streets and urban cycle lanes of the city of Girona.\r\n\r\nWe recommend following the route with the GPS track, as it is a combination of different existing routes.","quil\u00f2metres":"37,5 km","ruta_accessible":false,"descripcio_accessibilitat":"","desnivell":"2 %","dificultat":"mitjana","paviment":"Tot-\u00fa road, asphalt","altitud_minima":"73 m","alitud_maxima":"143 m","serveis":[{"field_5a0ac768e9d67":"Bicycle rental (cycling, Biker Centre, eBici) "},{"field_5a0ac768e9d67":"Motorhome parking (Girona) "}],"ruta_descarregar":21076,"link_wikiloc":"https:\/\/es.wikiloc.com\/rutas-cicloturismo\/ruta-circular-girona-carrilet-pla-girones-sud-113715848#comments","wikiloc":"<iframe frameBorder=\"0\" scrolling=\"no\" src=\"https:\/\/es.wikiloc.com\/wikiloc\/spatialArtifacts.do?event=view&id=113715848&measures=off&title=off&near=off&images=off&maptype=H\" width=\"500\" height=\"400\"><\/iframe><div style=\"color:#777;font-size:11px;line-height:16px;\">","link_instamaps":"https:\/\/www.instamaps.cat\/instavisor\/bfb90172fa433dfddc14da498a4d8683\/Ruta_Circular_Girona_-_Carrilet_-_Pla_Girones_Sud.html","instamaps":"<div style=\"height: 75vh; width: 90%; margin: auto;\"><iframe width=\"100%\" height=\"100%\" frameborder=\"0\" scrolling=\"no\" marginheight=\"0\" marginwidth=\"0\" src=\"https:\/\/www.instamaps.cat\/instavisor\/bfb90172fa433dfddc14da498a4d8683\/Ruta_Circular_Girona_-_Carrilet_-_Pla_Girones_Sud.html&embed=1\" ><\/iframe><\/div>","imatges":[{"field_5a0ac809e9d6b":"21093","field_5aeab2f23b7bd":"Giron\u00e8s Sud circular greenway 37 km","field_5a0ac87de9d6c":""},{"field_5a0ac809e9d6b":"21097","field_5aeab2f23b7bd":"Giron\u00e8s Sud circular greenway 37 km","field_5a0ac87de9d6c":""},{"field_5a0ac809e9d6b":"21101","field_5aeab2f23b7bd":"Giron\u00e8s Sud circular greenway 37 km la Creueta","field_5a0ac87de9d6c":""},{"field_5a0ac809e9d6b":"21105","field_5aeab2f23b7bd":"Giron\u00e8s Sud circular greenway 37 km","field_5a0ac87de9d6c":""},{"field_5a0ac809e9d6b":"21109","field_5aeab2f23b7bd":"Giron\u00e8s Sud circular greenway 37 km Llambilles","field_5a0ac87de9d6c":""},{"field_5a0ac809e9d6b":"21113","field_5aeab2f23b7bd":"Giron\u00e8s Sud circular greenway 37 km Sant Andreu Salou","field_5a0ac87de9d6c":""},{"field_5a0ac809e9d6b":"21117","field_5aeab2f23b7bd":"Giron\u00e8s Sud circular greenway 37 km Girona","field_5a0ac87de9d6c":""},{"field_5a0ac809e9d6b":"21121","field_5aeab2f23b7bd":"Giron\u00e8s Sud circular greenway 37 km Girona","field_5a0ac87de9d6c":""},{"field_5a0ac809e9d6b":"21125","field_5aeab2f23b7bd":"Giron\u00e8s Sud circular greenway 37 km Caldes de Malavella","field_5a0ac87de9d6c":""}],"mapa_ruta":21084,"alt_mapa_ruta":"Giron\u00e8s Sud circular greenway 37 km map","mapa_geografic":"","alt_mapa_geografic":"","mapa_pobles_ruta":"","alt_mapa_pobles_ruta":"","mapa_desnivell_":21140,"alt_mapa_desnivell":"Giron\u00e8s Sud circular greenway 37 km slope map","com_arribar_hi_trens":[{"field_5a44f892b4a82":"RENFE","field_5a44f8aeb4a83":"Barcelona Sants-Portbou \u2013 L'Hospitalet de Llobregat-Figueres\/Portbou (R1, RG1, R11)\r\n\r\nStations: Girona, Fornells de la Selva, Riudellots de la Selva, Caldes de Malavella\r\nTickets: Tel. 900 41 00 41\r\nhttps:\/\/rodalies.gencat.cat\/time\/index.html"}],"com_arribar_hi_autobusos":[{"field_5a44f8ccb4a8b":"TEISA","field_5a44f8ccb4a8c":"Tel. 972 20 48 68\r\n<a href=\"http:\/\/www.teisa-bus.com\/\">www.teisa-bus.com<\/a>"}],"com_arribar_hi_cotxes":[{"field_5a44f8cbb4a88":"By road","field_5a44f8cbb4a89":"AP-7 motorway (A-7)\r\nN-II \/ A-2, GI-673\r\n<a href=\"http:\/\/www.mobilitat.net\/\" target=\"_blank\" rel=\"noopener\">www.mobilitat.net<\/a>"}],"com_arribar_hi_aeroport":[{"field_5a44f8c9b4a85":"GIRONA - COSTA BRAVA AIRPORT","field_5a44f8c9b4a86":"Tourism office: Tel. 972 186708\r\nFlight information: Tel. 972 186 600\r\nTel. 972 20 48 68\r\n<a href=\"http:\/\/www.aena.es\/\" target=\"_blank\" rel=\"noopener\">www.aena.es<\/a>"}],"oficines_turisme":[{"field_5a65c67da6e47":"4459"}],"ajuntaments":[{"field_5da440d0aa48a":"864"},{"field_5da440d0aa48a":"4474"},{"field_5da440d0aa48a":"4468"},{"field_5da440d0aa48a":"4424"},{"field_5da440d0aa48a":"19235"},{"field_5da440d0aa48a":"19244"},{"field_5da440d0aa48a":"19224"}],"que_visitar":[{"field_5daeb9a2f19c1":"9427"},{"field_5daeb9a2f19c1":"8511"},{"field_5daeb9a2f19c1":"9150"}],"allotjaments":false,"gastronomia":false,"agencies_viatges":false,"lloguers_transfers":[{"field_5daebbb8f19c9":"4123"},{"field_5daebbb8f19c9":"4240"},{"field_5daebbb8f19c9":"4215"},{"field_5daebbb8f19c9":"4223"}],"altres_serveis":[{"field_5daebc1ef19cb":"2219"}],"rutes_vinculades":[{"field_5daebd929c80f":"2178"},{"field_5daebd929c80f":"19251"},{"field_5daebd929c80f":"1394"}],"tracks_rutes":[{"field_5daebdd69c811":"#34a500","field_5daebdfd9c812":"21076"}]},"yoast_head":"<!-- This site is optimized with the Yoast SEO plugin v22.2 - https:\/\/yoast.com\/wordpress\/plugins\/seo\/ -->\n<title>Giron\u00e8s Sud Circular Route (37 km) - Ecovies de Girona<\/title>\n<meta name=\"robots\" content=\"index, follow, max-snippet:-1, max-image-preview:large, max-video-preview:-1\" \/>\n<link rel=\"canonical\" href=\"https:\/\/www.viesverdes.cat\/en\/rutes_vies_verdes\/ruta-circular-girones-sud-37-km\/\" \/>\n<meta property=\"og:locale\" content=\"en_US\" \/>\n<meta property=\"og:type\" content=\"article\" \/>\n<meta property=\"og:title\" content=\"Giron\u00e8s Sud Circular Route (37 km) - Ecovies de Girona\" \/>\n<meta property=\"og:url\" content=\"https:\/\/www.viesverdes.cat\/en\/rutes_vies_verdes\/ruta-circular-girones-sud-37-km\/\" \/>\n<meta property=\"og:site_name\" content=\"Ecovies de Girona\" \/>\n<meta property=\"article:publisher\" content=\"https:\/\/www.facebook.com\/viesverdesgirona\" \/>\n<meta property=\"article:modified_time\" content=\"2024-01-09T08:41:06+00:00\" \/>\n<meta name=\"twitter:card\" content=\"summary_large_image\" \/>\n<meta name=\"twitter:site\" content=\"@viesverdesgi\" \/>\n<script type=\"application\/ld+json\" class=\"yoast-schema-graph\">{\"@context\":\"https:\/\/schema.org\",\"@graph\":[{\"@type\":\"WebPage\",\"@id\":\"https:\/\/www.viesverdes.cat\/en\/rutes_vies_verdes\/ruta-circular-girones-sud-37-km\/\",\"url\":\"https:\/\/www.viesverdes.cat\/en\/rutes_vies_verdes\/ruta-circular-girones-sud-37-km\/\",\"name\":\"Giron\u00e8s Sud Circular Route (37 km) - Ecovies de Girona\",\"isPartOf\":{\"@id\":\"https:\/\/www.viesverdes.cat\/#website\"},\"datePublished\":\"2023-02-22T08:06:10+00:00\",\"dateModified\":\"2024-01-09T08:41:06+00:00\",\"breadcrumb\":{\"@id\":\"https:\/\/www.viesverdes.cat\/en\/rutes_vies_verdes\/ruta-circular-girones-sud-37-km\/#breadcrumb\"},\"inLanguage\":\"en-US\",\"potentialAction\":[{\"@type\":\"ReadAction\",\"target\":[\"https:\/\/www.viesverdes.cat\/en\/rutes_vies_verdes\/ruta-circular-girones-sud-37-km\/\"]}]},{\"@type\":\"BreadcrumbList\",\"@id\":\"https:\/\/www.viesverdes.cat\/en\/rutes_vies_verdes\/ruta-circular-girones-sud-37-km\/#breadcrumb\",\"itemListElement\":[{\"@type\":\"ListItem\",\"position\":1,\"name\":\"Inici\",\"item\":\"https:\/\/www.viesverdes.cat\/\"},{\"@type\":\"ListItem\",\"position\":2,\"name\":\"Giron\u00e8s Sud Circular Route (37 km)\"}]},{\"@type\":\"WebSite\",\"@id\":\"https:\/\/www.viesverdes.cat\/#website\",\"url\":\"https:\/\/www.viesverdes.cat\/\",\"name\":\"Vies Verdes i Pirinexus\",\"description\":\"\",\"publisher\":{\"@id\":\"https:\/\/www.viesverdes.cat\/#organization\"},\"potentialAction\":[{\"@type\":\"SearchAction\",\"target\":{\"@type\":\"EntryPoint\",\"urlTemplate\":\"https:\/\/www.viesverdes.cat\/?s={search_term_string}\"},\"query-input\":\"required name=search_term_string\"}],\"inLanguage\":\"en-US\"},{\"@type\":\"Organization\",\"@id\":\"https:\/\/www.viesverdes.cat\/#organization\",\"name\":\"Consorci de les Vies Verdes de Girona\",\"url\":\"https:\/\/www.viesverdes.cat\/\",\"logo\":{\"@type\":\"ImageObject\",\"inLanguage\":\"en-US\",\"@id\":\"https:\/\/www.viesverdes.cat\/#\/schema\/logo\/image\/\",\"url\":\"https:\/\/www.viesverdes.cat\/wp-content\/uploads\/2023\/04\/Logo-Consorci-Vies-Verdes-color-1-e1682501524240.png\",\"contentUrl\":\"https:\/\/www.viesverdes.cat\/wp-content\/uploads\/2023\/04\/Logo-Consorci-Vies-Verdes-color-1-e1682501524240.png\",\"width\":350,\"height\":41,\"caption\":\"Consorci de les Vies Verdes de Girona\"},\"image\":{\"@id\":\"https:\/\/www.viesverdes.cat\/#\/schema\/logo\/image\/\"},\"sameAs\":[\"https:\/\/www.facebook.com\/viesverdesgirona\",\"https:\/\/twitter.com\/viesverdesgi\",\"https:\/\/www.youtube.com\/viesverdesgi\",\"https:\/\/www.instagram.com\/viesverdesgi\/\"]}]}<\/script>\n<!-- \/ Yoast SEO plugin. -->","yoast_head_json":{"title":"Giron\u00e8s Sud Circular Route (37 km) - Ecovies de Girona","robots":{"index":"index","follow":"follow","max-snippet":"max-snippet:-1","max-image-preview":"max-image-preview:large","max-video-preview":"max-video-preview:-1"},"canonical":"https:\/\/www.viesverdes.cat\/en\/rutes_vies_verdes\/ruta-circular-girones-sud-37-km\/","og_locale":"en_US","og_type":"article","og_title":"Giron\u00e8s Sud Circular Route (37 km) - Ecovies de Girona","og_url":"https:\/\/www.viesverdes.cat\/en\/rutes_vies_verdes\/ruta-circular-girones-sud-37-km\/","og_site_name":"Ecovies de Girona","article_publisher":"https:\/\/www.facebook.com\/viesverdesgirona","article_modified_time":"2024-01-09T08:41:06+00:00","twitter_card":"summary_large_image","twitter_site":"@viesverdesgi","schema":{"@context":"https:\/\/schema.org","@graph":[{"@type":"WebPage","@id":"https:\/\/www.viesverdes.cat\/en\/rutes_vies_verdes\/ruta-circular-girones-sud-37-km\/","url":"https:\/\/www.viesverdes.cat\/en\/rutes_vies_verdes\/ruta-circular-girones-sud-37-km\/","name":"Giron\u00e8s Sud Circular Route (37 km) - Ecovies de Girona","isPartOf":{"@id":"https:\/\/www.viesverdes.cat\/#website"},"datePublished":"2023-02-22T08:06:10+00:00","dateModified":"2024-01-09T08:41:06+00:00","breadcrumb":{"@id":"https:\/\/www.viesverdes.cat\/en\/rutes_vies_verdes\/ruta-circular-girones-sud-37-km\/#breadcrumb"},"inLanguage":"en-US","potentialAction":[{"@type":"ReadAction","target":["https:\/\/www.viesverdes.cat\/en\/rutes_vies_verdes\/ruta-circular-girones-sud-37-km\/"]}]},{"@type":"BreadcrumbList","@id":"https:\/\/www.viesverdes.cat\/en\/rutes_vies_verdes\/ruta-circular-girones-sud-37-km\/#breadcrumb","itemListElement":[{"@type":"ListItem","position":1,"name":"Inici","item":"https:\/\/www.viesverdes.cat\/"},{"@type":"ListItem","position":2,"name":"Giron\u00e8s Sud Circular Route (37 km)"}]},{"@type":"WebSite","@id":"https:\/\/www.viesverdes.cat\/#website","url":"https:\/\/www.viesverdes.cat\/","name":"Vies Verdes i Pirinexus","description":"","publisher":{"@id":"https:\/\/www.viesverdes.cat\/#organization"},"potentialAction":[{"@type":"SearchAction","target":{"@type":"EntryPoint","urlTemplate":"https:\/\/www.viesverdes.cat\/?s={search_term_string}"},"query-input":"required name=search_term_string"}],"inLanguage":"en-US"},{"@type":"Organization","@id":"https:\/\/www.viesverdes.cat\/#organization","name":"Consorci de les Vies Verdes de Girona","url":"https:\/\/www.viesverdes.cat\/","logo":{"@type":"ImageObject","inLanguage":"en-US","@id":"https:\/\/www.viesverdes.cat\/#\/schema\/logo\/image\/","url":"https:\/\/www.viesverdes.cat\/wp-content\/uploads\/2023\/04\/Logo-Consorci-Vies-Verdes-color-1-e1682501524240.png","contentUrl":"https:\/\/www.viesverdes.cat\/wp-content\/uploads\/2023\/04\/Logo-Consorci-Vies-Verdes-color-1-e1682501524240.png","width":350,"height":41,"caption":"Consorci de les Vies Verdes de Girona"},"image":{"@id":"https:\/\/www.viesverdes.cat\/#\/schema\/logo\/image\/"},"sameAs":["https:\/\/www.facebook.com\/viesverdesgirona","https:\/\/twitter.com\/viesverdesgi","https:\/\/www.youtube.com\/viesverdesgi","https:\/\/www.instagram.com\/viesverdesgi\/"]}]}},"_links":{"self":[{"href":"https:\/\/www.viesverdes.cat\/en\/wp-json\/wp\/v2\/rutes_vies_verdes\/21433"}],"collection":[{"href":"https:\/\/www.viesverdes.cat\/en\/wp-json\/wp\/v2\/rutes_vies_verdes"}],"about":[{"href":"https:\/\/www.viesverdes.cat\/en\/wp-json\/wp\/v2\/types\/rutes_vies_verdes"}],"version-history":[{"count":5,"href":"https:\/\/www.viesverdes.cat\/en\/wp-json\/wp\/v2\/rutes_vies_verdes\/21433\/revisions"}],"predecessor-version":[{"id":24275,"href":"https:\/\/www.viesverdes.cat\/en\/wp-json\/wp\/v2\/rutes_vies_verdes\/21433\/revisions\/24275"}],"wp:attachment":[{"href":"https:\/\/www.viesverdes.cat\/en\/wp-json\/wp\/v2\/media?parent=21433"}],"curies":[{"name":"wp","href":"https:\/\/api.w.org\/{rel}","templated":true}]}}