{"id":1098,"date":"2017-12-06T11:05:59","date_gmt":"2017-12-06T10:05:59","guid":{"rendered":"http:\/\/iglesies.cat\/viesverdes\/rutes_vies_verdes\/ruta-del-carrilet-i\/"},"modified":"2025-06-16T13:08:21","modified_gmt":"2025-06-16T11:08:21","slug":"ruta-del-carrilet-i-es","status":"publish","type":"rutes_vies_verdes","link":"https:\/\/www.viesverdes.cat\/es\/rutes_vies_verdes\/ruta-del-carrilet-i-es\/","title":{"rendered":"Ruta del Carrilet I"},"featured_media":0,"menu_order":3,"template":"","meta":{"_acf_changed":false},"acf":{"estil_del_titol":"ubuntu-bold","fixa_portada":["1"],"tipus_de_ruta":"1","zona":"interior","tipus_de_ruta_interna":"via_verda","tipus_de_secret":"","transport_del_secret":"","recorregut":"Olot - Girona","imatge_destacada":219,"alt_imatge_destacada":"Ciclista en la Ruta del Carrilet I","imatge_interior_ruta":221,"alt_imatge_interior_ruta":"Ciclistas en la Ruta del Carrilet I","resum":"Este trazado atraviesa tres comarcas y doce pueblos y recorre los valles de los r\u00edos Fluvi\u00e0, Brugent y Ter. La ruta avanza en suave pendiente desde su lugar de partida, Olot (440 m), hasta el de llegada, Girona (70 m), y tiene su punto m\u00e1s elevado en el collado de En Bas, a 589 metros sobre el nivel del mar. El recorrido, apto para peatones y bicicletas, se encuentra en muy buen estado, acondicionado con puentes, barandillas y se\u00f1alizaci\u00f3n homog\u00e9nea.\r\n\r\n&nbsp;\r\n\r\n<em>Esta ruta forma parte de la red de Caminos Naturales de Espa\u00f1a, y se incluye en el \"<strong>Programa de Caminos Naturales<\/strong>\" desarrollado desde 1993 por el Ministerio de Agricultura, Pesca y Alimentaci\u00f3n. <a href=\"https:\/\/www.mapa.gob.es\/es\/desarrollo-rural\/temas\/caminos-naturales\/programa\/\">Info Programa de Caminos Naturales<\/a><\/em>\r\n\r\n<a href=\"https:\/\/www.mapa.gob.es\/es\/desarrollo-rural\/temas\/caminos-naturales\/caminos-naturales\/sector-noreste\/carrilet\/carrilet-i\/default.aspx\" target=\"_blank\" rel=\"noopener\"><em>Enlace a info Camino Natural V\u00eda Verde del Carrilet I<\/em><\/a>","descripcio":"La Ruta del Carrilet atraviesa parajes de gran importancia paisaj\u00edstica, ecol\u00f3gica y cultural. Se inicia en la Zona Volc\u00e1nica de la Garrotxa y, siempre siguiendo el recorrido del antiguo tren de v\u00eda estrecha, llega hasta el valle del Ter y las dehesas de Salt y Girona. La v\u00eda que antiguamente un\u00eda las comarcas de la Garrotxa y el Giron\u00e8s permite ahora conocer los recursos naturales de la Zona Volc\u00e1nica de la Garrotxa, el castillo de Hostoles y los n\u00facleos urbanos de Angl\u00e8s, Sant Feliu de Pallerols y Girona, entre otros. Espacios como las dehesas de Salt o de Girona se integran asimismo en esta ruta, que discurre pr\u00f3xima al Ter en su \u00faltimo tramo y permite observar los aprovechamientos hidr\u00e1ulicos que se han hecho de los recursos del r\u00edo.\r\n\r\nEn la primavera de 2022, fueron creados dos tramos nuevos en la zona de la Vall d'en Bas, para conectar con los Hostalets d'en Bas y la urbanizaci\u00f3n de Verntallat: <a href=\"http:\/\/www.viesverdes.cat\/es\/rutes_vies_verdes\/via-verda-vall-den-bas\/\">http:\/\/www.viesverdes.cat\/rutes_vies_verdes\/via-verda-vall-den-bas\/<\/a>\r\n\r\nUna vez en Girona, conecta con el siguiente tramo de la<a href=\"http:\/\/www.viesverdes.cat\/es\/rutes_vies_verdes\/ruta-del-carrilet-ii-es\/\" target=\"_blank\" rel=\"noopener\"> ruta del Carrilet hacia Sant Feliu de Gu\u00edxols<\/a>. Tambi\u00e9n se puede optar por hacer la <a href=\"http:\/\/www.viesverdes.cat\/es\/rutes_vies_verdes\/ruta-girona-sarria-de-ter-es\/\" target=\"_blank\" rel=\"noopener\">ruta del Tren Pinxo<\/a>, que actualmente enlaza Girona y Seriny\u00e0.\r\n\r\nEl itinerario de Girona centro es el que encontrar\u00e9is por defecto en el track de descarga, pero si prefer\u00eds pasa por el centro de Salt, os pod\u00e9is descargar el track alternativo en este <a href=\"https:\/\/es.wikiloc.com\/rutas-cicloturismo\/via-verda-del-carrilet-i-per-tram-urba-de-salt-114875483\" target=\"_blank\" rel=\"noopener\">enlace<\/a>\r\n\r\nConsulta los puntos de agua de la ruta <a href=\"https:\/\/www.instamaps.cat\/visor.html?businessid=f262d472d9696ba5d7fae5e9f6eeb4d2&amp;3D=false\" target=\"_blank\" rel=\"noopener\">aqu\u00ed<\/a>","quil\u00f2metres":"55,5 - 58,5 km (seg\u00fan entrada a Girona)","ruta_accessible":true,"descripcio_accessibilitat":"(En temporada de lluvias fuertes, revisen el estado de les rutas)\r\n\r\nTramo recomendado PARA UNA SEGUNDA SALIDA O BUENA FORMA F\u00cdSICA\r\n<ul>\r\n \t<li><strong>Olot (desde las Fuentes de Sant Roc) a Les Preses<\/strong>: unos 5 km. Tramo f\u00e1cil<\/li>\r\n<\/ul>\r\nSe podr\u00eda seguir hasta <strong>Sant Esteve d\u2019en Bas<\/strong> (3 km) si se dispone de ayuda para superar un paso inferior que se ha construido para cruzar la nueva variante de la Vall d\u2019en Bas (no lo recomendamos en \u00e9pocas de mucho tr\u00e1fico rodado).\r\n<ul>\r\n \t<li><strong><u>Sant Feliu de Pallerols \u2013 Amer<\/u><\/strong><u>: 13,5 km<\/u>.\u00a0Tramo f\u00e1cil\/intermedio.\u00a0 Parada muy recomendable en el \u00e1rea de picnic de Les Planes, justo al lado de la v\u00eda verde.<\/li>\r\n<\/ul>\r\nOpci\u00f3n 1: Salida desde la oficina de turismo de Sant Feliu de Pallerols y hasta el punto de informaci\u00f3n de Amer.\r\n\r\nOpci\u00f3n 2: Si se dispone de coche propio o se pacta con el servicio de alquiler y transfer, se puede iniciar la salida arriba, en el Coll d\u2019en Bas (recomendado a expertos, \u00a1es necesario frenar bien en la bajada!) y se recorren 5,5 km. m\u00e1s.\r\n<ul>\r\n \t<li><strong>Amer \u2013 La Cellera de Ter \u2013 Angl\u00e8s<\/strong>: 7,5 km.<\/li>\r\n<\/ul>\r\nDespu\u00e9s de Amer, a la altura del Pasteral, se debe escoger la opci\u00f3n de circular por el lateral de la carretera. NO subir por El Pasteral, \u00a1es impracticable para bicis adaptadas!\u00a0 Se mejor\u00f3\u00a0la se\u00f1alizaci\u00f3n en el Pasteral, aumentando la seguridad para los usuarios. Vigilar en el acceso al puente riera de Osor.\r\n<ul>\r\n \t<li><strong>Angl\u00e8s \u2013 Girona:<\/strong><\/li>\r\n<\/ul>\r\nEn general es posible circular en bicicleta adaptada o silla de ruedaa, pero siempre es preferible contar con ayuda. En Angl\u00e8s\u00a0 se cruza la carretera nacional con ayuda de un sem\u00e1foro. A partir de Bescan\u00f3 se puede circular hacia Girona por las devesas de Salt y huertos de Santa Eug\u00e8nia (tramo recomendado, llegando a la Devesa de Girona y debiendo atravesar el centro hist\u00f3rico de la ciudad), o cruzar la carretera nacional por el paso inferior de Montfull\u00e0 y atravesar el pueblo de Salt por el carril bici urbano, llegando a Girona por el Paseo de Olot y calle Emili Grahit, donde el carril bici sigue direcci\u00f3n Quart.","desnivell":"1,5%","dificultat":"mitjana","paviment":"Sabl\u00f3n compactado","altitud_minima":"68 m (Girona)","alitud_maxima":"589 m (coll d'en Bas)","serveis":[{"field_5a0ac768e9d67":"WC estaciones"},{"field_5a0ac768e9d67":"\u00c1rea picnic Les Planes d'Hostoles"}],"ruta_descarregar":26426,"link_wikiloc":"https:\/\/es.wikiloc.com\/rutas-cicloturismo\/via-verda-del-carrilet-i-per-girona-centre-114875642","wikiloc":"<iframe frameBorder=\"0\" scrolling=\"no\" src=\"https:\/\/es.wikiloc.com\/wikiloc\/spatialArtifacts.do?event=view&id=114875642&measures=off&title=off&near=off&images=off&maptype=H\" width=\"500\" height=\"400\"><\/iframe><div style=\"color:#777;font-size:11px;line-height:16px;\">\r\n","link_instamaps":"https:\/\/www.instamaps.cat\/instavisor\/356bd050ee449f22ead5da73d58021d3\/Ruta_del_Carrilet_I.html","instamaps":"<iframe width=\"500\" height=\"400\" frameborder=\"0\" scrolling=\"no\" marginheight=\"0\" marginwidth=\"0\" src=\"https:\/\/www.instamaps.cat\/instavisor\/356bd050ee449f22ead5da73d58021d3\/Ruta_del_Carrilet_I.html&embed=1\" ><\/iframe>","imatges":[{"field_5a0ac809e9d6b":"","field_5aeab2f23b7bd":"V\u00eddeo de la ruta del carrilet I","field_5a0ac87de9d6c":"https:\/\/www.youtube.com\/watch?v=ASIhTx5Uvp4"},{"field_5a0ac809e9d6b":"29272","field_5aeab2f23b7bd":"Ciclistas en las dehesas de Salt","field_5a0ac87de9d6c":""},{"field_5a0ac809e9d6b":"29268","field_5aeab2f23b7bd":"Ciclista en un puente de la Ruta del Carrilet I","field_5a0ac87de9d6c":""},{"field_5a0ac809e9d6b":"29276","field_5aeab2f23b7bd":"Personas a pie y en bicicleta por la v\u00eda verde","field_5a0ac87de9d6c":""},{"field_5a0ac809e9d6b":"29280","field_5aeab2f23b7bd":"Ni\u00f1as en la Ruta del Carrilet I","field_5a0ac87de9d6c":""},{"field_5a0ac809e9d6b":"29284","field_5aeab2f23b7bd":"Ciclistas en Girona","field_5a0ac87de9d6c":""},{"field_5a0ac809e9d6b":"29288","field_5aeab2f23b7bd":"Persona caminando en la Ruta del Carrilet I","field_5a0ac87de9d6c":""},{"field_5a0ac809e9d6b":"29292","field_5aeab2f23b7bd":"Pareja de ciclistas en la Ruta del Carrilet I","field_5a0ac87de9d6c":""},{"field_5a0ac809e9d6b":"29296","field_5aeab2f23b7bd":"Estaci\u00f3n de Amer, la Garrotxa","field_5a0ac87de9d6c":""},{"field_5a0ac809e9d6b":"222","field_5aeab2f23b7bd":"Ciclistas descansando y consultando un mapa","field_5a0ac87de9d6c":""},{"field_5a0ac809e9d6b":"599","field_5aeab2f23b7bd":"Caminando en la Vall d'en Bas","field_5a0ac87de9d6c":""},{"field_5a0ac809e9d6b":null,"field_5aeab2f23b7bd":"","field_5a0ac87de9d6c":""},{"field_5a0ac809e9d6b":null,"field_5aeab2f23b7bd":"","field_5a0ac87de9d6c":""},{"field_5a0ac809e9d6b":null,"field_5aeab2f23b7bd":"","field_5a0ac87de9d6c":""},{"field_5a0ac809e9d6b":null,"field_5aeab2f23b7bd":"","field_5a0ac87de9d6c":""},{"field_5a0ac809e9d6b":null,"field_5aeab2f23b7bd":"","field_5a0ac87de9d6c":""},{"field_5a0ac809e9d6b":null,"field_5aeab2f23b7bd":"","field_5a0ac87de9d6c":""},{"field_5a0ac809e9d6b":null,"field_5aeab2f23b7bd":"","field_5a0ac87de9d6c":""}],"mapa_ruta":242,"alt_mapa_ruta":"Mapa Ruta del Carrilet I","mapa_geografic":20343,"alt_mapa_geografic":"Mapa geogr\u00e1fico Ruta del Carrilet I","mapa_pobles_ruta":20436,"alt_mapa_pobles_ruta":"Mapa pueblos Ruta del Carrilet I","mapa_desnivell_":23436,"alt_mapa_desnivell":"Mapa desnivel Ruta del Carrilet I","com_arribar_hi_trens":false,"com_arribar_hi_autobusos":[{"field_5a44f8ccb4a8b":"SARFA","field_5a44f8ccb4a8c":"Tel. 902 302 025\r\n<a href=\"http:\/\/www.sarfa.com\">www.sarfa.com<\/a>"},{"field_5a44f8ccb4a8b":"TEISA","field_5a44f8ccb4a8c":"Tel. 972 204 868\r\n<a href=\"http:\/\/www.teisa-bus.com\">www.teisa-bus.com <\/a>"}],"com_arribar_hi_cotxes":[{"field_5a44f8cbb4a88":"POR CARRETERA","field_5a44f8cbb4a89":"Autopista C-31, C-58, AP-7, C-35.\r\n<a href=\"http:\/\/www.mobilitat.net\/\" target=\"_blank\" rel=\"noopener\">www.mobilitat.net<\/a>"}],"com_arribar_hi_aeroport":[{"field_5a44f8c9b4a85":"AEROPUERTO GIRONA-COSTA BRAVA","field_5a44f8c9b4a86":"Oficina de Turismo: tel. 972 18 67 08\r\nInformaci\u00f3n sobre vuelos: tel. 972 18 66 00\r\n<a href=\"mailto:ot.aerogirona.ctc@gencat.net\">ot.aerogirona.ctc@gencat.net<\/a>\r\n<a href=\"http:\/\/www.aena.es\/\" target=\"_blank\" rel=\"noopener\">www.aena.es<\/a>\r\nAutobuses de Ryanair unen el aeropuerto con la estaci\u00f3n de autobuses de Girona."}],"oficines_turisme":[{"field_5a65c67da6e47":"4461"},{"field_5a65c67da6e47":"4547"},{"field_5a65c67da6e47":"4559"},{"field_5a65c67da6e47":"4579"},{"field_5a65c67da6e47":"5553"},{"field_5a65c67da6e47":"5535"}],"ajuntaments":[{"field_5da440d0aa48a":"866"},{"field_5da440d0aa48a":"4482"},{"field_5da440d0aa48a":"4489"},{"field_5da440d0aa48a":"4497"},{"field_5da440d0aa48a":"4507"},{"field_5da440d0aa48a":"4515"},{"field_5da440d0aa48a":"4524"},{"field_5da440d0aa48a":"4534"},{"field_5da440d0aa48a":"4568"}],"que_visitar":[{"field_5daeb9a2f19c1":"9421"},{"field_5daeb9a2f19c1":"8505"},{"field_5daeb9a2f19c1":"9194"},{"field_5daeb9a2f19c1":"9216"},{"field_5daeb9a2f19c1":"9882"},{"field_5daeb9a2f19c1":"9897"},{"field_5daeb9a2f19c1":"8515"}],"allotjaments":false,"gastronomia":[{"field_5daeba38f19c5":"3970"},{"field_5daeba38f19c5":"4066"},{"field_5daeba38f19c5":"3980"},{"field_5daeba38f19c5":"3921"},{"field_5daeba38f19c5":"3952"},{"field_5daeba38f19c5":"4047"},{"field_5daeba38f19c5":"4057"},{"field_5daeba38f19c5":"4010"}],"agencies_viatges":[{"field_5daeba58f19c7":"2278"}],"lloguers_transfers":[{"field_5daebbb8f19c9":"4224"},{"field_5daebbb8f19c9":"4180"},{"field_5daebbb8f19c9":"4241"},{"field_5daebbb8f19c9":"4124"},{"field_5daebbb8f19c9":"4136"},{"field_5daebbb8f19c9":"4231"},{"field_5daebbb8f19c9":"4216"}],"altres_serveis":[{"field_5daebc1ef19cb":"2216"}],"rutes_vinculades":[{"field_5daebd929c80f":"1266"},{"field_5daebd929c80f":"552"},{"field_5daebd929c80f":"1388"}],"tracks_rutes":[{"field_5daebdd69c811":"#ff0000","field_5daebdfd9c812":"26429"}]},"yoast_head":"<!-- This site is optimized with the Yoast SEO plugin v22.2 - https:\/\/yoast.com\/wordpress\/plugins\/seo\/ -->\n<title>Ruta del Carrilet I - Ecovies de Girona<\/title>\n<meta name=\"robots\" content=\"index, follow, max-snippet:-1, max-image-preview:large, max-video-preview:-1\" \/>\n<link rel=\"canonical\" href=\"https:\/\/www.viesverdes.cat\/es\/rutes_vies_verdes\/ruta-del-carrilet-i-es\/\" \/>\n<meta property=\"og:locale\" content=\"es_ES\" \/>\n<meta property=\"og:type\" content=\"article\" \/>\n<meta property=\"og:title\" content=\"Ruta del Carrilet I - Ecovies de Girona\" \/>\n<meta property=\"og:url\" content=\"https:\/\/www.viesverdes.cat\/es\/rutes_vies_verdes\/ruta-del-carrilet-i-es\/\" \/>\n<meta property=\"og:site_name\" content=\"Ecovies de Girona\" \/>\n<meta property=\"article:publisher\" content=\"https:\/\/www.facebook.com\/viesverdesgirona\" \/>\n<meta property=\"article:modified_time\" content=\"2025-06-16T11:08:21+00:00\" \/>\n<meta name=\"twitter:card\" content=\"summary_large_image\" \/>\n<meta name=\"twitter:site\" content=\"@viesverdesgi\" \/>\n<script type=\"application\/ld+json\" class=\"yoast-schema-graph\">{\"@context\":\"https:\/\/schema.org\",\"@graph\":[{\"@type\":\"WebPage\",\"@id\":\"https:\/\/www.viesverdes.cat\/es\/rutes_vies_verdes\/ruta-del-carrilet-i-es\/\",\"url\":\"https:\/\/www.viesverdes.cat\/es\/rutes_vies_verdes\/ruta-del-carrilet-i-es\/\",\"name\":\"Ruta del Carrilet I - Ecovies de Girona\",\"isPartOf\":{\"@id\":\"https:\/\/www.viesverdes.cat\/#website\"},\"datePublished\":\"2017-12-06T10:05:59+00:00\",\"dateModified\":\"2025-06-16T11:08:21+00:00\",\"breadcrumb\":{\"@id\":\"https:\/\/www.viesverdes.cat\/es\/rutes_vies_verdes\/ruta-del-carrilet-i-es\/#breadcrumb\"},\"inLanguage\":\"es\",\"potentialAction\":[{\"@type\":\"ReadAction\",\"target\":[\"https:\/\/www.viesverdes.cat\/es\/rutes_vies_verdes\/ruta-del-carrilet-i-es\/\"]}]},{\"@type\":\"BreadcrumbList\",\"@id\":\"https:\/\/www.viesverdes.cat\/es\/rutes_vies_verdes\/ruta-del-carrilet-i-es\/#breadcrumb\",\"itemListElement\":[{\"@type\":\"ListItem\",\"position\":1,\"name\":\"Inici\",\"item\":\"https:\/\/www.viesverdes.cat\/\"},{\"@type\":\"ListItem\",\"position\":2,\"name\":\"Ruta del Carrilet I\"}]},{\"@type\":\"WebSite\",\"@id\":\"https:\/\/www.viesverdes.cat\/#website\",\"url\":\"https:\/\/www.viesverdes.cat\/\",\"name\":\"Vies Verdes i Pirinexus\",\"description\":\"\",\"publisher\":{\"@id\":\"https:\/\/www.viesverdes.cat\/#organization\"},\"potentialAction\":[{\"@type\":\"SearchAction\",\"target\":{\"@type\":\"EntryPoint\",\"urlTemplate\":\"https:\/\/www.viesverdes.cat\/?s={search_term_string}\"},\"query-input\":\"required name=search_term_string\"}],\"inLanguage\":\"es\"},{\"@type\":\"Organization\",\"@id\":\"https:\/\/www.viesverdes.cat\/#organization\",\"name\":\"Consorci de les Vies Verdes de Girona\",\"url\":\"https:\/\/www.viesverdes.cat\/\",\"logo\":{\"@type\":\"ImageObject\",\"inLanguage\":\"es\",\"@id\":\"https:\/\/www.viesverdes.cat\/#\/schema\/logo\/image\/\",\"url\":\"https:\/\/www.viesverdes.cat\/wp-content\/uploads\/2023\/04\/Logo-Consorci-Vies-Verdes-color-1-e1682501524240.png\",\"contentUrl\":\"https:\/\/www.viesverdes.cat\/wp-content\/uploads\/2023\/04\/Logo-Consorci-Vies-Verdes-color-1-e1682501524240.png\",\"width\":350,\"height\":41,\"caption\":\"Consorci de les Vies Verdes de Girona\"},\"image\":{\"@id\":\"https:\/\/www.viesverdes.cat\/#\/schema\/logo\/image\/\"},\"sameAs\":[\"https:\/\/www.facebook.com\/viesverdesgirona\",\"https:\/\/twitter.com\/viesverdesgi\",\"https:\/\/www.youtube.com\/viesverdesgi\",\"https:\/\/www.instagram.com\/viesverdesgi\/\"]}]}<\/script>\n<!-- \/ Yoast SEO plugin. -->","yoast_head_json":{"title":"Ruta del Carrilet I - Ecovies de Girona","robots":{"index":"index","follow":"follow","max-snippet":"max-snippet:-1","max-image-preview":"max-image-preview:large","max-video-preview":"max-video-preview:-1"},"canonical":"https:\/\/www.viesverdes.cat\/es\/rutes_vies_verdes\/ruta-del-carrilet-i-es\/","og_locale":"es_ES","og_type":"article","og_title":"Ruta del Carrilet I - Ecovies de Girona","og_url":"https:\/\/www.viesverdes.cat\/es\/rutes_vies_verdes\/ruta-del-carrilet-i-es\/","og_site_name":"Ecovies de Girona","article_publisher":"https:\/\/www.facebook.com\/viesverdesgirona","article_modified_time":"2025-06-16T11:08:21+00:00","twitter_card":"summary_large_image","twitter_site":"@viesverdesgi","schema":{"@context":"https:\/\/schema.org","@graph":[{"@type":"WebPage","@id":"https:\/\/www.viesverdes.cat\/es\/rutes_vies_verdes\/ruta-del-carrilet-i-es\/","url":"https:\/\/www.viesverdes.cat\/es\/rutes_vies_verdes\/ruta-del-carrilet-i-es\/","name":"Ruta del Carrilet I - Ecovies de Girona","isPartOf":{"@id":"https:\/\/www.viesverdes.cat\/#website"},"datePublished":"2017-12-06T10:05:59+00:00","dateModified":"2025-06-16T11:08:21+00:00","breadcrumb":{"@id":"https:\/\/www.viesverdes.cat\/es\/rutes_vies_verdes\/ruta-del-carrilet-i-es\/#breadcrumb"},"inLanguage":"es","potentialAction":[{"@type":"ReadAction","target":["https:\/\/www.viesverdes.cat\/es\/rutes_vies_verdes\/ruta-del-carrilet-i-es\/"]}]},{"@type":"BreadcrumbList","@id":"https:\/\/www.viesverdes.cat\/es\/rutes_vies_verdes\/ruta-del-carrilet-i-es\/#breadcrumb","itemListElement":[{"@type":"ListItem","position":1,"name":"Inici","item":"https:\/\/www.viesverdes.cat\/"},{"@type":"ListItem","position":2,"name":"Ruta del Carrilet I"}]},{"@type":"WebSite","@id":"https:\/\/www.viesverdes.cat\/#website","url":"https:\/\/www.viesverdes.cat\/","name":"Vies Verdes i Pirinexus","description":"","publisher":{"@id":"https:\/\/www.viesverdes.cat\/#organization"},"potentialAction":[{"@type":"SearchAction","target":{"@type":"EntryPoint","urlTemplate":"https:\/\/www.viesverdes.cat\/?s={search_term_string}"},"query-input":"required name=search_term_string"}],"inLanguage":"es"},{"@type":"Organization","@id":"https:\/\/www.viesverdes.cat\/#organization","name":"Consorci de les Vies Verdes de Girona","url":"https:\/\/www.viesverdes.cat\/","logo":{"@type":"ImageObject","inLanguage":"es","@id":"https:\/\/www.viesverdes.cat\/#\/schema\/logo\/image\/","url":"https:\/\/www.viesverdes.cat\/wp-content\/uploads\/2023\/04\/Logo-Consorci-Vies-Verdes-color-1-e1682501524240.png","contentUrl":"https:\/\/www.viesverdes.cat\/wp-content\/uploads\/2023\/04\/Logo-Consorci-Vies-Verdes-color-1-e1682501524240.png","width":350,"height":41,"caption":"Consorci de les Vies Verdes de Girona"},"image":{"@id":"https:\/\/www.viesverdes.cat\/#\/schema\/logo\/image\/"},"sameAs":["https:\/\/www.facebook.com\/viesverdesgirona","https:\/\/twitter.com\/viesverdesgi","https:\/\/www.youtube.com\/viesverdesgi","https:\/\/www.instagram.com\/viesverdesgi\/"]}]}},"_links":{"self":[{"href":"https:\/\/www.viesverdes.cat\/es\/wp-json\/wp\/v2\/rutes_vies_verdes\/1098"}],"collection":[{"href":"https:\/\/www.viesverdes.cat\/es\/wp-json\/wp\/v2\/rutes_vies_verdes"}],"about":[{"href":"https:\/\/www.viesverdes.cat\/es\/wp-json\/wp\/v2\/types\/rutes_vies_verdes"}],"version-history":[{"count":13,"href":"https:\/\/www.viesverdes.cat\/es\/wp-json\/wp\/v2\/rutes_vies_verdes\/1098\/revisions"}],"predecessor-version":[{"id":28149,"href":"https:\/\/www.viesverdes.cat\/es\/wp-json\/wp\/v2\/rutes_vies_verdes\/1098\/revisions\/28149"}],"wp:attachment":[{"href":"https:\/\/www.viesverdes.cat\/es\/wp-json\/wp\/v2\/media?parent=1098"}],"curies":[{"name":"wp","href":"https:\/\/api.w.org\/{rel}","templated":true}]}}