{"id":1384,"date":"2018-05-22T15:53:31","date_gmt":"2018-05-22T14:53:31","guid":{"rendered":"http:\/\/iglesies.cat\/viesverdes\/rutes_vies_verdes\/ruta-del-tren-petit\/"},"modified":"2025-08-04T09:38:05","modified_gmt":"2025-08-04T07:38:05","slug":"ruta-del-tren-petit-es","status":"publish","type":"rutes_vies_verdes","link":"https:\/\/www.viesverdes.cat\/es\/rutes_vies_verdes\/ruta-del-tren-petit-es\/","title":{"rendered":"Ruta del Tren Petit"},"featured_media":0,"menu_order":7,"template":"","meta":{"_acf_changed":false},"acf":{"estil_del_titol":"ubuntu-bold","fixa_portada":["1"],"tipus_de_ruta":"1","zona":"costa_brava","tipus_de_ruta_interna":"via_verda","tipus_de_secret":"","transport_del_secret":"","recorregut":"Palam\u00f3s - Palafrugell","imatge_destacada":320,"alt_imatge_destacada":"Ciclista en la ruta del Tren Petit","imatge_interior_ruta":321,"alt_imatge_interior_ruta":"Ruta del Tren Petit y Palam\u00f3s","resum":"La v\u00eda verde que une Palam\u00f3s y Palafrugell, conocida como la Ruta del Tren Petit, tiene una longitud de 6,5 km. Su trazado discurre por una parte del antiguo recorrido del tren de v\u00eda estrecha (el denominado tren petit), que conectaba Palam\u00f3s con Girona pasando por La Bisbal d\u2019Empord\u00e0.\r\n\r\n&nbsp;\r\n\r\n<strong>6,5 km la v\u00eda principal. Ramal a playa de Castell: 1 km. Ramal en Mont-ras: 800 m.<\/strong>","descripcio":"La v\u00eda actual atraviesa los t\u00e9rminos municipales de Palam\u00f3s, Mont-ras y Palafrugell, con ramales a las playas de Castell y La Fosca.\r\n\r\nEl tren tranv\u00eda hizo su primer viaje el 23 de marzo de 1887. Lo conduc\u00eda una locomotora belga de vapor que arrastraba unos vagones min\u00fasculos y que recorr\u00eda unos cuantos kil\u00f3metros junto a la carretera. Actualmente, una parte de la antigua v\u00eda f\u00e9rrea ha quedado soterrada por la carretera; sin embargo, el tramo acondicionado como v\u00eda verde le permitir\u00e1 explorar los mismos paisajes del Empordanet que ya describiera Josep Pla y atravesar la llanura del Aub\u00ed, de gran valor agr\u00edcola y rodeada por los relieves del macizo de Les Gavarres y las monta\u00f1as de Begur.","quil\u00f2metres":"6 km (la v\u00eda principal)","ruta_accessible":true,"descripcio_accessibilitat":"PARA INICIARSE \/ F\u00c1CIL\r\n<ul>\r\n \t<li><strong>Palam\u00f3s \u2013 Palafrugell (6,5 km):<\/strong> Buen estado. V\u00eda nueva, creada en 2009. Perfectamente accesible. Pasa cerca de las poblaciones de Vall-ll\u00f2brega i Montr\u00e0s, y tiene acceso a la playa de Castell (aunque no con la bici adaptada, pues resbala por la arena).<\/li>\r\n<\/ul>\r\n&nbsp;","desnivell":"1%","dificultat":"minima","paviment":"Suelo-cemento","altitud_minima":"0 m (Sant Feliu de Gu\u00edxols)","alitud_maxima":"42 m (Palafrugell)","serveis":[{"field_5a0ac768e9d67":"En el interior de las poblaciones y en la gasolinera de Sant Joan de Palam\u00f3s, en el inicio de la v\u00eda verde desde Palam\u00f3s."}],"ruta_descarregar":19982,"link_wikiloc":"https:\/\/ca.wikiloc.com\/rutes-cicloturisme\/via-verda-tren-petit-palamos-palafrugell-88129212#lb-embed","wikiloc":"<iframe frameBorder=\"0\" scrolling=\"no\" src=\"https:\/\/ca.wikiloc.com\/wikiloc\/spatialArtifacts.do?event=view&id=88129212&measures=off&title=off&near=off&images=off&maptype=H\" width=\"500\" height=\"400\"><\/iframe><div style=\"color:#777;font-size:11px;line-height:16px;\">","link_instamaps":"","instamaps":"","imatges":[{"field_5a0ac809e9d6b":"","field_5aeab2f23b7bd":"V\u00eddeo de la Ruta del Tren Petit","field_5a0ac87de9d6c":"https:\/\/www.youtube.com\/watch?v=QbkwKnxvOKE"},{"field_5a0ac809e9d6b":"29383","field_5aeab2f23b7bd":"Ciclistas por la Ruta del Tren Petit","field_5a0ac87de9d6c":""},{"field_5a0ac809e9d6b":"29379","field_5aeab2f23b7bd":"Ciclistas por la Ruta del Tren Petit","field_5a0ac87de9d6c":""},{"field_5a0ac809e9d6b":"29387","field_5aeab2f23b7bd":"Ciclista por la Ruta del Tren Petit","field_5a0ac87de9d6c":""},{"field_5a0ac809e9d6b":"29391","field_5aeab2f23b7bd":"Camino de ronda, Ruta del Tren Petit","field_5a0ac87de9d6c":""},{"field_5a0ac809e9d6b":"29395","field_5aeab2f23b7bd":"Palam\u00f3s y la ruta del Tren Petit","field_5a0ac87de9d6c":""},{"field_5a0ac809e9d6b":"29399","field_5aeab2f23b7bd":"Pesca de Palam\u00f3s","field_5a0ac87de9d6c":""},{"field_5a0ac809e9d6b":"322","field_5aeab2f23b7bd":"Ciclistas por la Ruta del Tren Petit","field_5a0ac87de9d6c":""},{"field_5a0ac809e9d6b":"323","field_5aeab2f23b7bd":"Ciclista por la Ruta del Tren Petit","field_5a0ac87de9d6c":""},{"field_5a0ac809e9d6b":"329","field_5aeab2f23b7bd":"Ciclistas por la Ruta del Tren Petit","field_5a0ac87de9d6c":""},{"field_5a0ac809e9d6b":"332","field_5aeab2f23b7bd":"Palafrugell, Ruta del Tren Petit","field_5a0ac87de9d6c":""},{"field_5a0ac809e9d6b":null,"field_5aeab2f23b7bd":"","field_5a0ac87de9d6c":""},{"field_5a0ac809e9d6b":null,"field_5aeab2f23b7bd":"","field_5a0ac87de9d6c":""},{"field_5a0ac809e9d6b":null,"field_5aeab2f23b7bd":"","field_5a0ac87de9d6c":""},{"field_5a0ac809e9d6b":null,"field_5aeab2f23b7bd":"","field_5a0ac87de9d6c":""},{"field_5a0ac809e9d6b":null,"field_5aeab2f23b7bd":"","field_5a0ac87de9d6c":""},{"field_5a0ac809e9d6b":null,"field_5aeab2f23b7bd":"","field_5a0ac87de9d6c":""}],"mapa_ruta":333,"alt_mapa_ruta":"Mapa Ruta del Tren Petit","mapa_geografic":20356,"alt_mapa_geografic":"Mapa geogr\u00e1fico Ruta del Tren Petit","mapa_pobles_ruta":20415,"alt_mapa_pobles_ruta":"Mapa pueblos Ruta del Tren Petit","mapa_desnivell_":20516,"alt_mapa_desnivell":"Mapa desnivel Ruta del Tren Petit","com_arribar_hi_trens":false,"com_arribar_hi_autobusos":[{"field_5a44f8ccb4a8b":"SARFA","field_5a44f8ccb4a8c":"Tel. 902 302 025\r\n<a href=\"http:\/\/www.sarfa.com\/\" target=\"_blank\" rel=\"noopener\">www.sarfa.com<\/a>\r\n\r\n&nbsp;"},{"field_5a44f8ccb4a8b":"TEISA","field_5a44f8ccb4a8c":"Tel. 972 204 868\r\n<a href=\"http:\/\/www.teisa-bus.com\/\" target=\"_blank\" rel=\"noopener\">www.teisa-bus.com\u00a0<\/a>"}],"com_arribar_hi_cotxes":[{"field_5a44f8cbb4a88":"POR CARRETERA","field_5a44f8cbb4a89":"Autopista C-31, C-58, AP-7, C-35.\r\n<a href=\"http:\/\/www.mobilitat.net\/\" target=\"_blank\" rel=\"noopener\">www.mobilitat.net<\/a>"}],"com_arribar_hi_aeroport":[{"field_5a44f8c9b4a85":"AEROPORT GIRONA-COSTA BRAVA","field_5a44f8c9b4a86":"Oficina de Turismo: Tel. 972 186 708\r\nInformaci\u00f3n sobre vuelos: Tel. 972 186 600\r\n<a href=\"mailto:ot.aerogirona.ctc@gencat.net\">ot.aerogirona.ctc@gencat.net<\/a>\r\n<a href=\"http:\/\/www.aena.es\">www.aena.es<\/a>\r\nAutobuses de Ryanair unen el aeropuerto con la estaci\u00f3n de autobuses de Girona."}],"oficines_turisme":[{"field_5a65c67da6e47":"4657"},{"field_5a65c67da6e47":"4667"}],"ajuntaments":false,"que_visitar":[{"field_5daeb9a2f19c1":"9172"},{"field_5daeb9a2f19c1":"8603"}],"allotjaments":false,"gastronomia":[{"field_5daeba38f19c5":"4091"}],"agencies_viatges":false,"lloguers_transfers":[{"field_5daebbb8f19c9":"4224"},{"field_5daebbb8f19c9":"4208"},{"field_5daebbb8f19c9":"4231"}],"altres_serveis":[{"field_5daebc1ef19cb":"2216"}],"rutes_vinculades":[{"field_5daebd929c80f":"1266"}],"tracks_rutes":[{"field_5daebdd69c811":"#dd9933","field_5daebdfd9c812":"337"}]},"yoast_head":"<!-- This site is optimized with the Yoast SEO plugin v22.2 - https:\/\/yoast.com\/wordpress\/plugins\/seo\/ -->\n<title>Ruta del Tren Petit - Ecovies de Girona<\/title>\n<meta name=\"robots\" content=\"index, follow, max-snippet:-1, max-image-preview:large, max-video-preview:-1\" \/>\n<link rel=\"canonical\" href=\"https:\/\/www.viesverdes.cat\/es\/rutes_vies_verdes\/ruta-del-tren-petit-es\/\" \/>\n<meta property=\"og:locale\" content=\"es_ES\" \/>\n<meta property=\"og:type\" content=\"article\" \/>\n<meta property=\"og:title\" content=\"Ruta del Tren Petit - Ecovies de Girona\" \/>\n<meta property=\"og:url\" content=\"https:\/\/www.viesverdes.cat\/es\/rutes_vies_verdes\/ruta-del-tren-petit-es\/\" \/>\n<meta property=\"og:site_name\" content=\"Ecovies de Girona\" \/>\n<meta property=\"article:publisher\" content=\"https:\/\/www.facebook.com\/viesverdesgirona\" \/>\n<meta property=\"article:modified_time\" content=\"2025-08-04T07:38:05+00:00\" \/>\n<meta name=\"twitter:card\" content=\"summary_large_image\" \/>\n<meta name=\"twitter:site\" content=\"@viesverdesgi\" \/>\n<script type=\"application\/ld+json\" class=\"yoast-schema-graph\">{\"@context\":\"https:\/\/schema.org\",\"@graph\":[{\"@type\":\"WebPage\",\"@id\":\"https:\/\/www.viesverdes.cat\/es\/rutes_vies_verdes\/ruta-del-tren-petit-es\/\",\"url\":\"https:\/\/www.viesverdes.cat\/es\/rutes_vies_verdes\/ruta-del-tren-petit-es\/\",\"name\":\"Ruta del Tren Petit - Ecovies de Girona\",\"isPartOf\":{\"@id\":\"https:\/\/www.viesverdes.cat\/#website\"},\"datePublished\":\"2018-05-22T14:53:31+00:00\",\"dateModified\":\"2025-08-04T07:38:05+00:00\",\"breadcrumb\":{\"@id\":\"https:\/\/www.viesverdes.cat\/es\/rutes_vies_verdes\/ruta-del-tren-petit-es\/#breadcrumb\"},\"inLanguage\":\"es\",\"potentialAction\":[{\"@type\":\"ReadAction\",\"target\":[\"https:\/\/www.viesverdes.cat\/es\/rutes_vies_verdes\/ruta-del-tren-petit-es\/\"]}]},{\"@type\":\"BreadcrumbList\",\"@id\":\"https:\/\/www.viesverdes.cat\/es\/rutes_vies_verdes\/ruta-del-tren-petit-es\/#breadcrumb\",\"itemListElement\":[{\"@type\":\"ListItem\",\"position\":1,\"name\":\"Inici\",\"item\":\"https:\/\/www.viesverdes.cat\/\"},{\"@type\":\"ListItem\",\"position\":2,\"name\":\"Ruta del Tren Petit\"}]},{\"@type\":\"WebSite\",\"@id\":\"https:\/\/www.viesverdes.cat\/#website\",\"url\":\"https:\/\/www.viesverdes.cat\/\",\"name\":\"Vies Verdes i Pirinexus\",\"description\":\"\",\"publisher\":{\"@id\":\"https:\/\/www.viesverdes.cat\/#organization\"},\"potentialAction\":[{\"@type\":\"SearchAction\",\"target\":{\"@type\":\"EntryPoint\",\"urlTemplate\":\"https:\/\/www.viesverdes.cat\/?s={search_term_string}\"},\"query-input\":\"required name=search_term_string\"}],\"inLanguage\":\"es\"},{\"@type\":\"Organization\",\"@id\":\"https:\/\/www.viesverdes.cat\/#organization\",\"name\":\"Consorci de les Vies Verdes de Girona\",\"url\":\"https:\/\/www.viesverdes.cat\/\",\"logo\":{\"@type\":\"ImageObject\",\"inLanguage\":\"es\",\"@id\":\"https:\/\/www.viesverdes.cat\/#\/schema\/logo\/image\/\",\"url\":\"https:\/\/www.viesverdes.cat\/wp-content\/uploads\/2023\/04\/Logo-Consorci-Vies-Verdes-color-1-e1682501524240.png\",\"contentUrl\":\"https:\/\/www.viesverdes.cat\/wp-content\/uploads\/2023\/04\/Logo-Consorci-Vies-Verdes-color-1-e1682501524240.png\",\"width\":350,\"height\":41,\"caption\":\"Consorci de les Vies Verdes de Girona\"},\"image\":{\"@id\":\"https:\/\/www.viesverdes.cat\/#\/schema\/logo\/image\/\"},\"sameAs\":[\"https:\/\/www.facebook.com\/viesverdesgirona\",\"https:\/\/twitter.com\/viesverdesgi\",\"https:\/\/www.youtube.com\/viesverdesgi\",\"https:\/\/www.instagram.com\/viesverdesgi\/\"]}]}<\/script>\n<!-- \/ Yoast SEO plugin. -->","yoast_head_json":{"title":"Ruta del Tren Petit - Ecovies de Girona","robots":{"index":"index","follow":"follow","max-snippet":"max-snippet:-1","max-image-preview":"max-image-preview:large","max-video-preview":"max-video-preview:-1"},"canonical":"https:\/\/www.viesverdes.cat\/es\/rutes_vies_verdes\/ruta-del-tren-petit-es\/","og_locale":"es_ES","og_type":"article","og_title":"Ruta del Tren Petit - Ecovies de Girona","og_url":"https:\/\/www.viesverdes.cat\/es\/rutes_vies_verdes\/ruta-del-tren-petit-es\/","og_site_name":"Ecovies de Girona","article_publisher":"https:\/\/www.facebook.com\/viesverdesgirona","article_modified_time":"2025-08-04T07:38:05+00:00","twitter_card":"summary_large_image","twitter_site":"@viesverdesgi","schema":{"@context":"https:\/\/schema.org","@graph":[{"@type":"WebPage","@id":"https:\/\/www.viesverdes.cat\/es\/rutes_vies_verdes\/ruta-del-tren-petit-es\/","url":"https:\/\/www.viesverdes.cat\/es\/rutes_vies_verdes\/ruta-del-tren-petit-es\/","name":"Ruta del Tren Petit - Ecovies de Girona","isPartOf":{"@id":"https:\/\/www.viesverdes.cat\/#website"},"datePublished":"2018-05-22T14:53:31+00:00","dateModified":"2025-08-04T07:38:05+00:00","breadcrumb":{"@id":"https:\/\/www.viesverdes.cat\/es\/rutes_vies_verdes\/ruta-del-tren-petit-es\/#breadcrumb"},"inLanguage":"es","potentialAction":[{"@type":"ReadAction","target":["https:\/\/www.viesverdes.cat\/es\/rutes_vies_verdes\/ruta-del-tren-petit-es\/"]}]},{"@type":"BreadcrumbList","@id":"https:\/\/www.viesverdes.cat\/es\/rutes_vies_verdes\/ruta-del-tren-petit-es\/#breadcrumb","itemListElement":[{"@type":"ListItem","position":1,"name":"Inici","item":"https:\/\/www.viesverdes.cat\/"},{"@type":"ListItem","position":2,"name":"Ruta del Tren Petit"}]},{"@type":"WebSite","@id":"https:\/\/www.viesverdes.cat\/#website","url":"https:\/\/www.viesverdes.cat\/","name":"Vies Verdes i Pirinexus","description":"","publisher":{"@id":"https:\/\/www.viesverdes.cat\/#organization"},"potentialAction":[{"@type":"SearchAction","target":{"@type":"EntryPoint","urlTemplate":"https:\/\/www.viesverdes.cat\/?s={search_term_string}"},"query-input":"required name=search_term_string"}],"inLanguage":"es"},{"@type":"Organization","@id":"https:\/\/www.viesverdes.cat\/#organization","name":"Consorci de les Vies Verdes de Girona","url":"https:\/\/www.viesverdes.cat\/","logo":{"@type":"ImageObject","inLanguage":"es","@id":"https:\/\/www.viesverdes.cat\/#\/schema\/logo\/image\/","url":"https:\/\/www.viesverdes.cat\/wp-content\/uploads\/2023\/04\/Logo-Consorci-Vies-Verdes-color-1-e1682501524240.png","contentUrl":"https:\/\/www.viesverdes.cat\/wp-content\/uploads\/2023\/04\/Logo-Consorci-Vies-Verdes-color-1-e1682501524240.png","width":350,"height":41,"caption":"Consorci de les Vies Verdes de Girona"},"image":{"@id":"https:\/\/www.viesverdes.cat\/#\/schema\/logo\/image\/"},"sameAs":["https:\/\/www.facebook.com\/viesverdesgirona","https:\/\/twitter.com\/viesverdesgi","https:\/\/www.youtube.com\/viesverdesgi","https:\/\/www.instagram.com\/viesverdesgi\/"]}]}},"_links":{"self":[{"href":"https:\/\/www.viesverdes.cat\/es\/wp-json\/wp\/v2\/rutes_vies_verdes\/1384"}],"collection":[{"href":"https:\/\/www.viesverdes.cat\/es\/wp-json\/wp\/v2\/rutes_vies_verdes"}],"about":[{"href":"https:\/\/www.viesverdes.cat\/es\/wp-json\/wp\/v2\/types\/rutes_vies_verdes"}],"version-history":[{"count":5,"href":"https:\/\/www.viesverdes.cat\/es\/wp-json\/wp\/v2\/rutes_vies_verdes\/1384\/revisions"}],"predecessor-version":[{"id":28572,"href":"https:\/\/www.viesverdes.cat\/es\/wp-json\/wp\/v2\/rutes_vies_verdes\/1384\/revisions\/28572"}],"wp:attachment":[{"href":"https:\/\/www.viesverdes.cat\/es\/wp-json\/wp\/v2\/media?parent=1384"}],"curies":[{"name":"wp","href":"https:\/\/api.w.org\/{rel}","templated":true}]}}