{"version":"1.0","provider_name":"Ecovies de Girona","provider_url":"https:\/\/www.viesverdes.cat\/fr\/","author_name":"viesverdes2","author_url":"https:\/\/www.viesverdes.cat\/fr\/author\/viesverdes2\/","title":"Girona, la ville immortelle. La Cath\u00e9drale et le vieux Quartier. - Ecovies de Girona","type":"rich","width":600,"height":338,"html":"<blockquote class=\"wp-embedded-content\" data-secret=\"XH8xiivXlH\"><a href=\"https:\/\/www.viesverdes.cat\/fr\/que_visitar\/girona-una-trama-urbana-millenaria\/\">Girona, la ville immortelle. La Cath\u00e9drale et le vieux Quartier.<\/a><\/blockquote><iframe sandbox=\"allow-scripts\" security=\"restricted\" src=\"https:\/\/www.viesverdes.cat\/fr\/que_visitar\/girona-una-trama-urbana-millenaria\/embed\/#?secret=XH8xiivXlH\" width=\"600\" height=\"338\" title=\"\u00ab\u00a0Girona, la ville immortelle. La Cath\u00e9drale et le vieux Quartier.\u00a0\u00bb &#8212; Ecovies de Girona\" data-secret=\"XH8xiivXlH\" frameborder=\"0\" marginwidth=\"0\" marginheight=\"0\" scrolling=\"no\" class=\"wp-embedded-content\"><\/iframe><script type=\"text\/javascript\">\n\/* <![CDATA[ *\/\n\/*! This file is auto-generated *\/\n!function(d,l){\"use strict\";l.querySelector&&d.addEventListener&&\"undefined\"!=typeof URL&&(d.wp=d.wp||{},d.wp.receiveEmbedMessage||(d.wp.receiveEmbedMessage=function(e){var t=e.data;if((t||t.secret||t.message||t.value)&&!\/[^a-zA-Z0-9]\/.test(t.secret)){for(var s,r,n,a=l.querySelectorAll('iframe[data-secret=\"'+t.secret+'\"]'),o=l.querySelectorAll('blockquote[data-secret=\"'+t.secret+'\"]'),c=new RegExp(\"^https?:$\",\"i\"),i=0;i<o.length;i++)o[i].style.display=\"none\";for(i=0;i<a.length;i++)s=a[i],e.source===s.contentWindow&&(s.removeAttribute(\"style\"),\"height\"===t.message?(1e3<(r=parseInt(t.value,10))?r=1e3:~~r<200&&(r=200),s.height=r):\"link\"===t.message&&(r=new URL(s.getAttribute(\"src\")),n=new URL(t.value),c.test(n.protocol))&&n.host===r.host&&l.activeElement===s&&(d.top.location.href=t.value))}},d.addEventListener(\"message\",d.wp.receiveEmbedMessage,!1),l.addEventListener(\"DOMContentLoaded\",function(){for(var e,t,s=l.querySelectorAll(\"iframe.wp-embedded-content\"),r=0;r<s.length;r++)(t=(e=s[r]).getAttribute(\"data-secret\"))||(t=Math.random().toString(36).substring(2,12),e.src+=\"#?secret=\"+t,e.setAttribute(\"data-secret\",t)),e.contentWindow.postMessage({message:\"ready\",secret:t},\"*\")},!1)))}(window,document);\n\/* ]]> *\/\n<\/script>\n","description":"LA CATHEDRALE Construite sur des b\u00e2timents religieux successifs, la cath\u00e9drale de Girona fut dress\u00e9e entre les XIVe et XVIIe si\u00e8cles. Ce temple aux dimensions spectaculaires a pour principale caract\u00e9ristique l\u2019immensit\u00e9 de son unique nef, d\u2019architecture gothique. Bien que l\u2019\u00e9glise fut initialement con\u00e7ue comme un temple \u00e0 trois nefs, en 1417 fut prise la d\u00e9cision risqu\u00e9e [&hellip;]"}