{"version":"1.0","provider_name":"Ecovies de Girona","provider_url":"https:\/\/www.viesverdes.cat\/fr\/","author_name":"viesverdes2","author_url":"https:\/\/www.viesverdes.cat\/fr\/author\/viesverdes2\/","title":"Llan\u00e7\u00e0 - Ecovies de Girona","type":"rich","width":600,"height":338,"html":"<blockquote class=\"wp-embedded-content\" data-secret=\"0CmQyffV8k\"><a href=\"https:\/\/www.viesverdes.cat\/fr\/que_visitar\/llanca\/\">Llan\u00e7\u00e0<\/a><\/blockquote><iframe sandbox=\"allow-scripts\" security=\"restricted\" src=\"https:\/\/www.viesverdes.cat\/fr\/que_visitar\/llanca\/embed\/#?secret=0CmQyffV8k\" width=\"600\" height=\"338\" title=\"\u00ab\u00a0Llan\u00e7\u00e0\u00a0\u00bb &#8212; Ecovies de Girona\" data-secret=\"0CmQyffV8k\" frameborder=\"0\" marginwidth=\"0\" marginheight=\"0\" scrolling=\"no\" class=\"wp-embedded-content\"><\/iframe><script type=\"text\/javascript\">\n\/* <![CDATA[ *\/\n\/*! This file is auto-generated *\/\n!function(d,l){\"use strict\";l.querySelector&&d.addEventListener&&\"undefined\"!=typeof URL&&(d.wp=d.wp||{},d.wp.receiveEmbedMessage||(d.wp.receiveEmbedMessage=function(e){var t=e.data;if((t||t.secret||t.message||t.value)&&!\/[^a-zA-Z0-9]\/.test(t.secret)){for(var s,r,n,a=l.querySelectorAll('iframe[data-secret=\"'+t.secret+'\"]'),o=l.querySelectorAll('blockquote[data-secret=\"'+t.secret+'\"]'),c=new RegExp(\"^https?:$\",\"i\"),i=0;i<o.length;i++)o[i].style.display=\"none\";for(i=0;i<a.length;i++)s=a[i],e.source===s.contentWindow&&(s.removeAttribute(\"style\"),\"height\"===t.message?(1e3<(r=parseInt(t.value,10))?r=1e3:~~r<200&&(r=200),s.height=r):\"link\"===t.message&&(r=new URL(s.getAttribute(\"src\")),n=new URL(t.value),c.test(n.protocol))&&n.host===r.host&&l.activeElement===s&&(d.top.location.href=t.value))}},d.addEventListener(\"message\",d.wp.receiveEmbedMessage,!1),l.addEventListener(\"DOMContentLoaded\",function(){for(var e,t,s=l.querySelectorAll(\"iframe.wp-embedded-content\"),r=0;r<s.length;r++)(t=(e=s[r]).getAttribute(\"data-secret\"))||(t=Math.random().toString(36).substring(2,12),e.src+=\"#?secret=\"+t,e.setAttribute(\"data-secret\",t)),e.contentWindow.postMessage({message:\"ready\",secret:t},\"*\")},!1)))}(window,document);\n\/* ]]> *\/\n<\/script>\n","description":"\u00a01. CASTELLAR \u00ceLOT El Castellar, tel est le nom sous lequel on conna\u00eet aujourd\u2019hui l\u2019ancien \u00eelot situ\u00e9 \u00e0 la pointe du port de Llan\u00e7\u00e0. Cet \u00e9l\u00e9ment, l\u2019un des plus caract\u00e9ristiques de la commune, c\u2019est transform\u00e9 au cours du temps : \u00e0 l\u2019origine, c\u2019\u00e9tait en effet un grand \u00eelot situ\u00e9 \u00e0 quelques m\u00e8tres de la terre [&hellip;]"}