{"id":23152,"date":"2023-07-06T11:14:03","date_gmt":"2023-07-06T09:14:03","guid":{"rendered":"https:\/\/www.viesverdes.cat\/?page_id=23152"},"modified":"2023-07-06T11:15:36","modified_gmt":"2023-07-06T09:15:36","slug":"elementor-23152","status":"publish","type":"page","link":"https:\/\/www.viesverdes.cat\/fr\/elementor-23152\/","title":{"rendered":"Elementor #23152"},"content":{"rendered":"\t\t<div data-elementor-type=\"wp-page\" data-elementor-id=\"23152\" class=\"elementor elementor-23152 elementor-23051\">\n\t\t\t\t\t\t\t\t\t<section class=\"elementor-section elementor-top-section elementor-element elementor-element-fc31dac elementor-section-full_width elementor-section-height-default elementor-section-height-default\" data-id=\"fc31dac\" data-element_type=\"section\">\n\t\t\t\t\t\t<div class=\"elementor-container elementor-column-gap-default\">\n\t\t\t\t\t<div class=\"elementor-column elementor-col-100 elementor-top-column elementor-element elementor-element-3d9487a\" data-id=\"3d9487a\" data-element_type=\"column\">\n\t\t\t<div class=\"elementor-widget-wrap elementor-element-populated\">\n\t\t\t\t\t\t\t\t<div class=\"elementor-element elementor-element-e308c56 elementor-widget__width-inherit elementor-widget elementor-widget-shortcode\" data-id=\"e308c56\" data-element_type=\"widget\" data-widget_type=\"shortcode.default\">\n\t\t\t\t<div class=\"elementor-widget-container\">\n\t\t\t\t\t<div class=\"elementor-shortcode\"><div class=\"main-menu hidden-xs\">\r\n\t<nav class=\"navbar navbar-default\">\r\n\t\t<div class=\"menu-principal navbar-collapse \" id=\"navbarNav\">\r\n\t\t<div class=\"menu-main-menu-fr-container\"><ul id=\"menu-main-menu-fr\" class=\"menu\"><li id=\"menu-item-22916\" class=\"menu-item menu-item-type-post_type menu-item-object-page menu-item-has-children menu-item-22916\"><a href=\"https:\/\/www.viesverdes.cat\/fr\/routes\/\">Routes<\/a>\n<ul class=\"sub-menu\">\n\t<li id=\"menu-item-22917\" class=\"menu-item menu-item-type-post_type menu-item-object-page menu-item-has-children menu-item-22917\"><a href=\"https:\/\/www.viesverdes.cat\/fr\/routes\/voies-vertes\/\">Voies vertes<\/a>\n\t<ul class=\"sub-menu\">\n\t\t<li id=\"menu-item-22717\" class=\"menu-item menu-item-type-post_type menu-item-object-rutes_vies_verdes menu-item-22717\"><a href=\"https:\/\/www.viesverdes.cat\/fr\/rutes_vies_verdes\/route-du-fer-et-du-charbon\/\">Voie verte du Ferro i Carb\u00f3<\/a><\/li>\n\t\t<li id=\"menu-item-22718\" class=\"menu-item menu-item-type-post_type menu-item-object-rutes_vies_verdes menu-item-22718\"><a href=\"https:\/\/www.viesverdes.cat\/fr\/rutes_vies_verdes\/chemin-de-transhumance\/\">Cam\u00ed Ramader de Campdev\u00e0nol<\/a><\/li>\n\t\t<li id=\"menu-item-22720\" class=\"menu-item menu-item-type-post_type menu-item-object-rutes_vies_verdes menu-item-22720\"><a href=\"https:\/\/www.viesverdes.cat\/fr\/rutes_vies_verdes\/route-du-petit-train-i\/\">Voie verte du Carrilet I<\/a><\/li>\n\t\t<li id=\"menu-item-22721\" class=\"menu-item menu-item-type-post_type menu-item-object-rutes_vies_verdes menu-item-22721\"><a href=\"https:\/\/www.viesverdes.cat\/fr\/rutes_vies_verdes\/ruta-de-la-vall-de-bianya\/\">Voie verte du Vall de Bianya<\/a><\/li>\n\t\t<li id=\"menu-item-22722\" class=\"menu-item menu-item-type-post_type menu-item-object-rutes_vies_verdes menu-item-22722\"><a href=\"https:\/\/www.viesverdes.cat\/fr\/rutes_vies_verdes\/ruta-del-pla-girones-sud\/\">Route du Pla Giron\u00e8s Sud<\/a><\/li>\n\t\t<li id=\"menu-item-22723\" class=\"menu-item menu-item-type-post_type menu-item-object-rutes_vies_verdes menu-item-22723\"><a href=\"https:\/\/www.viesverdes.cat\/fr\/rutes_vies_verdes\/route-thermale\/\">Route Thermale<\/a><\/li>\n\t\t<li id=\"menu-item-22724\" class=\"menu-item menu-item-type-post_type menu-item-object-rutes_vies_verdes menu-item-22724\"><a href=\"https:\/\/www.viesverdes.cat\/fr\/rutes_vies_verdes\/route-du-petit-train-ii\/\">Route du Petit Train II<\/a><\/li>\n\t\t<li id=\"menu-item-22725\" class=\"menu-item menu-item-type-post_type menu-item-object-rutes_vies_verdes menu-item-22725\"><a href=\"https:\/\/www.viesverdes.cat\/fr\/rutes_vies_verdes\/via-verda-de-les-masies\/\">Via verda de les Masies<\/a><\/li>\n\t\t<li id=\"menu-item-22726\" class=\"menu-item menu-item-type-post_type menu-item-object-rutes_vies_verdes menu-item-22726\"><a href=\"https:\/\/www.viesverdes.cat\/fr\/rutes_vies_verdes\/route-du-petit-train-iii\/\">Route du Petit Train III<\/a><\/li>\n\t\t<li id=\"menu-item-26199\" class=\"menu-item menu-item-type-post_type menu-item-object-rutes_vies_verdes menu-item-26199\"><a href=\"https:\/\/www.viesverdes.cat\/fr\/rutes_vies_verdes\/breda-viabrea\/\">Voie verte Breda-Viabrea<\/a><\/li>\n\t<\/ul>\n<\/li>\n\t<li id=\"menu-item-22727\" class=\"menu-item menu-item-type-custom menu-item-object-custom menu-item-has-children menu-item-22727\"><a href=\"https:\/\/www.viesverdes.cat\/vies-pedalables\/\">Itin\u00e9raires cyclables<\/a>\n\t<ul class=\"sub-menu\">\n\t\t<li id=\"menu-item-22728\" class=\"menu-item menu-item-type-post_type menu-item-object-rutes_vies_verdes menu-item-22728\"><a href=\"https:\/\/www.viesverdes.cat\/fr\/rutes_vies_verdes\/route-girona-tren-pinxo\/\">Route Tren Pinxo<\/a><\/li>\n\t\t<li id=\"menu-item-22719\" class=\"menu-item menu-item-type-post_type menu-item-object-rutes_vies_verdes menu-item-22719\"><a href=\"https:\/\/www.viesverdes.cat\/fr\/rutes_vies_verdes\/alt-ter\/\">Itin\u00e9raire th\u00e9matique Alt Ter<\/a><\/li>\n\t\t<li id=\"menu-item-22729\" class=\"menu-item menu-item-type-post_type menu-item-object-rutes_vies_verdes menu-item-22729\"><a href=\"https:\/\/www.viesverdes.cat\/fr\/rutes_vies_verdes\/sentier-de-nature-de-la-muga\/\">Sentier de nature de La Muga<\/a><\/li>\n\t\t<li id=\"menu-item-22730\" class=\"menu-item menu-item-type-post_type menu-item-object-rutes_vies_verdes menu-item-22730\"><a href=\"https:\/\/www.viesverdes.cat\/fr\/rutes_vies_verdes\/troncon-de-liaison-sant-joan-de-les-abadesses-olot\/\">Tron\u00e7on de Liaison Sant Joan de les Abadesses \u2013 Olot<\/a><\/li>\n\t\t<li id=\"menu-item-22731\" class=\"menu-item menu-item-type-post_type menu-item-object-rutes_vies_verdes menu-item-22731\"><a href=\"https:\/\/www.viesverdes.cat\/fr\/rutes_vies_verdes\/jonction-route-du-carrilet-route-du-petit-train\/\">Jonction Route du Carrilet \u2013 Route du Petit Train<\/a><\/li>\n\t\t<li id=\"menu-item-23629\" class=\"menu-item menu-item-type-post_type menu-item-object-rutes_vies_verdes menu-item-23629\"><a href=\"https:\/\/www.viesverdes.cat\/fr\/rutes_vies_verdes\/etapa-pirinexus-litoral\/\">Pirinexus Litoral Route<\/a><\/li>\n\t<\/ul>\n<\/li>\n\t<li id=\"menu-item-23628\" class=\"menu-item menu-item-type-post_type menu-item-object-page menu-item-23628\"><a href=\"https:\/\/www.viesverdes.cat\/fr\/pirinexus\/\">Pirinexus<\/a><\/li>\n\t<li id=\"menu-item-22919\" class=\"menu-item menu-item-type-post_type menu-item-object-page menu-item-22919\"><a href=\"https:\/\/www.viesverdes.cat\/fr\/secrets-2\/\">Secrets<\/a><\/li>\n\t<li id=\"menu-item-22920\" class=\"menu-item menu-item-type-post_type menu-item-object-page menu-item-22920\"><a href=\"https:\/\/www.viesverdes.cat\/fr\/itineraires-cyclables-2\/\">Propositions d\u2019itin\u00e9raires<\/a><\/li>\n<\/ul>\n<\/li>\n<li id=\"menu-item-24252\" class=\"menu-item menu-item-type-post_type menu-item-object-page menu-item-24252\"><a href=\"https:\/\/www.viesverdes.cat\/fr\/nouvelles\/\">Nouvelles<\/a><\/li>\n<li id=\"menu-item-22750\" class=\"menu-item menu-item-type-custom menu-item-object-custom menu-item-has-children menu-item-22750\"><a href=\"#\">Infos practiques<\/a>\n<ul class=\"sub-menu\">\n\t<li id=\"menu-item-22751\" class=\"menu-item menu-item-type-post_type menu-item-object-page menu-item-22751\"><a href=\"https:\/\/www.viesverdes.cat\/fr\/preguntes-frequents\/\">Questions fr\u00e9quentes<\/a><\/li>\n\t<li id=\"menu-item-23296\" class=\"menu-item menu-item-type-post_type menu-item-object-page menu-item-23296\"><a href=\"https:\/\/www.viesverdes.cat\/fr\/caracteristiques-vies-verdes-pirinexus\/\">Caract\u00e9ristiques Greenways \/ Pirinexus<\/a><\/li>\n\t<li id=\"menu-item-22752\" class=\"menu-item menu-item-type-custom menu-item-object-custom menu-item-22752\"><a href=\"https:\/\/consorciviesverdes.atlassian.net\/servicedesk\/customer\/portal\/1\/user\/login?destination=portal%2F1\">Signaler un probl\u00e8me<\/a><\/li>\n\t<li id=\"menu-item-23420\" class=\"menu-item menu-item-type-post_type menu-item-object-page menu-item-23420\"><a href=\"https:\/\/www.viesverdes.cat\/fr\/tracks\/\">Tracks<\/a><\/li>\n\t<li id=\"menu-item-23300\" class=\"menu-item menu-item-type-post_type menu-item-object-page menu-item-23300\"><a href=\"https:\/\/www.viesverdes.cat\/fr\/descarregues\/\">T\u00e9l\u00e9chargements<\/a><\/li>\n\t<li id=\"menu-item-21341\" class=\"menu-item menu-item-type-post_type menu-item-object-page menu-item-21341\"><a href=\"https:\/\/www.viesverdes.cat\/fr\/punts-de-carrega-per-a-bicis-electriques\/\">Stations de charge pour v\u00e9los \u00e9lectriques<\/a><\/li>\n<\/ul>\n<\/li>\n<li id=\"menu-item-24422\" class=\"menu-item menu-item-type-custom menu-item-object-custom menu-item-24422\"><a href=\"https:\/\/planificador.viesverdes.cat\/fr\/\">Pr\u00e9parer l&#8217;itin\u00e9raire<\/a><\/li>\n<li id=\"menu-item-22754\" class=\"menu-item menu-item-type-custom menu-item-object-custom menu-item-has-children menu-item-22754\"><a href=\"http:\/\/www.viesverdes.cat\/el-consorci\/\">Consorci<\/a>\n<ul class=\"sub-menu\">\n\t<li id=\"menu-item-22755\" class=\"menu-item menu-item-type-post_type menu-item-object-noticies_actualitat menu-item-22755\"><a href=\"https:\/\/www.viesverdes.cat\/fr\/noticies_actualitat\/un-projecte-de-cooperacio-poctefa-per-al-desenvolupament-de-bicitranscat\/\">Un programme de coop\u00e9ration POCTEFA pour d\u00e9velopper le projet BiciTransCat<\/a><\/li>\n\t<li id=\"menu-item-29778\" class=\"menu-item menu-item-type-post_type menu-item-object-page menu-item-29778\"><a href=\"https:\/\/www.viesverdes.cat\/fr\/pyrevelo\/\">Pyrevelo<\/a><\/li>\n<\/ul>\n<\/li>\n<\/ul><\/div>\t\t<\/div>\r\n\t<\/nav>\r\n<\/div><\/div>\n\t\t\t\t<\/div>\n\t\t\t\t<\/div>\n\t\t\t\t\t<\/div>\n\t\t<\/div>\n\t\t\t\t\t\t\t<\/div>\n\t\t<\/section>\n\t\t\t\t<section class=\"elementor-section elementor-top-section elementor-element elementor-element-8902ca0 elementor-section-boxed elementor-section-height-default elementor-section-height-default\" data-id=\"8902ca0\" data-element_type=\"section\">\n\t\t\t\t\t\t<div class=\"elementor-container elementor-column-gap-default\">\n\t\t\t\t\t<div class=\"elementor-column elementor-col-100 elementor-top-column elementor-element elementor-element-f32a03c\" data-id=\"f32a03c\" data-element_type=\"column\">\n\t\t\t<div class=\"elementor-widget-wrap elementor-element-populated\">\n\t\t\t\t\t\t\t\t<div class=\"elementor-element elementor-element-e3eaeb7 elementor-widget__width-inherit elementor-widget elementor-widget-image\" data-id=\"e3eaeb7\" data-element_type=\"widget\" data-widget_type=\"image.default\">\n\t\t\t\t<div class=\"elementor-widget-container\">\n\t\t\t<style>\/*! elementor - v3.15.0 - 31-07-2023 *\/\n.elementor-widget-image{text-align:center}.elementor-widget-image a{display:inline-block}.elementor-widget-image a img[src$=\".svg\"]{width:48px}.elementor-widget-image img{vertical-align:middle;display:inline-block}<\/style>\t\t\t\t\t\t\t\t\t\t\t\t<img loading=\"lazy\" decoding=\"async\" width=\"1024\" height=\"683\" src=\"https:\/\/www.viesverdes.cat\/wp-content\/uploads\/2018\/11\/OITrailwalker_girona2015-14-1024x683.jpg\" class=\"attachment-large size-large wp-image-8065\" alt=\"\" srcset=\"https:\/\/www.viesverdes.cat\/wp-content\/uploads\/2018\/11\/OITrailwalker_girona2015-14-1024x683.jpg 1024w, https:\/\/www.viesverdes.cat\/wp-content\/uploads\/2018\/11\/OITrailwalker_girona2015-14-300x200.jpg 300w, https:\/\/www.viesverdes.cat\/wp-content\/uploads\/2018\/11\/OITrailwalker_girona2015-14-768x512.jpg 768w, https:\/\/www.viesverdes.cat\/wp-content\/uploads\/2018\/11\/OITrailwalker_girona2015-14.jpg 1900w\" sizes=\"(max-width: 1024px) 100vw, 1024px\" \/>\t\t\t\t\t\t\t\t\t\t\t\t\t\t\t<\/div>\n\t\t\t\t<\/div>\n\t\t\t\t\t<\/div>\n\t\t<\/div>\n\t\t\t\t\t\t\t<\/div>\n\t\t<\/section>\n\t\t\t\t<section class=\"elementor-section elementor-top-section elementor-element elementor-element-2cb24a6 elementor-section-boxed elementor-section-height-default elementor-section-height-default\" data-id=\"2cb24a6\" data-element_type=\"section\">\n\t\t\t\t\t\t<div class=\"elementor-container elementor-column-gap-default\">\n\t\t\t\t\t<div class=\"elementor-column elementor-col-100 elementor-top-column elementor-element elementor-element-5673770\" data-id=\"5673770\" data-element_type=\"column\">\n\t\t\t<div class=\"elementor-widget-wrap elementor-element-populated\">\n\t\t\t\t\t\t\t\t<div class=\"elementor-element elementor-element-4044b83 elementor-widget elementor-widget-heading\" data-id=\"4044b83\" data-element_type=\"widget\" data-widget_type=\"heading.default\">\n\t\t\t\t<div class=\"elementor-widget-container\">\n\t\t\t<style>\/*! elementor - v3.15.0 - 31-07-2023 *\/\n.elementor-heading-title{padding:0;margin:0;line-height:1}.elementor-widget-heading .elementor-heading-title[class*=elementor-size-]>a{color:inherit;font-size:inherit;line-height:inherit}.elementor-widget-heading .elementor-heading-title.elementor-size-small{font-size:15px}.elementor-widget-heading .elementor-heading-title.elementor-size-medium{font-size:19px}.elementor-widget-heading .elementor-heading-title.elementor-size-large{font-size:29px}.elementor-widget-heading .elementor-heading-title.elementor-size-xl{font-size:39px}.elementor-widget-heading .elementor-heading-title.elementor-size-xxl{font-size:59px}<\/style><h2 class=\"elementor-heading-title elementor-size-default\"><br><span style=\"color: rgb(0, 0, 0); font-family: Helvetica_CondensedBold; white-space-collapse: collapse;\">Une fois de plus, nous c\u00e9l\u00e9brons Trailwalker a Vies verdes Girona<\/span><\/h2>\t\t<\/div>\n\t\t\t\t<\/div>\n\t\t\t\t\t<\/div>\n\t\t<\/div>\n\t\t\t\t\t\t\t<\/div>\n\t\t<\/section>\n\t\t\t\t<section class=\"elementor-section elementor-top-section elementor-element elementor-element-85ae8b7 elementor-section-boxed elementor-section-height-default elementor-section-height-default\" data-id=\"85ae8b7\" data-element_type=\"section\">\n\t\t\t\t\t\t<div class=\"elementor-container elementor-column-gap-default\">\n\t\t\t\t\t<div class=\"elementor-column elementor-col-100 elementor-top-column elementor-element elementor-element-33b517e\" data-id=\"33b517e\" data-element_type=\"column\">\n\t\t\t<div class=\"elementor-widget-wrap elementor-element-populated\">\n\t\t\t\t\t\t\t\t<div class=\"elementor-element elementor-element-bdc8a14 elementor-widget elementor-widget-text-editor\" data-id=\"bdc8a14\" data-element_type=\"widget\" data-widget_type=\"text-editor.default\">\n\t\t\t\t<div class=\"elementor-widget-container\">\n\t\t\t<style>\/*! elementor - v3.15.0 - 31-07-2023 *\/\n.elementor-widget-text-editor.elementor-drop-cap-view-stacked .elementor-drop-cap{background-color:#69727d;color:#fff}.elementor-widget-text-editor.elementor-drop-cap-view-framed .elementor-drop-cap{color:#69727d;border:3px solid;background-color:transparent}.elementor-widget-text-editor:not(.elementor-drop-cap-view-default) .elementor-drop-cap{margin-top:8px}.elementor-widget-text-editor:not(.elementor-drop-cap-view-default) .elementor-drop-cap-letter{width:1em;height:1em}.elementor-widget-text-editor .elementor-drop-cap{float:left;text-align:center;line-height:1;font-size:50px}.elementor-widget-text-editor .elementor-drop-cap-letter{display:inline-block}<\/style>\t\t\t\t<div class=\"subtitol-new\" style=\"color: #000000;\"><p>Le test avec des distances de 10, 55 et 100 kilom\u00e8tres aura lieu les 6 et 7 mai prochains<\/p><p>La collection sera utilis\u00e9e pour les urgences humanitaires caus\u00e9es par le changement climatique telles que les inondations ou les s\u00e9cheresses.<\/p><\/div><div class=\"resum-new\" style=\"color: #000000;\"><p>Els propers dies 6 i 7 de maig tindr\u00e0 lloc a les comarques gironines una nova edici\u00f3 de\u00a0<strong>l\u2019Oxfam Interm\u00f3n Trailwalker per les vies verdes de Girona, amb molts ajuntaments implicats a la prova esportiva i solid\u00e0ria m\u00e9s important<\/strong>. La prova \u00e9s un desafiament esportiu en equip (4 persones que marxen o corren i dues persones de suport) que consisteix a rec\u00f3rrer 100 quil\u00f2metres en un m\u00e0xim de 32 hores o 55 quil\u00f2metres en un m\u00e0xim de 16 hores. Les dues proves tindran com a\u00a0<strong>punt d\u2019inici el municipi d\u2019Olot i finalitzen a Girona o Sant Feliu de Gu\u00edxols.<\/strong><\/p><p>Aquest any es consolida, per segon any consecutiu,\u00a0<strong>el recorregut de 10 quil\u00f2metres\u00a0<\/strong>a realitzar en 4 hores per poder gaudir de tota l\u2019experi\u00e8ncia amb la fam\u00edlia, amics o companys de feina per gaudir de la natura alhora que es contribueix al repte de recaptaci\u00f3. La ruta transcorre per la Via Verda de Girona, des de Sta. Cristina d\u2019Aro fins a St. Feliu de Gu\u00edxols. Els equips poden ser de fins a 10 persones i hi poden participar menors d\u2019edat.<\/p><p>Els equips han d\u2019aconseguir per poder participar, 500 euros per a la dist\u00e0ncia de 10 quil\u00f2metres; i de 1.500 per a la prova de 100 i 55 quil\u00f2metres. Amb els fons recaptats, Oxfam Interm\u00f3n atendr\u00e0 emerg\u00e8ncies humanit\u00e0ries causades pel canvi clim\u00e0tic com a inundacions o sequeres. Oxfam Interm\u00f3n millora l\u2019acc\u00e9s a l\u2019aigua segura i condicions adequades d\u2019higiene i sanejament i desenvolupa nous projectes que permetran a les persones m\u00e9s vulnerables adaptar-se als efectes del canvi clim\u00e0tic i poder tenir una vida digna.<\/p><p><strong>Timing i Notes<\/strong><\/p><p>Les dist\u00e0ncies i les sortides s\u2019efectuen des de punts diferenciats i seran les seg\u00fcents:<\/p><ul><li>100 KM: Sortida el dissabte 6 de maig, d\u2019Olot a Sant Feliu de Gu\u00edxols.<\/li><li>55 KM: Sortida el dissabte 6 de maig, d\u2019Olot a Girona.<\/li><li>10 KM: Sortida diumenge 7 de maig, de Santa Cristina d\u2019Aro a Sant Feliu de Gu\u00edxols.<\/li><li>A l\u2019edici\u00f3 del 2022 a Girona hi van participar un total de 209 equips (1.258 participants), dels quals, el 58% eren corporatius.<\/li><li>Tota la informaci\u00f3 detallada a la web de\u00a0<a style=\"text-decoration-line: underline;\" href=\"http:\/\/www.oxfamintermon.org\/\">l\u2019Oxfam Interm\u00f3n Trailwalker<\/a><\/li><li>V\u00eddeos de l\u2019edici\u00f3 de Girona 2022:\u00a0<a style=\"text-decoration-line: underline;\" href=\"https:\/\/www.youtube.com\/watch?v=gk9wHbYLn3o\">https:\/\/www.youtube.com\/watch?v=gk9wHbYLn3o<\/a><\/li><\/ul><\/div>\t\t\t\t\t\t<\/div>\n\t\t\t\t<\/div>\n\t\t\t\t\t<\/div>\n\t\t<\/div>\n\t\t\t\t\t\t\t<\/div>\n\t\t<\/section>\n\t\t\t\t\t\t\t<\/div>\n\t\t","protected":false},"excerpt":{"rendered":"<p>Une fois de plus, nous c\u00e9l\u00e9brons Trailwalker a Vies verdes Girona Le test avec des distances de 10, 55 et 100 kilom\u00e8tres aura lieu les 6 et 7 mai prochains La collection sera utilis\u00e9e pour les urgences humanitaires caus\u00e9es par le changement climatique telles que les inondations ou les s\u00e9cheresses. Els propers dies 6 i [&hellip;]<\/p>\n","protected":false},"author":4,"featured_media":0,"parent":0,"menu_order":0,"comment_status":"closed","ping_status":"closed","template":"page-elementor.php","meta":{"_acf_changed":false,"footnotes":""},"acf":[],"yoast_head":"<!-- This site is optimized with the Yoast SEO plugin v22.2 - https:\/\/yoast.com\/wordpress\/plugins\/seo\/ -->\n<title>Elementor #23152 - Ecovies de Girona<\/title>\n<meta name=\"robots\" content=\"index, follow, max-snippet:-1, max-image-preview:large, max-video-preview:-1\" \/>\n<link rel=\"canonical\" href=\"https:\/\/www.viesverdes.cat\/fr\/elementor-23152\/\" \/>\n<meta property=\"og:locale\" content=\"fr_FR\" \/>\n<meta property=\"og:type\" content=\"article\" \/>\n<meta property=\"og:title\" content=\"Elementor #23152 - Ecovies de Girona\" \/>\n<meta property=\"og:description\" content=\"Une fois de plus, nous c\u00e9l\u00e9brons Trailwalker a Vies verdes Girona Le test avec des distances de 10, 55 et 100 kilom\u00e8tres aura lieu les 6 et 7 mai prochains La collection sera utilis\u00e9e pour les urgences humanitaires caus\u00e9es par le changement climatique telles que les inondations ou les s\u00e9cheresses. Els propers dies 6 i [&hellip;]\" \/>\n<meta property=\"og:url\" content=\"https:\/\/www.viesverdes.cat\/fr\/elementor-23152\/\" \/>\n<meta property=\"og:site_name\" content=\"Ecovies de Girona\" \/>\n<meta property=\"article:publisher\" content=\"https:\/\/www.facebook.com\/viesverdesgirona\" \/>\n<meta property=\"article:modified_time\" content=\"2023-07-06T09:15:36+00:00\" \/>\n<meta property=\"og:image\" content=\"http:\/\/www.viesverdes.cat\/wp-content\/uploads\/2018\/11\/OITrailwalker_girona2015-14-1024x683.jpg\" \/>\n<meta name=\"twitter:card\" content=\"summary_large_image\" \/>\n<meta name=\"twitter:site\" content=\"@viesverdesgi\" \/>\n<meta name=\"twitter:label1\" content=\"Dur\u00e9e de lecture estim\u00e9e\" \/>\n\t<meta name=\"twitter:data1\" content=\"2 minutes\" \/>\n<script type=\"application\/ld+json\" class=\"yoast-schema-graph\">{\"@context\":\"https:\/\/schema.org\",\"@graph\":[{\"@type\":\"WebPage\",\"@id\":\"https:\/\/www.viesverdes.cat\/fr\/elementor-23152\/\",\"url\":\"https:\/\/www.viesverdes.cat\/fr\/elementor-23152\/\",\"name\":\"Elementor #23152 - Ecovies de Girona\",\"isPartOf\":{\"@id\":\"https:\/\/www.viesverdes.cat\/#website\"},\"primaryImageOfPage\":{\"@id\":\"https:\/\/www.viesverdes.cat\/fr\/elementor-23152\/#primaryimage\"},\"image\":{\"@id\":\"https:\/\/www.viesverdes.cat\/fr\/elementor-23152\/#primaryimage\"},\"thumbnailUrl\":\"http:\/\/www.viesverdes.cat\/wp-content\/uploads\/2018\/11\/OITrailwalker_girona2015-14-1024x683.jpg\",\"datePublished\":\"2023-07-06T09:14:03+00:00\",\"dateModified\":\"2023-07-06T09:15:36+00:00\",\"breadcrumb\":{\"@id\":\"https:\/\/www.viesverdes.cat\/fr\/elementor-23152\/#breadcrumb\"},\"inLanguage\":\"fr-FR\",\"potentialAction\":[{\"@type\":\"ReadAction\",\"target\":[\"https:\/\/www.viesverdes.cat\/fr\/elementor-23152\/\"]}]},{\"@type\":\"ImageObject\",\"inLanguage\":\"fr-FR\",\"@id\":\"https:\/\/www.viesverdes.cat\/fr\/elementor-23152\/#primaryimage\",\"url\":\"https:\/\/www.viesverdes.cat\/wp-content\/uploads\/2018\/11\/OITrailwalker_girona2015-14.jpg\",\"contentUrl\":\"https:\/\/www.viesverdes.cat\/wp-content\/uploads\/2018\/11\/OITrailwalker_girona2015-14.jpg\",\"width\":1900,\"height\":1267},{\"@type\":\"BreadcrumbList\",\"@id\":\"https:\/\/www.viesverdes.cat\/fr\/elementor-23152\/#breadcrumb\",\"itemListElement\":[{\"@type\":\"ListItem\",\"position\":1,\"name\":\"Inici\",\"item\":\"https:\/\/www.viesverdes.cat\/\"},{\"@type\":\"ListItem\",\"position\":2,\"name\":\"Elementor #23152\"}]},{\"@type\":\"WebSite\",\"@id\":\"https:\/\/www.viesverdes.cat\/#website\",\"url\":\"https:\/\/www.viesverdes.cat\/\",\"name\":\"Vies Verdes i Pirinexus\",\"description\":\"\",\"publisher\":{\"@id\":\"https:\/\/www.viesverdes.cat\/#organization\"},\"potentialAction\":[{\"@type\":\"SearchAction\",\"target\":{\"@type\":\"EntryPoint\",\"urlTemplate\":\"https:\/\/www.viesverdes.cat\/?s={search_term_string}\"},\"query-input\":\"required name=search_term_string\"}],\"inLanguage\":\"fr-FR\"},{\"@type\":\"Organization\",\"@id\":\"https:\/\/www.viesverdes.cat\/#organization\",\"name\":\"Consorci de les Vies Verdes de Girona\",\"url\":\"https:\/\/www.viesverdes.cat\/\",\"logo\":{\"@type\":\"ImageObject\",\"inLanguage\":\"fr-FR\",\"@id\":\"https:\/\/www.viesverdes.cat\/#\/schema\/logo\/image\/\",\"url\":\"https:\/\/www.viesverdes.cat\/wp-content\/uploads\/2023\/04\/Logo-Consorci-Vies-Verdes-color-1-e1682501524240.png\",\"contentUrl\":\"https:\/\/www.viesverdes.cat\/wp-content\/uploads\/2023\/04\/Logo-Consorci-Vies-Verdes-color-1-e1682501524240.png\",\"width\":350,\"height\":41,\"caption\":\"Consorci de les Vies Verdes de Girona\"},\"image\":{\"@id\":\"https:\/\/www.viesverdes.cat\/#\/schema\/logo\/image\/\"},\"sameAs\":[\"https:\/\/www.facebook.com\/viesverdesgirona\",\"https:\/\/twitter.com\/viesverdesgi\",\"https:\/\/www.youtube.com\/viesverdesgi\",\"https:\/\/www.instagram.com\/viesverdesgi\/\"]}]}<\/script>\n<!-- \/ Yoast SEO plugin. -->","yoast_head_json":{"title":"Elementor #23152 - Ecovies de Girona","robots":{"index":"index","follow":"follow","max-snippet":"max-snippet:-1","max-image-preview":"max-image-preview:large","max-video-preview":"max-video-preview:-1"},"canonical":"https:\/\/www.viesverdes.cat\/fr\/elementor-23152\/","og_locale":"fr_FR","og_type":"article","og_title":"Elementor #23152 - Ecovies de Girona","og_description":"Une fois de plus, nous c\u00e9l\u00e9brons Trailwalker a Vies verdes Girona Le test avec des distances de 10, 55 et 100 kilom\u00e8tres aura lieu les 6 et 7 mai prochains La collection sera utilis\u00e9e pour les urgences humanitaires caus\u00e9es par le changement climatique telles que les inondations ou les s\u00e9cheresses. Els propers dies 6 i [&hellip;]","og_url":"https:\/\/www.viesverdes.cat\/fr\/elementor-23152\/","og_site_name":"Ecovies de Girona","article_publisher":"https:\/\/www.facebook.com\/viesverdesgirona","article_modified_time":"2023-07-06T09:15:36+00:00","og_image":[{"url":"http:\/\/www.viesverdes.cat\/wp-content\/uploads\/2018\/11\/OITrailwalker_girona2015-14-1024x683.jpg"}],"twitter_card":"summary_large_image","twitter_site":"@viesverdesgi","twitter_misc":{"Dur\u00e9e de lecture estim\u00e9e":"2 minutes"},"schema":{"@context":"https:\/\/schema.org","@graph":[{"@type":"WebPage","@id":"https:\/\/www.viesverdes.cat\/fr\/elementor-23152\/","url":"https:\/\/www.viesverdes.cat\/fr\/elementor-23152\/","name":"Elementor #23152 - Ecovies de Girona","isPartOf":{"@id":"https:\/\/www.viesverdes.cat\/#website"},"primaryImageOfPage":{"@id":"https:\/\/www.viesverdes.cat\/fr\/elementor-23152\/#primaryimage"},"image":{"@id":"https:\/\/www.viesverdes.cat\/fr\/elementor-23152\/#primaryimage"},"thumbnailUrl":"http:\/\/www.viesverdes.cat\/wp-content\/uploads\/2018\/11\/OITrailwalker_girona2015-14-1024x683.jpg","datePublished":"2023-07-06T09:14:03+00:00","dateModified":"2023-07-06T09:15:36+00:00","breadcrumb":{"@id":"https:\/\/www.viesverdes.cat\/fr\/elementor-23152\/#breadcrumb"},"inLanguage":"fr-FR","potentialAction":[{"@type":"ReadAction","target":["https:\/\/www.viesverdes.cat\/fr\/elementor-23152\/"]}]},{"@type":"ImageObject","inLanguage":"fr-FR","@id":"https:\/\/www.viesverdes.cat\/fr\/elementor-23152\/#primaryimage","url":"https:\/\/www.viesverdes.cat\/wp-content\/uploads\/2018\/11\/OITrailwalker_girona2015-14.jpg","contentUrl":"https:\/\/www.viesverdes.cat\/wp-content\/uploads\/2018\/11\/OITrailwalker_girona2015-14.jpg","width":1900,"height":1267},{"@type":"BreadcrumbList","@id":"https:\/\/www.viesverdes.cat\/fr\/elementor-23152\/#breadcrumb","itemListElement":[{"@type":"ListItem","position":1,"name":"Inici","item":"https:\/\/www.viesverdes.cat\/"},{"@type":"ListItem","position":2,"name":"Elementor #23152"}]},{"@type":"WebSite","@id":"https:\/\/www.viesverdes.cat\/#website","url":"https:\/\/www.viesverdes.cat\/","name":"Vies Verdes i Pirinexus","description":"","publisher":{"@id":"https:\/\/www.viesverdes.cat\/#organization"},"potentialAction":[{"@type":"SearchAction","target":{"@type":"EntryPoint","urlTemplate":"https:\/\/www.viesverdes.cat\/?s={search_term_string}"},"query-input":"required name=search_term_string"}],"inLanguage":"fr-FR"},{"@type":"Organization","@id":"https:\/\/www.viesverdes.cat\/#organization","name":"Consorci de les Vies Verdes de Girona","url":"https:\/\/www.viesverdes.cat\/","logo":{"@type":"ImageObject","inLanguage":"fr-FR","@id":"https:\/\/www.viesverdes.cat\/#\/schema\/logo\/image\/","url":"https:\/\/www.viesverdes.cat\/wp-content\/uploads\/2023\/04\/Logo-Consorci-Vies-Verdes-color-1-e1682501524240.png","contentUrl":"https:\/\/www.viesverdes.cat\/wp-content\/uploads\/2023\/04\/Logo-Consorci-Vies-Verdes-color-1-e1682501524240.png","width":350,"height":41,"caption":"Consorci de les Vies Verdes de Girona"},"image":{"@id":"https:\/\/www.viesverdes.cat\/#\/schema\/logo\/image\/"},"sameAs":["https:\/\/www.facebook.com\/viesverdesgirona","https:\/\/twitter.com\/viesverdesgi","https:\/\/www.youtube.com\/viesverdesgi","https:\/\/www.instagram.com\/viesverdesgi\/"]}]}},"_links":{"self":[{"href":"https:\/\/www.viesverdes.cat\/fr\/wp-json\/wp\/v2\/pages\/23152"}],"collection":[{"href":"https:\/\/www.viesverdes.cat\/fr\/wp-json\/wp\/v2\/pages"}],"about":[{"href":"https:\/\/www.viesverdes.cat\/fr\/wp-json\/wp\/v2\/types\/page"}],"author":[{"embeddable":true,"href":"https:\/\/www.viesverdes.cat\/fr\/wp-json\/wp\/v2\/users\/4"}],"replies":[{"embeddable":true,"href":"https:\/\/www.viesverdes.cat\/fr\/wp-json\/wp\/v2\/comments?post=23152"}],"version-history":[{"count":3,"href":"https:\/\/www.viesverdes.cat\/fr\/wp-json\/wp\/v2\/pages\/23152\/revisions"}],"predecessor-version":[{"id":23155,"href":"https:\/\/www.viesverdes.cat\/fr\/wp-json\/wp\/v2\/pages\/23152\/revisions\/23155"}],"wp:attachment":[{"href":"https:\/\/www.viesverdes.cat\/fr\/wp-json\/wp\/v2\/media?parent=23152"}],"curies":[{"name":"wp","href":"https:\/\/api.w.org\/{rel}","templated":true}]}}