{"id":14378,"date":"2020-03-18T09:14:27","date_gmt":"2020-03-18T08:14:27","guid":{"rendered":"http:\/\/php8.viesverdes.cat\/rutes_vies_verdes\/el-secret-de-la-vila-damer\/"},"modified":"2024-01-10T14:29:27","modified_gmt":"2024-01-10T13:29:27","slug":"el-secret-de-la-vila-damer","status":"publish","type":"rutes_vies_verdes","link":"https:\/\/www.viesverdes.cat\/fr\/rutes_vies_verdes\/el-secret-de-la-vila-damer\/","title":{"rendered":"Le Secret de la Cit\u00e9 d&#8217;AMER"},"featured_media":0,"menu_order":0,"template":"","meta":{"_acf_changed":false},"acf":{"estil_del_titol":"ubuntu-bold","fixa_portada":"","tipus_de_ruta":"3","zona":"interior","tipus_de_ruta_interna":"cami_senyalitzat","tipus_de_secret":"medievals","transport_del_secret":"peu o bicicleta","recorregut":"","imatge_destacada":14615,"alt_imatge_destacada":"","imatge_interior_ruta":15286,"alt_imatge_interior_ruta":"","resum":"<p class=\"p1\"><span class=\"s1\">Vers le milieu du X<\/span><span class=\"s2\"><sup>e<\/sup><\/span><span class=\"s1\"> si\u00e8cle, pendant le haut Moyen \u00c2ge, plusieurs monast\u00e8res b\u00e9n\u00e9dictins sont fond\u00e9s dans la \u00ab\u00a0Vieille Catalogne\u00a0\u00bb dans le but de repeupler et d\u2019organiser le territoire, alors r\u00e9gion frontali\u00e8re.<\/span><\/p>\r\n<p class=\"p1\"><span class=\"s1\">C\u2019est le cas de Santa Maria d\u2019Amer. Comme pour d\u2019autres monast\u00e8res \u00e0 l\u2019\u00e9poque, \u00e0 l\u2019abri de celui-ci et autour de l\u2019\u00e9glise paroissiale Sant Miquel, un petit noyau d\u2019habitations se constitue aux XI<\/span><span class=\"s2\"><sup>e<\/sup><\/span><span class=\"s1\"> et XII<\/span><span class=\"s2\"><sup>e<\/sup><\/span><span class=\"s1\"> si\u00e8cles. On ne peut pas encore parler de village, mais plut\u00f4t d\u2019un groupe de maisons, plus ou moins urbanis\u00e9es, qui, comme les bastides des abords du monast\u00e8re, d\u00e9pendaient de la paroisse de Sant Miquel.<\/span><\/p>\r\n<p class=\"p1\"><span class=\"s1\">Ce n\u2019est qu\u2019au XIII<\/span><span class=\"s2\"><sup>e<\/sup><\/span><span class=\"s1\"> si\u00e8cle, temps de paix et de prosp\u00e9rit\u00e9 commerciale, que toutes les localit\u00e9s et villes de Catalogne se d\u00e9veloppent et acqui\u00e8rent une charte de peuplement. C\u2019est \u00e9galement le cas d\u2019Amer, qui s\u2019urbanise autour de la place du march\u00e9, l\u2019actuelle Pla\u00e7a de la Vila.<\/span><\/p>","descripcio":"<p class=\"p1\"><span class=\"s1\"><b>Santa Maria d\u2019Amer<\/b><\/span><\/p>\r\n<p class=\"p2\"><span class=\"s1\">Le monast\u00e8re Santa Maria d\u2019Amer \u00e9tait le centre religieux et politique de toute la vall\u00e9e du fleuve Amer, appel\u00e9 aujourd\u2019hui Brugent, et donna naissance \u00e0 la cit\u00e9 d\u2019Amer, qui s\u2019\u00e9tendit sous la protection et le contr\u00f4le de ses abb\u00e9s successifs.<\/span><\/p>\r\n<p class=\"p2\"><span class=\"s1\">En 844, la \u00ab\u00a0maison Santa Maria\u00a0\u00bb<\/span><span class=\"s2\">, <\/span><span class=\"s1\">pr\u00e8s du fleuve Amer, est d\u00e9j\u00e0 document\u00e9e. Il s\u2019agit d\u2019une cellule primitive, appartenant au monast\u00e8re Sant Medir et Sant Gen\u00eds, non loin de G\u00e9rone. Cette cellule prendra de l\u2019importance, un si\u00e8cle plus tard, lorsque le monast\u00e8re Sant Medir sera d\u00e9truit au cours des invasions hongroises, la communaut\u00e9 \u00e9tant alors transf\u00e9r\u00e9e dans la vall\u00e9e d\u2019Amer. <\/span><\/p>\r\n<p class=\"p2\"><span class=\"s1\">La cons\u00e9cration de l\u2019\u00e9glise a lieu en 949. Au fil des ann\u00e9es, le monast\u00e8re \u00e9taye ses possessions et renforce son pouvoir sur le territoire, au point de devenir l\u2019une des abbayes les plus importantes de la Catalogne m\u00e9di\u00e9vale.<\/span><\/p>\r\n<p class=\"p2\"><span class=\"s1\">De l\u2019ancien monast\u00e8re, de style roman, il ne reste que l\u2019\u00e9glise, de chaque c\u00f4t\u00e9 de laquelle des b\u00e2timents sont adoss\u00e9s, qui a \u00e9t\u00e9 int\u00e9gr\u00e9e \u00e0 la trame urbaine.<\/span><\/p>\r\n<p class=\"p1\"><span class=\"s1\"><b>Pla\u00e7a del Monestir <\/b><\/span><b> <\/b><\/p>\r\n<p class=\"p2\"><span class=\"s1\">L\u2019ancien monast\u00e8re d\u2019Amer constituait une entit\u00e9 autonome et ind\u00e9pendante de l\u2019ext\u00e9rieur, dot\u00e9e de tous types d\u2019installations, dont certaines se trouvent encore sur cette place. C\u2019est le cas de l\u2019ancienne sacristie du monast\u00e8re, le lieu o\u00f9 l\u2019on prenait soin des effets et des ustensiles dont on se servait lors des c\u00e9r\u00e9monies\u00a0; aujourd\u2019hui, elle abrite le Mus\u00e9e ethnologique d\u2019Amer (Can Terme). <\/span><\/p>\r\n<p class=\"p2\"><span class=\"s1\">Ainsi, \u00e0 l\u2019extr\u00e9mit\u00e9 sud-orientale de la place, il y a l\u2019ancienne infirmerie du monast\u00e8re et le jardin de convalescence. La fonction d\u2019infirmier et l\u2019infirmerie avaient \u00e9t\u00e9 cr\u00e9\u00e9es au monast\u00e8re d\u2019Amer en 1252 pour prendre en charge les moines \u00e2g\u00e9s et malades, auxquels la r\u00e8gle de saint Beno\u00eet accordait leur propre chambre, des v\u00eatements propres, une bonne hygi\u00e8ne et de la nourriture pour que leur sant\u00e9 s\u2019am\u00e9liore rapidement. <\/span><\/p>\r\n<p class=\"p2\"><span class=\"s1\">Sur cette m\u00eame place, se trouve la plaque en hommage \u00e0 la signature du <i>Comprom\u00eds remen\u00e7a<\/i> (Charte de rachat). En effet, cette plaque comm\u00e9more le 8 novembre 1485, date \u00e0 laquelle le repr\u00e9sentant du roi Ferdinand le Catholique, \u00cd\u00f1igo L\u00f3pez de Mendoza, signe l\u2019engagement d\u2019arbitrage du roi entre paysans et seigneurs f\u00e9odaux. Ce sera l\u2019\u00e9tape pr\u00e9alable \u00e0 la r\u00e9solution du conflit qui agitait la paysannerie catalane, auquel mettra fin la Sentence arbitrale de Guadalupe (1486). Plus t\u00f4t, en 1335, l\u2019abb\u00e9 d\u2019Amer avait renonc\u00e9 aux mauvais usages sur la cit\u00e9 d\u2019Amer. Rappelons que d\u00e8s sa fondation, le monast\u00e8re avait peu \u00e0 peu accru son pouvoir f\u00e9odal sur la cit\u00e9. Entre le XIII<\/span><span class=\"s3\"><sup>e<\/sup><\/span><span class=\"s1\"> et le <\/span><span class=\"s4\">XIV<\/span><span class=\"s3\"><sup>e<\/sup><\/span><span class=\"s1\"> si\u00e8cle, l\u2019abb\u00e9 du monast\u00e8re exer\u00e7ait la juridiction civile et avait obtenu le privil\u00e8ge de notariat.<\/span><\/p>\r\n<p class=\"p1\"><span class=\"s1\"><b>Pla\u00e7a de Sant Miquel<\/b><\/span><b> <\/b><\/p>\r\n<p class=\"p2\"><span class=\"s4\">\u00c0 <\/span><span class=\"s1\">l\u2019emplacement de cette petite place, se dressait l\u2019\u00e9glise Sant Miquel. Cet \u00e9difice roman du XII<\/span><span class=\"s3\"><sup>e<\/sup><\/span><span class=\"s1\">\u00a0si\u00e8cle \u00e9tait l\u2019\u00e9glise paroissiale d\u2019Amer et c\u2019est autour d\u2019elle que se sont multipli\u00e9es les rues de la cit\u00e9. <\/span><\/p>\r\n<p class=\"p2\"><span class=\"s1\">Au XV<\/span><span class=\"s3\"><sup>e<\/sup><\/span><span class=\"s1\"> si\u00e8cle, des s\u00e9ismes d\u00e9truisent l\u2019\u00e9glise Sant Miquel, celle du monast\u00e8re, son clo\u00eetre et bon nombre de maisons de la cit\u00e9. Sant Miquel sera reb\u00e2tie, mais deux si\u00e8cles plus tard, pendant la premi\u00e8re guerre des Faucheurs, plus pr\u00e9cis\u00e9ment en 1657, Amer vivra de graves affrontements entre paysans et soldats castillans et Sant Miquel sera \u00e0 nouveau d\u00e9truite, d\u00e9finitivement cette fois\u00a0; depuis lors, l\u2019\u00e9glise du monast\u00e8re Santa Maria est l\u2019\u00e9glise paroissiale d\u2019Amer.<\/span><\/p>\r\n<p class=\"p1\"><span class=\"s1\"><b>Carrer de Girona<span class=\"Apple-converted-space\">\u00a0 <\/span><\/b><\/span><b> <\/b><\/p>\r\n<p class=\"p2\"><span class=\"s1\">La rue de Girona co\u00efncide avec l\u2019entr\u00e9e de la voie royale de G\u00e9rone \u00e0 Olot qui longeait la rive droite du fleuve Ter et suivait une partie du trac\u00e9 de l\u2019ancienne route de G\u00e9rone \u00e0 Amer, par Sant Gregori.<\/span><\/p>\r\n<p class=\"p2\"><span class=\"s1\">Amer, comme beaucoup d\u2019autres petites localit\u00e9s, avait un h\u00f4pital des pauvres, qui \u00e9tait entretenu et administr\u00e9 par la municipalit\u00e9 et le recteur de la paroisse. <\/span><\/p>\r\n<p class=\"p2\"><span class=\"s1\">En 1325, des documents attestent qu\u2019un h\u00f4pital des pauvres vient d\u2019\u00eatre fond\u00e9 \u00e0 Amer. Avec le fort taux de mortalit\u00e9 que conna\u00eet ce si\u00e8cle, les legs au profit de la construction d\u2019un h\u00f4pital dans la cit\u00e9 augmentent. Cet \u00e9tablissement \u00e9tait financ\u00e9 par des dons d\u2019associations caritatives et des aum\u00f4nes, et \u2014\u00a0outre des malades\u00a0\u2014\u00a0il accueillait pauvres, vagabonds, marginaux, <\/span><span class=\"s4\">enfants trouv\u00e9s <\/span><span class=\"s1\">et soldats, voire m\u00eame les nouveau-n\u00e9s abandonn\u00e9s devant ses portes. <\/span><\/p>\r\n<p class=\"p2\"><span class=\"s1\">La violente destruction de l\u2019\u00e9glise Sant Miquel affecta \u00e9galement fortement l\u2019h\u00f4pital, mais, \u00e0 la diff\u00e9rence de celle-ci, on le reconstruira gr\u00e2ce aux dons d\u2019associations de bienfaisance, aux aum\u00f4nes et \u00e0 la vente de terrains h\u00e9rit\u00e9s.<\/span><\/p>\r\n<p class=\"p1\"><span class=\"s1\"><b>La chapelle de la Pietat <\/b><\/span><\/p>\r\n<p class=\"p2\"><span class=\"s1\">La chapelle de la Mare de D\u00e9u de la Pietat du Pedreguet est un petit \u00e9difice du XVII<\/span><span class=\"s3\"><sup>e<\/sup><\/span><span class=\"s1\"> si\u00e8cle, qui a \u00e9t\u00e9 restaur\u00e9 en 1844 et en 1955. Il se peut que la construction du XVII<\/span><span class=\"s3\"><sup>e<\/sup><\/span><span class=\"s1\"> soit une reconstruction d\u2019un b\u00e2timent plus ancien, peut-\u00eatre roman.<\/span><\/p>\r\n<p class=\"p2\"><span class=\"s1\">La chapelle pr\u00e9sente une structure de nef rectangulaire, une vo\u00fbte en plein cintre, un chevet d\u2019abside semi-circulaire orient\u00e9 \u00e0 l\u2019ouest, un clocher-mur sur la fa\u00e7ade et un porche \u00e0 double versant sur la fa\u00e7ade principale. L\u2019ext\u00e9rieur est rev\u00eatu d\u2019un enduit et peint en blanc, \u00e0 l\u2019exception des parties basses des cha\u00eenes d\u2019angle et des encadrements des ouvertures de la fa\u00e7ade.<\/span><\/p>\r\n<p class=\"p2\"><span class=\"s1\">C\u2019est en ces lieux, situ\u00e9s \u00e0 l\u2019entr\u00e9e d\u2019Amer par le chemin qui vient de G\u00e9rone, que l\u2019on recevait et saluait les autorit\u00e9s eccl\u00e9siastiques \u2014\u00a0\u00e9v\u00eaques et abb\u00e9s\u00a0\u2014, et que ceux-ci rev\u00eataient leurs habits pontificaux avant de p\u00e9n\u00e9trer dans la cit\u00e9 et d\u2019y faire la promenade c\u00e9r\u00e9monielle. Actuellement, la chapelle reste ouverte au culte, mais seulement de temps en temps.<\/span><\/p>\r\n<p class=\"p1\"><span class=\"s1\"><b>La place \u00e0 portiques d\u2019Amer <\/b><\/span><\/p>\r\n<p class=\"p2\"><span class=\"s1\">La <\/span><span class=\"s4\">Pla\u00e7a<\/span><span class=\"s1\"> de la Vila d\u2019Amer est la deuxi\u00e8me place \u00e0 portiques de Catalogne en ordre de grandeur. Il s\u2019agit d\u2019une vaste place rectangulaire o\u00f9, les mercredis, se tient le march\u00e9 hebdomadaire depuis le Moyen \u00c2ge. De fait, depuis le XII<\/span><span class=\"s3\"><sup>e<\/sup><\/span><span class=\"s1\"> si\u00e8cle, \u00e9poque de relative s\u00e9curit\u00e9 et de croissance \u00e9conomique, Amer a vu se d\u00e9velopper une petite industrie artisanale, et la cit\u00e9 s\u2019est peu \u00e0 peu mu\u00e9e en centre commercial avec l\u2019\u00e9tablissement du march\u00e9. A l\u2019\u00e9poque moderne, ce march\u00e9 prendra une grande importance et attirera commer\u00e7ants et habitants de toute la contr\u00e9e.<\/span><\/p>\r\n<p class=\"p2\"><span class=\"s1\">Les b\u00e2timents que conserve la place sont d\u2019origine m\u00e9di\u00e9vale, bien qu\u2019ils aient \u00e9t\u00e9 restaur\u00e9s par la suite, notamment aux XVIII<\/span><span class=\"s3\"><sup>e<\/sup><\/span><span class=\"s1\"> et XX<\/span><span class=\"s3\"><sup>e<\/sup><\/span><span class=\"s1\"> si\u00e8cles. Chaque propri\u00e9taire ayant assum\u00e9 individuellement la construction des portiques, ceux-ci sont de styles et d\u2019\u00e9poques diff\u00e9rents.<\/span><\/p>\r\n<p class=\"p2\"><span class=\"s4\">\u00c0 <\/span><span class=\"s1\">titre de curiosit\u00e9, signalons que les pav\u00e9s de la place proviennent de diff\u00e9rents endroits de Catalogne, la collaboration d\u2019autres communes ayant en effet \u00e9t\u00e9 sollicit\u00e9e lors de son am\u00e9nagement, au d\u00e9but des ann\u00e9es quatre-vingt du si\u00e8cle dernier. En guise de remerciement, des plaques en pierre sur lesquelles sont grav\u00e9s les noms de chacune de ces localit\u00e9s se trouvent en divers endroits de la place.<\/span><\/p>\r\n<p class=\"p2\"><span class=\"s1\">Une des maisons de la place \u00e9tait l\u2019ancienne <\/span><span class=\"s4\">auberge Fonda <\/span><span class=\"s1\">Duran, derri\u00e8re laquelle se trouvait l\u2019arr\u00eat de la diligence qui venait de G\u00e9rone. Le chemin de fer n\u2019arrivera \u00e0 Amer qu\u2019\u00e0 la fin du XIX<\/span><span class=\"s3\"><sup>e<\/sup><\/span><span class=\"s1\"> si\u00e8cle\u00a0; il s\u2019agissait de la ligne entre Olot et G\u00e9rone, qui allait rester en service 75 ans, aujourd\u2019hui reconvertie en voie verte.<\/span><\/p>","quil\u00f2metres":"1,85 Km","ruta_accessible":false,"descripcio_accessibilitat":"","desnivell":"","dificultat":"minima","paviment":"Itin\u00e9raire urbain","altitud_minima":"","alitud_maxima":"","serveis":[{"field_5a0ac768e9d67":"Restaurants"},{"field_5a0ac768e9d67":"H\u00e9bergement"},{"field_5a0ac768e9d67":"R\u00e9paration de V\u00e9los"},{"field_5a0ac768e9d67":"Commerce"}],"ruta_descarregar":14558,"link_wikiloc":"","wikiloc":"","link_instamaps":"https:\/\/www.instamaps.cat\/visor.html?businessid=8e756fb73b0620510b45e39aff78aa5b&3D=false","instamaps":"<iframe width=\"100%\" height=\"100%\" frameborder=\"0\" scrolling=\"no\" marginheight=\"0\" marginwidth=\"0\" src=\"https:\/\/www.instamaps.cat\/visor.html?businessid=8e756fb73b0620510b45e39aff78aa5b&3D=false&embed=1\" ><\/iframe><\/div>","imatges":[{"field_5a0ac809e9d6b":"14597","field_5aeab2f23b7bd":"Place de monast\u00e8re","field_5a0ac87de9d6c":""},{"field_5a0ac809e9d6b":"14601","field_5aeab2f23b7bd":"monast\u00e8re Santa Maria d\u2019Amer","field_5a0ac87de9d6c":""},{"field_5a0ac809e9d6b":"14605","field_5aeab2f23b7bd":"La chapelle de la Pietat","field_5a0ac87de9d6c":""},{"field_5a0ac809e9d6b":"14609","field_5aeab2f23b7bd":"","field_5a0ac87de9d6c":""},{"field_5a0ac809e9d6b":"15020","field_5aeab2f23b7bd":"","field_5a0ac87de9d6c":""},{"field_5a0ac809e9d6b":"15024","field_5aeab2f23b7bd":"","field_5a0ac87de9d6c":""},{"field_5a0ac809e9d6b":"15680","field_5aeab2f23b7bd":"","field_5a0ac87de9d6c":""},{"field_5a0ac809e9d6b":"15684","field_5aeab2f23b7bd":"","field_5a0ac87de9d6c":""},{"field_5a0ac809e9d6b":"15688","field_5aeab2f23b7bd":"","field_5a0ac87de9d6c":""},{"field_5a0ac809e9d6b":"15692","field_5aeab2f23b7bd":"","field_5a0ac87de9d6c":""}],"mapa_ruta":14693,"alt_mapa_ruta":"","mapa_geografic":382,"alt_mapa_geografic":"","mapa_pobles_ruta":17164,"alt_mapa_pobles_ruta":"","mapa_desnivell_":15702,"alt_mapa_desnivell":"","com_arribar_hi_trens":false,"com_arribar_hi_autobusos":false,"com_arribar_hi_cotxes":false,"com_arribar_hi_aeroport":false,"oficines_turisme":false,"ajuntaments":[{"field_5da440d0aa48a":"4523"}],"que_visitar":false,"allotjaments":false,"gastronomia":false,"agencies_viatges":false,"lloguers_transfers":false,"altres_serveis":false,"rutes_vinculades":[{"field_5daebd929c80f":"2405"},{"field_5daebd929c80f":"1210"}],"tracks_rutes":false},"yoast_head":"<!-- This site is optimized with the Yoast SEO plugin v22.2 - https:\/\/yoast.com\/wordpress\/plugins\/seo\/ -->\n<title>Le Secret de la Cit\u00e9 d&#039;AMER - Ecovies de Girona<\/title>\n<meta name=\"robots\" content=\"index, follow, max-snippet:-1, max-image-preview:large, max-video-preview:-1\" \/>\n<link rel=\"canonical\" href=\"https:\/\/www.viesverdes.cat\/fr\/rutes_vies_verdes\/el-secret-de-la-vila-damer\/\" \/>\n<meta property=\"og:locale\" content=\"fr_FR\" \/>\n<meta property=\"og:type\" content=\"article\" \/>\n<meta property=\"og:title\" content=\"Le Secret de la Cit\u00e9 d&#039;AMER - Ecovies de Girona\" \/>\n<meta property=\"og:url\" content=\"https:\/\/www.viesverdes.cat\/fr\/rutes_vies_verdes\/el-secret-de-la-vila-damer\/\" \/>\n<meta property=\"og:site_name\" content=\"Ecovies de Girona\" \/>\n<meta property=\"article:publisher\" content=\"https:\/\/www.facebook.com\/viesverdesgirona\" \/>\n<meta property=\"article:modified_time\" content=\"2024-01-10T13:29:27+00:00\" \/>\n<meta name=\"twitter:card\" content=\"summary_large_image\" \/>\n<meta name=\"twitter:site\" content=\"@viesverdesgi\" \/>\n<script type=\"application\/ld+json\" class=\"yoast-schema-graph\">{\"@context\":\"https:\/\/schema.org\",\"@graph\":[{\"@type\":\"WebPage\",\"@id\":\"https:\/\/www.viesverdes.cat\/fr\/rutes_vies_verdes\/el-secret-de-la-vila-damer\/\",\"url\":\"https:\/\/www.viesverdes.cat\/fr\/rutes_vies_verdes\/el-secret-de-la-vila-damer\/\",\"name\":\"Le Secret de la Cit\u00e9 d'AMER - Ecovies de Girona\",\"isPartOf\":{\"@id\":\"https:\/\/www.viesverdes.cat\/#website\"},\"datePublished\":\"2020-03-18T08:14:27+00:00\",\"dateModified\":\"2024-01-10T13:29:27+00:00\",\"breadcrumb\":{\"@id\":\"https:\/\/www.viesverdes.cat\/fr\/rutes_vies_verdes\/el-secret-de-la-vila-damer\/#breadcrumb\"},\"inLanguage\":\"fr-FR\",\"potentialAction\":[{\"@type\":\"ReadAction\",\"target\":[\"https:\/\/www.viesverdes.cat\/fr\/rutes_vies_verdes\/el-secret-de-la-vila-damer\/\"]}]},{\"@type\":\"BreadcrumbList\",\"@id\":\"https:\/\/www.viesverdes.cat\/fr\/rutes_vies_verdes\/el-secret-de-la-vila-damer\/#breadcrumb\",\"itemListElement\":[{\"@type\":\"ListItem\",\"position\":1,\"name\":\"Inici\",\"item\":\"https:\/\/www.viesverdes.cat\/\"},{\"@type\":\"ListItem\",\"position\":2,\"name\":\"Le Secret de la Cit\u00e9 d&#8217;AMER\"}]},{\"@type\":\"WebSite\",\"@id\":\"https:\/\/www.viesverdes.cat\/#website\",\"url\":\"https:\/\/www.viesverdes.cat\/\",\"name\":\"Vies Verdes i Pirinexus\",\"description\":\"\",\"publisher\":{\"@id\":\"https:\/\/www.viesverdes.cat\/#organization\"},\"potentialAction\":[{\"@type\":\"SearchAction\",\"target\":{\"@type\":\"EntryPoint\",\"urlTemplate\":\"https:\/\/www.viesverdes.cat\/?s={search_term_string}\"},\"query-input\":\"required name=search_term_string\"}],\"inLanguage\":\"fr-FR\"},{\"@type\":\"Organization\",\"@id\":\"https:\/\/www.viesverdes.cat\/#organization\",\"name\":\"Consorci de les Vies Verdes de Girona\",\"url\":\"https:\/\/www.viesverdes.cat\/\",\"logo\":{\"@type\":\"ImageObject\",\"inLanguage\":\"fr-FR\",\"@id\":\"https:\/\/www.viesverdes.cat\/#\/schema\/logo\/image\/\",\"url\":\"https:\/\/www.viesverdes.cat\/wp-content\/uploads\/2023\/04\/Logo-Consorci-Vies-Verdes-color-1-e1682501524240.png\",\"contentUrl\":\"https:\/\/www.viesverdes.cat\/wp-content\/uploads\/2023\/04\/Logo-Consorci-Vies-Verdes-color-1-e1682501524240.png\",\"width\":350,\"height\":41,\"caption\":\"Consorci de les Vies Verdes de Girona\"},\"image\":{\"@id\":\"https:\/\/www.viesverdes.cat\/#\/schema\/logo\/image\/\"},\"sameAs\":[\"https:\/\/www.facebook.com\/viesverdesgirona\",\"https:\/\/twitter.com\/viesverdesgi\",\"https:\/\/www.youtube.com\/viesverdesgi\",\"https:\/\/www.instagram.com\/viesverdesgi\/\"]}]}<\/script>\n<!-- \/ Yoast SEO plugin. -->","yoast_head_json":{"title":"Le Secret de la Cit\u00e9 d'AMER - Ecovies de Girona","robots":{"index":"index","follow":"follow","max-snippet":"max-snippet:-1","max-image-preview":"max-image-preview:large","max-video-preview":"max-video-preview:-1"},"canonical":"https:\/\/www.viesverdes.cat\/fr\/rutes_vies_verdes\/el-secret-de-la-vila-damer\/","og_locale":"fr_FR","og_type":"article","og_title":"Le Secret de la Cit\u00e9 d'AMER - Ecovies de Girona","og_url":"https:\/\/www.viesverdes.cat\/fr\/rutes_vies_verdes\/el-secret-de-la-vila-damer\/","og_site_name":"Ecovies de Girona","article_publisher":"https:\/\/www.facebook.com\/viesverdesgirona","article_modified_time":"2024-01-10T13:29:27+00:00","twitter_card":"summary_large_image","twitter_site":"@viesverdesgi","schema":{"@context":"https:\/\/schema.org","@graph":[{"@type":"WebPage","@id":"https:\/\/www.viesverdes.cat\/fr\/rutes_vies_verdes\/el-secret-de-la-vila-damer\/","url":"https:\/\/www.viesverdes.cat\/fr\/rutes_vies_verdes\/el-secret-de-la-vila-damer\/","name":"Le Secret de la Cit\u00e9 d'AMER - Ecovies de Girona","isPartOf":{"@id":"https:\/\/www.viesverdes.cat\/#website"},"datePublished":"2020-03-18T08:14:27+00:00","dateModified":"2024-01-10T13:29:27+00:00","breadcrumb":{"@id":"https:\/\/www.viesverdes.cat\/fr\/rutes_vies_verdes\/el-secret-de-la-vila-damer\/#breadcrumb"},"inLanguage":"fr-FR","potentialAction":[{"@type":"ReadAction","target":["https:\/\/www.viesverdes.cat\/fr\/rutes_vies_verdes\/el-secret-de-la-vila-damer\/"]}]},{"@type":"BreadcrumbList","@id":"https:\/\/www.viesverdes.cat\/fr\/rutes_vies_verdes\/el-secret-de-la-vila-damer\/#breadcrumb","itemListElement":[{"@type":"ListItem","position":1,"name":"Inici","item":"https:\/\/www.viesverdes.cat\/"},{"@type":"ListItem","position":2,"name":"Le Secret de la Cit\u00e9 d&#8217;AMER"}]},{"@type":"WebSite","@id":"https:\/\/www.viesverdes.cat\/#website","url":"https:\/\/www.viesverdes.cat\/","name":"Vies Verdes i Pirinexus","description":"","publisher":{"@id":"https:\/\/www.viesverdes.cat\/#organization"},"potentialAction":[{"@type":"SearchAction","target":{"@type":"EntryPoint","urlTemplate":"https:\/\/www.viesverdes.cat\/?s={search_term_string}"},"query-input":"required name=search_term_string"}],"inLanguage":"fr-FR"},{"@type":"Organization","@id":"https:\/\/www.viesverdes.cat\/#organization","name":"Consorci de les Vies Verdes de Girona","url":"https:\/\/www.viesverdes.cat\/","logo":{"@type":"ImageObject","inLanguage":"fr-FR","@id":"https:\/\/www.viesverdes.cat\/#\/schema\/logo\/image\/","url":"https:\/\/www.viesverdes.cat\/wp-content\/uploads\/2023\/04\/Logo-Consorci-Vies-Verdes-color-1-e1682501524240.png","contentUrl":"https:\/\/www.viesverdes.cat\/wp-content\/uploads\/2023\/04\/Logo-Consorci-Vies-Verdes-color-1-e1682501524240.png","width":350,"height":41,"caption":"Consorci de les Vies Verdes de Girona"},"image":{"@id":"https:\/\/www.viesverdes.cat\/#\/schema\/logo\/image\/"},"sameAs":["https:\/\/www.facebook.com\/viesverdesgirona","https:\/\/twitter.com\/viesverdesgi","https:\/\/www.youtube.com\/viesverdesgi","https:\/\/www.instagram.com\/viesverdesgi\/"]}]}},"_links":{"self":[{"href":"https:\/\/www.viesverdes.cat\/fr\/wp-json\/wp\/v2\/rutes_vies_verdes\/14378"}],"collection":[{"href":"https:\/\/www.viesverdes.cat\/fr\/wp-json\/wp\/v2\/rutes_vies_verdes"}],"about":[{"href":"https:\/\/www.viesverdes.cat\/fr\/wp-json\/wp\/v2\/types\/rutes_vies_verdes"}],"version-history":[{"count":1,"href":"https:\/\/www.viesverdes.cat\/fr\/wp-json\/wp\/v2\/rutes_vies_verdes\/14378\/revisions"}],"predecessor-version":[{"id":24394,"href":"https:\/\/www.viesverdes.cat\/fr\/wp-json\/wp\/v2\/rutes_vies_verdes\/14378\/revisions\/24394"}],"wp:attachment":[{"href":"https:\/\/www.viesverdes.cat\/fr\/wp-json\/wp\/v2\/media?parent=14378"}],"curies":[{"name":"wp","href":"https:\/\/api.w.org\/{rel}","templated":true}]}}