{"id":21544,"date":"2023-03-13T14:43:27","date_gmt":"2023-03-13T13:43:27","guid":{"rendered":"https:\/\/www.viesverdes.cat\/rutes_vies_verdes\/pedalant-entre-sureres-i-aigues-termals\/"},"modified":"2024-01-09T09:41:55","modified_gmt":"2024-01-09T08:41:55","slug":"pedalant-entre-sureres-i-aigues-termals","status":"publish","type":"rutes_vies_verdes","link":"https:\/\/www.viesverdes.cat\/fr\/rutes_vies_verdes\/pedalant-entre-sureres-i-aigues-termals\/","title":{"rendered":"\u00c0 v\u00e9lo entre les ch\u00eanes-li\u00e8ges et les eaux thermales (Route du Carrilet + Route thermale)"},"featured_media":0,"menu_order":0,"template":"","meta":{"_acf_changed":false},"acf":{"estil_del_titol":"ubuntu-bold","fixa_portada":["1"],"tipus_de_ruta":"5","zona":"interior","tipus_de_ruta_interna":"via_verda","tipus_de_secret":"","transport_del_secret":"","recorregut":"Girona - Cass\u00e0 de la Selva - Caldes de Malavella (retour \u00e0 Girona en train)","imatge_destacada":21590,"alt_imatge_destacada":"","imatge_interior_ruta":21241,"alt_imatge_interior_ruta":"\u00c0 v\u00e9lo entre les ch\u00eanes-li\u00e8ges et les eaux thermales carte","resum":"La Route thermale relie la voie verte \u00e0 la Via Augusta ou Cam\u00ed Ral (Chemin royal) jusqu\u2019\u00e0 Caldes de Malavella. L\u2019itin\u00e9raire, en pente douce, permet de d\u00e9couvrir une grande diversit\u00e9 de paysages\u00a0: des champs cultiv\u00e9s, des for\u00eats de ch\u00eanes et la plaine de la Selva, depuis laquelle vous pouvez contempler les massifs montagneux des Guilleries et du Montseny. Le parcours se termine dans le centre de la localit\u00e9, dont l\u2019eau thermale en est le symbole et le signe d\u2019identit\u00e9.\r\n\r\nMais l\u2019itin\u00e9raire propos\u00e9 va plus loin. Que diriez-vous de quitter G\u00e9rone en p\u00e9dalant le long de la voie verte et de rejoindre la Route thermale\u00a0? Une bonne id\u00e9e, n\u2019est-ce pas\u00a0? De plus, \u00e0 mi-chemin se trouve la localit\u00e9 de Cass\u00e0 de la Selva o\u00f9 nous vous recommandons une halte \u00e0 la d\u00e9couverte de son ancienne industrie du ch\u00eane-li\u00e8ge qui remonte au XVIIIe si\u00e8cle, avant de reprendre le chemin au niveau de la gare du Carrilet.\r\n\r\nEn quittant Cass\u00e0, continuez sur le chemin jusqu\u2019\u00e0 rejoindre la Route thermale. Vous pouvez revenir de Caldes \u00e0 G\u00e9rone en train. Les trains de banlieue permettent de monter \u00e0 bord avec le v\u00e9lo!\r\n\r\nEn tout, 32,5 km \u00e0 v\u00e9lo \u00e0 travers champs et for\u00eats. N\u2019h\u00e9sitez pas \u00e0 faire cet itin\u00e9raire!","descripcio":"Depuis G\u00e9rone, dirigez-vous vers le d\u00e9but de la Route du Carrilet II qui se trouve au bout de la rue Emili Grahit. Apr\u00e8s avoir rejoint la Route du Carrilet, suivez les indications jusqu\u2019\u00e0 Cass\u00e0 de la Selva (15\u00a0km), traversez le centre de la commune et environ 3\u00a0kilom\u00e8tres plus loin se trouve la bifurcation avec la Route thermale en direction de Caldes de Malavella.\r\n\r\nLa Route thermale, en pente douce, permet de d\u00e9couvrir une grande diversit\u00e9 de paysages, dont des champs cultiv\u00e9s, des for\u00eats de ch\u00eanes et la plaine de la Selva depuis laquelle vous pouvez contempler les massifs montagneux des Guilleries et du Montseny.\r\n\r\nApr\u00e8s environ 9 kilom\u00e8tres, vous arriverez \u00e0 Caldes de Malavella, dont l\u2019eau thermale en est le symbole et le signe d\u2019identit\u00e9. Vous pourrez d\u00e9couvrir la localit\u00e9 en visitant le centre thermal, les thermes romains ou encore en d\u00e9gustant l\u2019eau qui jaillit de ses sources d\u2019eau min\u00e9rale et m\u00e9dicinale.\r\n\r\nDepuis Caldes de Malavella, vous pouvez rejoindre G\u00e9rone en train.","quil\u00f2metres":"27 km","ruta_accessible":false,"descripcio_accessibilitat":"","desnivell":"2,7 %","dificultat":"minima","paviment":"","altitud_minima":"73 m","alitud_maxima":"145 m","serveis":false,"ruta_descarregar":21228,"link_wikiloc":"https:\/\/www.wikiloc.com\/bicycle-touring-trails\/pedalant-entre-sureres-i-agues-termals-121585939","wikiloc":"<iframe frameBorder=\"0\" scrolling=\"no\" src=\"https:\/\/www.wikiloc.com\/wikiloc\/spatialArtifacts.do?event=view&id=121585939&measures=off&title=off&near=off&images=off&maptype=H\" width=\"500\" height=\"400\"><\/iframe><div style=\"color:#777;font-size:11px;line-height:16px;\">","link_instamaps":"https:\/\/www.instamaps.cat\/instavisor\/8164b18a1909d6ba6d99b7d9ab35379c\/Ruta_entre_sureres_i_aig\u00fces_termals.html","instamaps":"<div style=\"height: 50vh; width: 200%; margin: auto;\"><iframe width=\"50%\" height=\"100%\" frameborder=\"0\" scrolling=\"no\" marginheight=\"0\" marginwidth=\"0\" src=\"https:\/\/www.instamaps.cat\/instavisor\/8164b18a1909d6ba6d99b7d9ab35379c\/Ruta_entre_sureres_i_aig\u00fces_termals.html&embed=1\" ><\/iframe><\/div>","imatges":false,"mapa_ruta":21223,"alt_mapa_ruta":"\u00c0 v\u00e9lo entre les ch\u00eanes-li\u00e8ges et les eaux thermales carte","mapa_geografic":"","alt_mapa_geografic":"","mapa_pobles_ruta":"","alt_mapa_pobles_ruta":"","mapa_desnivell_":21236,"alt_mapa_desnivell":"\u00c0 v\u00e9lo entre les ch\u00eanes-li\u00e8ges et les eaux thermales carte","com_arribar_hi_trens":[{"field_5a44f892b4a82":"RENFE","field_5a44f8aeb4a83":"Barcelone Sants-Portbou \u2013 L\u2019Hospitalet de Llobregat-Figueres\/Portbou (R1, RG1, R11)\r\n\r\nStations: Girona, Fornells de la Selva, Riudellots de la Selva, Caldes de Malavella\r\nBillets: Tel. 900 41 00 41\r\nhttps:\/\/rodalies.gencat.cat\/time\/index.html"}],"com_arribar_hi_autobusos":[{"field_5a44f8ccb4a8b":"TEISA","field_5a44f8ccb4a8c":"Tel. 972 20 48 68\r\n<a href=\"http:\/\/www.teisa-bus.com\/\">www.teisa-bus.com<\/a>"}],"com_arribar_hi_cotxes":[{"field_5a44f8cbb4a88":"PAR ROUTE","field_5a44f8cbb4a89":"AP-7 autoroute (A-7)\r\nN-II \/ A-2, GI-673\r\n<a href=\"http:\/\/www.mobilitat.net\/\" target=\"_blank\" rel=\"noopener\">www.mobilitat.net<\/a>"}],"com_arribar_hi_aeroport":[{"field_5a44f8c9b4a85":"GIRONA - COSTA BRAVA A\u00c9ROPORT","field_5a44f8c9b4a86":"Office du tourisme: T\u00e9l. 972 186708\r\nInformations sur les vols: T\u00e9l. 972 186 600\r\nT\u00e9l. 972 20 48 68\r\n<a href=\"http:\/\/www.aena.es\/\" target=\"_blank\" rel=\"noopener\">www.aena.es<\/a>"}],"oficines_turisme":[{"field_5a65c67da6e47":"4460"},{"field_5a65c67da6e47":"15157"}],"ajuntaments":[{"field_5da440d0aa48a":"865"},{"field_5da440d0aa48a":"4475"},{"field_5da440d0aa48a":"4469"},{"field_5da440d0aa48a":"4425"},{"field_5da440d0aa48a":"4609"}],"que_visitar":[{"field_5daeb9a2f19c1":"9424"},{"field_5daeb9a2f19c1":"8508"},{"field_5daeb9a2f19c1":"9153"},{"field_5daeb9a2f19c1":"9866"}],"allotjaments":false,"gastronomia":false,"agencies_viatges":[{"field_5daeba58f19c7":"5886"},{"field_5daeba58f19c7":"19297"}],"lloguers_transfers":[{"field_5daebbb8f19c9":"4126"},{"field_5daebbb8f19c9":"4242"},{"field_5daebbb8f19c9":"4217"},{"field_5daebbb8f19c9":"4225"}],"altres_serveis":[{"field_5daebc1ef19cb":"2223"}],"rutes_vinculades":[{"field_5daebd929c80f":"2311"},{"field_5daebd929c80f":"2566"},{"field_5daebd929c80f":"19252"}],"tracks_rutes":[{"field_5daebdd69c811":"#0083db","field_5daebdfd9c812":"21228"}]},"yoast_head":"<!-- This site is optimized with the Yoast SEO plugin v22.2 - https:\/\/yoast.com\/wordpress\/plugins\/seo\/ -->\n<title>\u00c0 v\u00e9lo entre les ch\u00eanes-li\u00e8ges et les eaux thermales (Route du Carrilet + Route thermale) - Ecovies de Girona<\/title>\n<meta name=\"robots\" content=\"index, follow, max-snippet:-1, max-image-preview:large, max-video-preview:-1\" \/>\n<link rel=\"canonical\" href=\"https:\/\/www.viesverdes.cat\/fr\/rutes_vies_verdes\/pedalant-entre-sureres-i-aigues-termals\/\" \/>\n<meta property=\"og:locale\" content=\"fr_FR\" \/>\n<meta property=\"og:type\" content=\"article\" \/>\n<meta property=\"og:title\" content=\"\u00c0 v\u00e9lo entre les ch\u00eanes-li\u00e8ges et les eaux thermales (Route du Carrilet + Route thermale) - Ecovies de Girona\" \/>\n<meta property=\"og:url\" content=\"https:\/\/www.viesverdes.cat\/fr\/rutes_vies_verdes\/pedalant-entre-sureres-i-aigues-termals\/\" \/>\n<meta property=\"og:site_name\" content=\"Ecovies de Girona\" \/>\n<meta property=\"article:publisher\" content=\"https:\/\/www.facebook.com\/viesverdesgirona\" \/>\n<meta property=\"article:modified_time\" content=\"2024-01-09T08:41:55+00:00\" \/>\n<meta name=\"twitter:card\" content=\"summary_large_image\" \/>\n<meta name=\"twitter:site\" content=\"@viesverdesgi\" \/>\n<script type=\"application\/ld+json\" class=\"yoast-schema-graph\">{\"@context\":\"https:\/\/schema.org\",\"@graph\":[{\"@type\":\"WebPage\",\"@id\":\"https:\/\/www.viesverdes.cat\/fr\/rutes_vies_verdes\/pedalant-entre-sureres-i-aigues-termals\/\",\"url\":\"https:\/\/www.viesverdes.cat\/fr\/rutes_vies_verdes\/pedalant-entre-sureres-i-aigues-termals\/\",\"name\":\"\u00c0 v\u00e9lo entre les ch\u00eanes-li\u00e8ges et les eaux thermales (Route du Carrilet + Route thermale) - Ecovies de Girona\",\"isPartOf\":{\"@id\":\"https:\/\/www.viesverdes.cat\/#website\"},\"datePublished\":\"2023-03-13T13:43:27+00:00\",\"dateModified\":\"2024-01-09T08:41:55+00:00\",\"breadcrumb\":{\"@id\":\"https:\/\/www.viesverdes.cat\/fr\/rutes_vies_verdes\/pedalant-entre-sureres-i-aigues-termals\/#breadcrumb\"},\"inLanguage\":\"fr-FR\",\"potentialAction\":[{\"@type\":\"ReadAction\",\"target\":[\"https:\/\/www.viesverdes.cat\/fr\/rutes_vies_verdes\/pedalant-entre-sureres-i-aigues-termals\/\"]}]},{\"@type\":\"BreadcrumbList\",\"@id\":\"https:\/\/www.viesverdes.cat\/fr\/rutes_vies_verdes\/pedalant-entre-sureres-i-aigues-termals\/#breadcrumb\",\"itemListElement\":[{\"@type\":\"ListItem\",\"position\":1,\"name\":\"Inici\",\"item\":\"https:\/\/www.viesverdes.cat\/\"},{\"@type\":\"ListItem\",\"position\":2,\"name\":\"\u00c0 v\u00e9lo entre les ch\u00eanes-li\u00e8ges et les eaux thermales (Route du Carrilet + Route thermale)\"}]},{\"@type\":\"WebSite\",\"@id\":\"https:\/\/www.viesverdes.cat\/#website\",\"url\":\"https:\/\/www.viesverdes.cat\/\",\"name\":\"Vies Verdes i Pirinexus\",\"description\":\"\",\"publisher\":{\"@id\":\"https:\/\/www.viesverdes.cat\/#organization\"},\"potentialAction\":[{\"@type\":\"SearchAction\",\"target\":{\"@type\":\"EntryPoint\",\"urlTemplate\":\"https:\/\/www.viesverdes.cat\/?s={search_term_string}\"},\"query-input\":\"required name=search_term_string\"}],\"inLanguage\":\"fr-FR\"},{\"@type\":\"Organization\",\"@id\":\"https:\/\/www.viesverdes.cat\/#organization\",\"name\":\"Consorci de les Vies Verdes de Girona\",\"url\":\"https:\/\/www.viesverdes.cat\/\",\"logo\":{\"@type\":\"ImageObject\",\"inLanguage\":\"fr-FR\",\"@id\":\"https:\/\/www.viesverdes.cat\/#\/schema\/logo\/image\/\",\"url\":\"https:\/\/www.viesverdes.cat\/wp-content\/uploads\/2023\/04\/Logo-Consorci-Vies-Verdes-color-1-e1682501524240.png\",\"contentUrl\":\"https:\/\/www.viesverdes.cat\/wp-content\/uploads\/2023\/04\/Logo-Consorci-Vies-Verdes-color-1-e1682501524240.png\",\"width\":350,\"height\":41,\"caption\":\"Consorci de les Vies Verdes de Girona\"},\"image\":{\"@id\":\"https:\/\/www.viesverdes.cat\/#\/schema\/logo\/image\/\"},\"sameAs\":[\"https:\/\/www.facebook.com\/viesverdesgirona\",\"https:\/\/twitter.com\/viesverdesgi\",\"https:\/\/www.youtube.com\/viesverdesgi\",\"https:\/\/www.instagram.com\/viesverdesgi\/\"]}]}<\/script>\n<!-- \/ Yoast SEO plugin. -->","yoast_head_json":{"title":"\u00c0 v\u00e9lo entre les ch\u00eanes-li\u00e8ges et les eaux thermales (Route du Carrilet + Route thermale) - Ecovies de Girona","robots":{"index":"index","follow":"follow","max-snippet":"max-snippet:-1","max-image-preview":"max-image-preview:large","max-video-preview":"max-video-preview:-1"},"canonical":"https:\/\/www.viesverdes.cat\/fr\/rutes_vies_verdes\/pedalant-entre-sureres-i-aigues-termals\/","og_locale":"fr_FR","og_type":"article","og_title":"\u00c0 v\u00e9lo entre les ch\u00eanes-li\u00e8ges et les eaux thermales (Route du Carrilet + Route thermale) - Ecovies de Girona","og_url":"https:\/\/www.viesverdes.cat\/fr\/rutes_vies_verdes\/pedalant-entre-sureres-i-aigues-termals\/","og_site_name":"Ecovies de Girona","article_publisher":"https:\/\/www.facebook.com\/viesverdesgirona","article_modified_time":"2024-01-09T08:41:55+00:00","twitter_card":"summary_large_image","twitter_site":"@viesverdesgi","schema":{"@context":"https:\/\/schema.org","@graph":[{"@type":"WebPage","@id":"https:\/\/www.viesverdes.cat\/fr\/rutes_vies_verdes\/pedalant-entre-sureres-i-aigues-termals\/","url":"https:\/\/www.viesverdes.cat\/fr\/rutes_vies_verdes\/pedalant-entre-sureres-i-aigues-termals\/","name":"\u00c0 v\u00e9lo entre les ch\u00eanes-li\u00e8ges et les eaux thermales (Route du Carrilet + Route thermale) - Ecovies de Girona","isPartOf":{"@id":"https:\/\/www.viesverdes.cat\/#website"},"datePublished":"2023-03-13T13:43:27+00:00","dateModified":"2024-01-09T08:41:55+00:00","breadcrumb":{"@id":"https:\/\/www.viesverdes.cat\/fr\/rutes_vies_verdes\/pedalant-entre-sureres-i-aigues-termals\/#breadcrumb"},"inLanguage":"fr-FR","potentialAction":[{"@type":"ReadAction","target":["https:\/\/www.viesverdes.cat\/fr\/rutes_vies_verdes\/pedalant-entre-sureres-i-aigues-termals\/"]}]},{"@type":"BreadcrumbList","@id":"https:\/\/www.viesverdes.cat\/fr\/rutes_vies_verdes\/pedalant-entre-sureres-i-aigues-termals\/#breadcrumb","itemListElement":[{"@type":"ListItem","position":1,"name":"Inici","item":"https:\/\/www.viesverdes.cat\/"},{"@type":"ListItem","position":2,"name":"\u00c0 v\u00e9lo entre les ch\u00eanes-li\u00e8ges et les eaux thermales (Route du Carrilet + Route thermale)"}]},{"@type":"WebSite","@id":"https:\/\/www.viesverdes.cat\/#website","url":"https:\/\/www.viesverdes.cat\/","name":"Vies Verdes i Pirinexus","description":"","publisher":{"@id":"https:\/\/www.viesverdes.cat\/#organization"},"potentialAction":[{"@type":"SearchAction","target":{"@type":"EntryPoint","urlTemplate":"https:\/\/www.viesverdes.cat\/?s={search_term_string}"},"query-input":"required name=search_term_string"}],"inLanguage":"fr-FR"},{"@type":"Organization","@id":"https:\/\/www.viesverdes.cat\/#organization","name":"Consorci de les Vies Verdes de Girona","url":"https:\/\/www.viesverdes.cat\/","logo":{"@type":"ImageObject","inLanguage":"fr-FR","@id":"https:\/\/www.viesverdes.cat\/#\/schema\/logo\/image\/","url":"https:\/\/www.viesverdes.cat\/wp-content\/uploads\/2023\/04\/Logo-Consorci-Vies-Verdes-color-1-e1682501524240.png","contentUrl":"https:\/\/www.viesverdes.cat\/wp-content\/uploads\/2023\/04\/Logo-Consorci-Vies-Verdes-color-1-e1682501524240.png","width":350,"height":41,"caption":"Consorci de les Vies Verdes de Girona"},"image":{"@id":"https:\/\/www.viesverdes.cat\/#\/schema\/logo\/image\/"},"sameAs":["https:\/\/www.facebook.com\/viesverdesgirona","https:\/\/twitter.com\/viesverdesgi","https:\/\/www.youtube.com\/viesverdesgi","https:\/\/www.instagram.com\/viesverdesgi\/"]}]}},"_links":{"self":[{"href":"https:\/\/www.viesverdes.cat\/fr\/wp-json\/wp\/v2\/rutes_vies_verdes\/21544"}],"collection":[{"href":"https:\/\/www.viesverdes.cat\/fr\/wp-json\/wp\/v2\/rutes_vies_verdes"}],"about":[{"href":"https:\/\/www.viesverdes.cat\/fr\/wp-json\/wp\/v2\/types\/rutes_vies_verdes"}],"version-history":[{"count":3,"href":"https:\/\/www.viesverdes.cat\/fr\/wp-json\/wp\/v2\/rutes_vies_verdes\/21544\/revisions"}],"predecessor-version":[{"id":24281,"href":"https:\/\/www.viesverdes.cat\/fr\/wp-json\/wp\/v2\/rutes_vies_verdes\/21544\/revisions\/24281"}],"wp:attachment":[{"href":"https:\/\/www.viesverdes.cat\/fr\/wp-json\/wp\/v2\/media?parent=21544"}],"curies":[{"name":"wp","href":"https:\/\/api.w.org\/{rel}","templated":true}]}}