{"id":22541,"date":"2020-02-13T15:46:45","date_gmt":"2020-02-13T14:46:45","guid":{"rendered":"https:\/\/www.viesverdes.cat\/rutes_vies_verdes\/camprodon-llanars\/"},"modified":"2025-12-10T15:55:06","modified_gmt":"2025-12-10T14:55:06","slug":"alt-ter","status":"publish","type":"rutes_vies_verdes","link":"https:\/\/www.viesverdes.cat\/fr\/rutes_vies_verdes\/alt-ter\/","title":{"rendered":"Itin\u00e9raire th\u00e9matique Alt Ter"},"featured_media":0,"menu_order":0,"template":"","meta":{"_acf_changed":false},"acf":{"estil_del_titol":"ubuntu-bold","fixa_portada":["1"],"tipus_de_ruta":"1","zona":"pirineu","tipus_de_ruta_interna":"via_verda","tipus_de_secret":"","transport_del_secret":"","recorregut":"Sant Joan de les Abadesses - Vilallonga de Ter","imatge_destacada":12196,"alt_imatge_destacada":"Tron\u00e7on de l'itin\u00e9raire de Sant Joan de les Abadesses \u00e0 Colonia Llaudet. Vue g\u00e9n\u00e9rale et garde-corps","imatge_interior_ruta":15266,"alt_imatge_interior_ruta":"Tron\u00e7on de l'itin\u00e9raire de Sant Joan de les Abadesses \u00e0 Colonia Llaudet. Vue g\u00e9n\u00e9rale et cadre verdoyant","resum":"L\u2019itin\u00e9raire th\u00e9matique Alt Ter longe le cours du fleuve Ter, de Sant Joan de les Abadesses \u00e0 Vilallonga de Ter, combinant des sections de voie verte et des sections de circulation partag\u00e9e. La premi\u00e8re partie de l\u2019itin\u00e9raire, entre Sant Joan de les Abadesses et Camprodon, fait \u00e9galement partie de la grande route cyclable du Pirinexus. La derni\u00e8re partie du parcours quitte Camprodon et suit la rivi\u00e8re, le long de la voie verte, jusqu\u2019\u00e0 Vilallonga de Ter.","descripcio":"L\u2019itin\u00e9raire traverse la r\u00e9gion du Ripoll\u00e8s et commence \u00e0 <strong>Sant Joan de les Abadesses<\/strong>, o\u00f9 vous pouvez rejoindre la route del Ferro i el Carb\u00f3 (du Fer et du Charbon) entre Ripoll et Ogassa, ainsi que la partie reliant la route du Carrilet vers Olot.\r\n\r\nEn quittant Sant Joan de les Abadesses et en suivant la rive droite du Ter, vous atteindrez la <strong>colonie de Llaudet<\/strong>, une colonie textile inscrite \u00e0 l\u2019Inventaire du patrimoine architectural de Catalogne. L\u2019ensemble de b\u00e2timents a \u00e9t\u00e9 \u00e9rig\u00e9 vers la fin du XIXe si\u00e8cle et l\u2019an 1902 Josep Maria Llaudet cr\u00e9a la colonie, de pair avec l\u2019usine de filature de coton. L\u2019ensemble est un embl\u00e8me de l\u2019industrialisation textile du Ripoll\u00e8s.\r\n\r\nL\u2019itin\u00e9raire traverse la rivi\u00e8re \u00e0 plusieurs reprises (par les ponts Vell, du Reixac et de Perella, et par quelques passerelles), jusqu\u2019\u00e0 atteindre <strong>Sant Pau de Seg\u00faries<\/strong>.\r\n\r\n\u00c0 la sortie de Sant Pau de Seg\u00faries en direction de Camprodon, il y a un tron\u00e7on de route menant au pont de la Rovira. De l\u00e0, l\u2019itin\u00e9raire suit une route goudronn\u00e9e partag\u00e9e avec les habitants de la r\u00e9gion, qui traverse le camping de Vall de Camprodon et arrive \u00e0 Camprodon. \u00c0 l\u2019entr\u00e9e de cette ville, notre itin\u00e9raire se s\u00e9pare de Pirinexus, qui continue vers Moll\u00f3.\r\n\r\n\u00c0 <strong>Camprodon<\/strong>, l\u2019itin\u00e9raire emprunte une route urbaine parall\u00e8le au Ronda Mas Vent\u00f3s jusqu\u2019au pont sur le Ter, o\u00f9 commence le dernier tron\u00e7on de voie verte.\r\n\r\nLa section de la voie verte de Camprodon \u00e0 Vilallonga de Ter traverse un paysage ouvert et ensoleill\u00e9 entre prairies et champs, borde la rivi\u00e8re Ter et traverse le ruisseau Feit\u00fas, \u00e0 Llanars. Au bout du parcours, Vilallonga de Ter offre des vues extraordinaires qui invitent \u00e0 s\u2019arr\u00eater, \u00e0 profiter des environs et \u00e0 entrer dans le vieux quartier, o\u00f9 se dresse l\u2019\u00e9glise romane de Sant Mart\u00ed.\r\n\r\n&nbsp;","quil\u00f2metres":"21,76 km","ruta_accessible":false,"descripcio_accessibilitat":"","desnivell":"1,79%","dificultat":"minima","paviment":"Asphalte","altitud_minima":"757 m (Sant Joan de les Abadesses)","alitud_maxima":"1.048 m (Vilallonga de Ter)","serveis":false,"ruta_descarregar":29632,"link_wikiloc":"https:\/\/www.wikiloc.com\/bicycle-touring-trails\/via-tematica-de-lalt-ter-243303286","wikiloc":"<iframe frameBorder=\"0\" scrolling=\"no\" src=\"https:\/\/www.wikiloc.com\/wikiloc\/embedv2.do?id=243303286&elevation=off&images=off&maptype=H\" width=\"500\" height=\"400\"><\/iframe>","link_instamaps":"https:\/\/www.instamaps.cat\/visor.html?businessid=d72cdf20698119a4a6e009ecb8908566&3D=false","instamaps":"<iframe width=\"500\" height=\"400\" frameborder=\"0\" scrolling=\"no\" marginheight=\"0\" marginwidth=\"0\" src=\"https:\/\/www.instamaps.cat\/visor.html?businessid=d72cdf20698119a4a6e009ecb8908566&3D=false\" ><\/iframe>","imatges":[{"field_5a0ac809e9d6b":"29358","field_5aeab2f23b7bd":"Voie verte Camprodon - Vilallonga de Ter","field_5a0ac87de9d6c":""},{"field_5a0ac809e9d6b":"13688","field_5aeab2f23b7bd":"Camprodon - Vilallonga de Ter","field_5a0ac87de9d6c":""},{"field_5a0ac809e9d6b":"13692","field_5aeab2f23b7bd":"Route en direction de Llanars, voie verte Camprodon - Vilallonga de Ter","field_5a0ac87de9d6c":""},{"field_5a0ac809e9d6b":"20192","field_5aeab2f23b7bd":"Passeig de Maristany, voie verte Camprodon - Vilallonga de Ter","field_5a0ac87de9d6c":""},{"field_5a0ac809e9d6b":"20196","field_5aeab2f23b7bd":"Passeig de Maristany, voie verte Camprodon - Vilallonga de Ter","field_5a0ac87de9d6c":""},{"field_5a0ac809e9d6b":"20200","field_5aeab2f23b7bd":"","field_5a0ac87de9d6c":""}],"mapa_ruta":"","alt_mapa_ruta":"Carte voie verte Camprodon - Vilallonga de Ter","mapa_geografic":20338,"alt_mapa_geografic":"L\u2019itin\u00e9raire th\u00e9matique Alt Ter ","mapa_pobles_ruta":29490,"alt_mapa_pobles_ruta":"Carte de d\u00e9grad\u00e9 Voie verte Camprodon - Vilallonga de Ter","mapa_desnivell_":29486,"alt_mapa_desnivell":"Carte des pentes voie verte Camprodon - Vilallonga de Ter","com_arribar_hi_trens":[{"field_5a44f892b4a82":"RENFE","field_5a44f8aeb4a83":"<strong>A<\/strong> <strong>Camprodon<\/strong>: <a href=\"http:\/\/www.valldecamprodon.org\/CA\/170\/menu-principal\/com-arribar-hi\/en-transport-public-html\" target=\"_blank\" rel=\"noopener\">http:\/\/www.valldecamprodon.org\/CA\/170\/menu-principal\/com-arribar-hi\/en-transport-public-html<\/a>"}],"com_arribar_hi_autobusos":[{"field_5a44f8ccb4a8b":"TEISA","field_5a44f8ccb4a8c":"<strong>Camprodon<\/strong>: <a href=\"http:\/\/www.valldecamprodon.org\/CA\/170\/menu-principal\/com-arribar-hi\/en-transport-public-html\" target=\"_blank\" rel=\"noopener\">http:\/\/www.valldecamprodon.org\/CA\/170\/menu-principal\/com-arribar-hi\/en-transport-public-html<\/a>"}],"com_arribar_hi_cotxes":[{"field_5a44f8cbb4a88":"PER CARRETERA","field_5a44f8cbb4a89":"<strong>A<\/strong> <strong>Camprodon<\/strong>: <a href=\"http:\/\/www.valldecamprodon.org\/CA\/170\/menu-principal\/com-arribar-hi\/en-transport-public-html\" target=\"_blank\" rel=\"noopener\">http:\/\/www.valldecamprodon.org\/CA\/170\/menu-principal\/com-arribar-hi\/en-transport-public-html<\/a>"}],"com_arribar_hi_aeroport":false,"oficines_turisme":[{"field_5a65c67da6e47":"848"}],"ajuntaments":false,"que_visitar":[{"field_5daeb9a2f19c1":"9309"}],"allotjaments":false,"gastronomia":false,"agencies_viatges":false,"lloguers_transfers":false,"altres_serveis":false,"rutes_vinculades":[{"field_5daebd929c80f":"2423"},{"field_5daebd929c80f":"1095"}],"tracks_rutes":false},"yoast_head":"<!-- This site is optimized with the Yoast SEO plugin v22.2 - https:\/\/yoast.com\/wordpress\/plugins\/seo\/ -->\n<title>Itin\u00e9raire th\u00e9matique Alt Ter - Ecovies de Girona<\/title>\n<meta name=\"description\" content=\"L\u2019itin\u00e9raire th\u00e9matique Alt Ter longe le cours du fleuve Ter, de Sant Joan de les Abadesses \u00e0 Vilallonga de Ter, combinant des sections de voie verte et des sections de circulation partag\u00e9e\" \/>\n<meta name=\"robots\" content=\"index, follow, max-snippet:-1, max-image-preview:large, max-video-preview:-1\" \/>\n<link rel=\"canonical\" href=\"https:\/\/www.viesverdes.cat\/fr\/rutes_vies_verdes\/alt-ter\/\" \/>\n<meta property=\"og:locale\" content=\"fr_FR\" \/>\n<meta property=\"og:type\" content=\"article\" \/>\n<meta property=\"og:title\" content=\"Itin\u00e9raire th\u00e9matique Alt Ter - Ecovies de Girona\" \/>\n<meta property=\"og:description\" content=\"L\u2019itin\u00e9raire th\u00e9matique Alt Ter longe le cours du fleuve Ter, de Sant Joan de les Abadesses \u00e0 Vilallonga de Ter, combinant des sections de voie verte et des sections de circulation partag\u00e9e\" \/>\n<meta property=\"og:url\" content=\"https:\/\/www.viesverdes.cat\/fr\/rutes_vies_verdes\/alt-ter\/\" \/>\n<meta property=\"og:site_name\" content=\"Ecovies de Girona\" \/>\n<meta property=\"article:publisher\" content=\"https:\/\/www.facebook.com\/viesverdesgirona\" \/>\n<meta property=\"article:modified_time\" content=\"2025-12-10T14:55:06+00:00\" \/>\n<meta name=\"twitter:card\" content=\"summary_large_image\" \/>\n<meta name=\"twitter:site\" content=\"@viesverdesgi\" \/>\n<script type=\"application\/ld+json\" class=\"yoast-schema-graph\">{\"@context\":\"https:\/\/schema.org\",\"@graph\":[{\"@type\":\"WebPage\",\"@id\":\"https:\/\/www.viesverdes.cat\/fr\/rutes_vies_verdes\/alt-ter\/\",\"url\":\"https:\/\/www.viesverdes.cat\/fr\/rutes_vies_verdes\/alt-ter\/\",\"name\":\"Itin\u00e9raire th\u00e9matique Alt Ter - Ecovies de Girona\",\"isPartOf\":{\"@id\":\"https:\/\/www.viesverdes.cat\/#website\"},\"datePublished\":\"2020-02-13T14:46:45+00:00\",\"dateModified\":\"2025-12-10T14:55:06+00:00\",\"description\":\"L\u2019itin\u00e9raire th\u00e9matique Alt Ter longe le cours du fleuve Ter, de Sant Joan de les Abadesses \u00e0 Vilallonga de Ter, combinant des sections de voie verte et des sections de circulation partag\u00e9e\",\"breadcrumb\":{\"@id\":\"https:\/\/www.viesverdes.cat\/fr\/rutes_vies_verdes\/alt-ter\/#breadcrumb\"},\"inLanguage\":\"fr-FR\",\"potentialAction\":[{\"@type\":\"ReadAction\",\"target\":[\"https:\/\/www.viesverdes.cat\/fr\/rutes_vies_verdes\/alt-ter\/\"]}]},{\"@type\":\"BreadcrumbList\",\"@id\":\"https:\/\/www.viesverdes.cat\/fr\/rutes_vies_verdes\/alt-ter\/#breadcrumb\",\"itemListElement\":[{\"@type\":\"ListItem\",\"position\":1,\"name\":\"Inici\",\"item\":\"https:\/\/www.viesverdes.cat\/\"},{\"@type\":\"ListItem\",\"position\":2,\"name\":\"Itin\u00e9raire th\u00e9matique Alt Ter\"}]},{\"@type\":\"WebSite\",\"@id\":\"https:\/\/www.viesverdes.cat\/#website\",\"url\":\"https:\/\/www.viesverdes.cat\/\",\"name\":\"Vies Verdes i Pirinexus\",\"description\":\"\",\"publisher\":{\"@id\":\"https:\/\/www.viesverdes.cat\/#organization\"},\"potentialAction\":[{\"@type\":\"SearchAction\",\"target\":{\"@type\":\"EntryPoint\",\"urlTemplate\":\"https:\/\/www.viesverdes.cat\/?s={search_term_string}\"},\"query-input\":\"required name=search_term_string\"}],\"inLanguage\":\"fr-FR\"},{\"@type\":\"Organization\",\"@id\":\"https:\/\/www.viesverdes.cat\/#organization\",\"name\":\"Consorci de les Vies Verdes de Girona\",\"url\":\"https:\/\/www.viesverdes.cat\/\",\"logo\":{\"@type\":\"ImageObject\",\"inLanguage\":\"fr-FR\",\"@id\":\"https:\/\/www.viesverdes.cat\/#\/schema\/logo\/image\/\",\"url\":\"https:\/\/www.viesverdes.cat\/wp-content\/uploads\/2023\/04\/Logo-Consorci-Vies-Verdes-color-1-e1682501524240.png\",\"contentUrl\":\"https:\/\/www.viesverdes.cat\/wp-content\/uploads\/2023\/04\/Logo-Consorci-Vies-Verdes-color-1-e1682501524240.png\",\"width\":350,\"height\":41,\"caption\":\"Consorci de les Vies Verdes de Girona\"},\"image\":{\"@id\":\"https:\/\/www.viesverdes.cat\/#\/schema\/logo\/image\/\"},\"sameAs\":[\"https:\/\/www.facebook.com\/viesverdesgirona\",\"https:\/\/twitter.com\/viesverdesgi\",\"https:\/\/www.youtube.com\/viesverdesgi\",\"https:\/\/www.instagram.com\/viesverdesgi\/\"]}]}<\/script>\n<!-- \/ Yoast SEO plugin. -->","yoast_head_json":{"title":"Itin\u00e9raire th\u00e9matique Alt Ter - Ecovies de Girona","description":"L\u2019itin\u00e9raire th\u00e9matique Alt Ter longe le cours du fleuve Ter, de Sant Joan de les Abadesses \u00e0 Vilallonga de Ter, combinant des sections de voie verte et des sections de circulation partag\u00e9e","robots":{"index":"index","follow":"follow","max-snippet":"max-snippet:-1","max-image-preview":"max-image-preview:large","max-video-preview":"max-video-preview:-1"},"canonical":"https:\/\/www.viesverdes.cat\/fr\/rutes_vies_verdes\/alt-ter\/","og_locale":"fr_FR","og_type":"article","og_title":"Itin\u00e9raire th\u00e9matique Alt Ter - Ecovies de Girona","og_description":"L\u2019itin\u00e9raire th\u00e9matique Alt Ter longe le cours du fleuve Ter, de Sant Joan de les Abadesses \u00e0 Vilallonga de Ter, combinant des sections de voie verte et des sections de circulation partag\u00e9e","og_url":"https:\/\/www.viesverdes.cat\/fr\/rutes_vies_verdes\/alt-ter\/","og_site_name":"Ecovies de Girona","article_publisher":"https:\/\/www.facebook.com\/viesverdesgirona","article_modified_time":"2025-12-10T14:55:06+00:00","twitter_card":"summary_large_image","twitter_site":"@viesverdesgi","schema":{"@context":"https:\/\/schema.org","@graph":[{"@type":"WebPage","@id":"https:\/\/www.viesverdes.cat\/fr\/rutes_vies_verdes\/alt-ter\/","url":"https:\/\/www.viesverdes.cat\/fr\/rutes_vies_verdes\/alt-ter\/","name":"Itin\u00e9raire th\u00e9matique Alt Ter - Ecovies de Girona","isPartOf":{"@id":"https:\/\/www.viesverdes.cat\/#website"},"datePublished":"2020-02-13T14:46:45+00:00","dateModified":"2025-12-10T14:55:06+00:00","description":"L\u2019itin\u00e9raire th\u00e9matique Alt Ter longe le cours du fleuve Ter, de Sant Joan de les Abadesses \u00e0 Vilallonga de Ter, combinant des sections de voie verte et des sections de circulation partag\u00e9e","breadcrumb":{"@id":"https:\/\/www.viesverdes.cat\/fr\/rutes_vies_verdes\/alt-ter\/#breadcrumb"},"inLanguage":"fr-FR","potentialAction":[{"@type":"ReadAction","target":["https:\/\/www.viesverdes.cat\/fr\/rutes_vies_verdes\/alt-ter\/"]}]},{"@type":"BreadcrumbList","@id":"https:\/\/www.viesverdes.cat\/fr\/rutes_vies_verdes\/alt-ter\/#breadcrumb","itemListElement":[{"@type":"ListItem","position":1,"name":"Inici","item":"https:\/\/www.viesverdes.cat\/"},{"@type":"ListItem","position":2,"name":"Itin\u00e9raire th\u00e9matique Alt Ter"}]},{"@type":"WebSite","@id":"https:\/\/www.viesverdes.cat\/#website","url":"https:\/\/www.viesverdes.cat\/","name":"Vies Verdes i Pirinexus","description":"","publisher":{"@id":"https:\/\/www.viesverdes.cat\/#organization"},"potentialAction":[{"@type":"SearchAction","target":{"@type":"EntryPoint","urlTemplate":"https:\/\/www.viesverdes.cat\/?s={search_term_string}"},"query-input":"required name=search_term_string"}],"inLanguage":"fr-FR"},{"@type":"Organization","@id":"https:\/\/www.viesverdes.cat\/#organization","name":"Consorci de les Vies Verdes de Girona","url":"https:\/\/www.viesverdes.cat\/","logo":{"@type":"ImageObject","inLanguage":"fr-FR","@id":"https:\/\/www.viesverdes.cat\/#\/schema\/logo\/image\/","url":"https:\/\/www.viesverdes.cat\/wp-content\/uploads\/2023\/04\/Logo-Consorci-Vies-Verdes-color-1-e1682501524240.png","contentUrl":"https:\/\/www.viesverdes.cat\/wp-content\/uploads\/2023\/04\/Logo-Consorci-Vies-Verdes-color-1-e1682501524240.png","width":350,"height":41,"caption":"Consorci de les Vies Verdes de Girona"},"image":{"@id":"https:\/\/www.viesverdes.cat\/#\/schema\/logo\/image\/"},"sameAs":["https:\/\/www.facebook.com\/viesverdesgirona","https:\/\/twitter.com\/viesverdesgi","https:\/\/www.youtube.com\/viesverdesgi","https:\/\/www.instagram.com\/viesverdesgi\/"]}]}},"_links":{"self":[{"href":"https:\/\/www.viesverdes.cat\/fr\/wp-json\/wp\/v2\/rutes_vies_verdes\/22541"}],"collection":[{"href":"https:\/\/www.viesverdes.cat\/fr\/wp-json\/wp\/v2\/rutes_vies_verdes"}],"about":[{"href":"https:\/\/www.viesverdes.cat\/fr\/wp-json\/wp\/v2\/types\/rutes_vies_verdes"}],"version-history":[{"count":8,"href":"https:\/\/www.viesverdes.cat\/fr\/wp-json\/wp\/v2\/rutes_vies_verdes\/22541\/revisions"}],"predecessor-version":[{"id":29642,"href":"https:\/\/www.viesverdes.cat\/fr\/wp-json\/wp\/v2\/rutes_vies_verdes\/22541\/revisions\/29642"}],"wp:attachment":[{"href":"https:\/\/www.viesverdes.cat\/fr\/wp-json\/wp\/v2\/media?parent=22541"}],"curies":[{"name":"wp","href":"https:\/\/api.w.org\/{rel}","templated":true}]}}