{"id":2570,"date":"2018-05-22T12:59:13","date_gmt":"2018-05-22T11:59:13","guid":{"rendered":"http:\/\/iglesies.cat\/viesverdes\/rutes_vies_verdes\/ruta-del-tren-pinxo\/"},"modified":"2024-01-09T10:07:30","modified_gmt":"2024-01-09T09:07:30","slug":"route-girona-tren-pinxo","status":"publish","type":"rutes_vies_verdes","link":"https:\/\/www.viesverdes.cat\/fr\/rutes_vies_verdes\/route-girona-tren-pinxo\/","title":{"rendered":"Route Tren Pinxo"},"featured_media":0,"menu_order":4,"template":"","meta":{"_acf_changed":false},"acf":{"estil_del_titol":"ubuntu-bold","fixa_portada":["1"],"tipus_de_ruta":"4","zona":"interior","tipus_de_ruta_interna":"via_verda","tipus_de_secret":"","transport_del_secret":"","recorregut":"Girona - Banyoles - Seriny\u00e0","imatge_destacada":23160,"alt_imatge_destacada":"Route Girona - Sarri\u00e0 de Ter","imatge_interior_ruta":23156,"alt_imatge_interior_ruta":"Route Girona - Sarri\u00e0 de Ter","resum":"Cette itin\u00e9raire relie la r\u00e9gion de Giron\u00e8s \u00e0 la r\u00e9gion du Pla de l'Estany. Il y a pr\u00e8s de 30 kilom\u00e8tres de route qui, depuis G\u00e9rone, traversent les communes et villes de Sarri\u00e0 de Ter, Sant Juli\u00e0 de Ramis, Riudellots de la Creu, Palol de Revardit, Cornell\u00e0 del Terri, Porqueres, Banyoles et Seriny\u00e0.","descripcio":"L'itin\u00e9raire nous rapproche de paysages aux \u00e9l\u00e9ments naturels uniques et en bonne mesure il est inclus dans l'Espace d'int\u00e9r\u00eat naturel du lac de Banyoles. Il traverse une zone d'eau importante. Dans la section initiale, il suit le Ter, plus tard la rivi\u00e8re Terri, il longe le lac de Banyoles et nous rapproche du Clot d'Espolla (un \u00e9tang de crue temporaire) et de la zone agricole et foresti\u00e8re du Pla d'Usall.\r\n\r\nLa route du Pla de l'Estany est inspir\u00e9e de l'ancienne ligne de train qui partait de Palam\u00f3s et reliait G\u00e9rone et Banyoles. La deuxi\u00e8me partie de l'itin\u00e9raire \u00e9tait r\u00e9alis\u00e9e par un train connu sous le nom de <em>train Pinxo<\/em>, tr\u00e8s populaire aupr\u00e8s de la population. La route actuelle r\u00e9cup\u00e8re certaines parties de la voie ferr\u00e9e, et une grande partie sont des nouvelles voies proches des anciennes voies, d\u00e9sormais pass\u00e9es sous l'asphalte de la route C-66.\r\n\r\nCet itin\u00e9raire relie \u00e9galement des tron\u00e7ons de la route Carrilet I (G\u00e9rone-Olot) et la Route du Carrilet II (G\u00e9rone-Sant Feliu de Gu\u00edxols).","quil\u00f2metres":"37 Km","ruta_accessible":false,"descripcio_accessibilitat":"La moiti\u00e9 du parcours se fait sur la rive du Ter, derri\u00e8re les installations du GEiEG de G\u00e9rone dans la zone de Sant Pon\u00e7, ombrag\u00e9e et fra\u00eeche. L\u2019autre moiti\u00e9 se fait le long de la route entre G\u00e9rone et Sarri\u00e0, dans un espace s\u00e9par\u00e9 des voies r\u00e9serv\u00e9es aux v\u00e9hicules \u00e0 moteur.\r\n\r\nDe G\u00e9rone \u00e0 Sarri\u00e0, il faut de l\u2019aide dans une mont\u00e9e \u00e0 la fin du tron\u00e7on de la rivi\u00e8re quand il rejoint la partie parall\u00e8le \u00e0 la route. Sans aide, il faut le faire dans l\u2019autre sens, de Sarri\u00e0 de Ter \u00e0 G\u00e9rone, en freinant bien dans la descente.","desnivell":"0,5%","dificultat":"mitjana","paviment":"sable ","altitud_minima":"70 m (Girona)","alitud_maxima":"241 m (Pla de Mart\u00eds)","serveis":false,"ruta_descarregar":20244,"link_wikiloc":"https:\/\/ca.wikiloc.com\/rutes-cicloturisme\/ruta-del-tren-pinxo-girona-banyoles-serinya-97077427","wikiloc":"<iframe frameBorder=\"0\" scrolling=\"no\" src=\"https:\/\/ca.wikiloc.com\/wikiloc\/spatialArtifacts.do?event=view&id=97077427&measures=off&title=off&near=off&images=off&maptype=H\" width=\"500\" height=\"400\"><\/iframe><div style=\"color:#777;font-size:11px;line-height:16px;\">","link_instamaps":"","instamaps":"","imatges":[{"field_5a0ac809e9d6b":"17773","field_5aeab2f23b7bd":"P\u00e8re et gar\u00e7on \u00e0 v\u00e9lo sur Sarri\u00e0 de Ter","field_5a0ac87de9d6c":""},{"field_5a0ac809e9d6b":"17777","field_5aeab2f23b7bd":"Route Girona - Sarri\u00e0 de Ter","field_5a0ac87de9d6c":""},{"field_5a0ac809e9d6b":"17781","field_5aeab2f23b7bd":"Route Girona - Sarri\u00e0 de Ter","field_5a0ac87de9d6c":""},{"field_5a0ac809e9d6b":"17765","field_5aeab2f23b7bd":"Route Girona - Sarri\u00e0 de Ter","field_5a0ac87de9d6c":""},{"field_5a0ac809e9d6b":"17769","field_5aeab2f23b7bd":"Route Girona - Sarri\u00e0 de Ter","field_5a0ac87de9d6c":""},{"field_5a0ac809e9d6b":"17785","field_5aeab2f23b7bd":"Route Girona - Sarri\u00e0 de Ter","field_5a0ac87de9d6c":""},{"field_5a0ac809e9d6b":"17789","field_5aeab2f23b7bd":"Route Girona - Sarri\u00e0 de Ter","field_5a0ac87de9d6c":""},{"field_5a0ac809e9d6b":"17801","field_5aeab2f23b7bd":"","field_5a0ac87de9d6c":""},{"field_5a0ac809e9d6b":"17797","field_5aeab2f23b7bd":"","field_5a0ac87de9d6c":""},{"field_5a0ac809e9d6b":"17805","field_5aeab2f23b7bd":"","field_5a0ac87de9d6c":""},{"field_5a0ac809e9d6b":"","field_5aeab2f23b7bd":"","field_5a0ac87de9d6c":""}],"mapa_ruta":17579,"alt_mapa_ruta":"Charte du le Route Girona - Sarri\u00e0 de Ter","mapa_geografic":20382,"alt_mapa_geografic":"Carte g\u00e9ographique du le Route Girona - Sarri\u00e0 de Ter","mapa_pobles_ruta":20456,"alt_mapa_pobles_ruta":"Route Girona - Sarri\u00e0 de Ter schema","mapa_desnivell_":20521,"alt_mapa_desnivell":"mapa de desnivell de la ruta","com_arribar_hi_trens":[{"field_5a44f892b4a82":"RENFE","field_5a44f8aeb4a83":"Ligne Barcelone-Portbou (Gare de G\u00e9rone)\r\nPl. Espanya, s\/n \u2013 17002 Girona\r\nR\u00e9servation billets : t\u00e9l. 902 240202\r\n<a href=\"http:\/\/www.renfe.com\/\" target=\"_blank\" rel=\"noopener\">www.renfe.com<\/a>"}],"com_arribar_hi_autobusos":[{"field_5a44f8ccb4a8b":"TEISA","field_5a44f8ccb4a8c":"Tel.\u00a0 +34 972 20 48 68\r\n<a href=\"http:\/\/www.teisa-bus.com\/\" target=\"_blank\" rel=\"noopener\">www.teisa-bus.com<\/a>"},{"field_5a44f8ccb4a8b":"SARFA","field_5a44f8ccb4a8c":"Tel. 902 302 025\r\n<a href=\"http:\/\/www.sarfa.com\/\" target=\"_blank\" rel=\"noopener\">www.sarfa.com<\/a>"}],"com_arribar_hi_cotxes":[{"field_5a44f8cbb4a88":"AUTOROUTE","field_5a44f8cbb4a89":"AP-7 (A-7) AUTOROUTE\r\n\r\n<a href=\"http:\/\/www.mobilitat.net\/\" target=\"_blank\" rel=\"noopener\">www.mobilitat.net<\/a>"}],"com_arribar_hi_aeroport":[{"field_5a44f8c9b4a85":"AEROPORT GIRONA-COSTA BRAVA","field_5a44f8c9b4a86":"Office de tourisme : t\u00e9l. +34 972 18 67 08\r\nRenseignements vols : t\u00e9l.\u00a0 +34 972 18 66 00\r\n<a href=\"mailto:ot.aerogirona.ctc@gencat.net\">ot.aerogirona.ctc@gencat.net<\/a>\r\n<a href=\"http:\/\/www.aena.es\/\">www.aena.es<\/a>\r\nBus de Ryanair depuis l\u2019a\u00e9roport jusqu\u2019\u00e0 la gare routi\u00e8re de G\u00e9rone."}],"oficines_turisme":[{"field_5a65c67da6e47":"4460"},{"field_5a65c67da6e47":"5552"},{"field_5a65c67da6e47":"17597"}],"ajuntaments":[{"field_5da440d0aa48a":"865"},{"field_5da440d0aa48a":"4621"},{"field_5da440d0aa48a":"23043"},{"field_5da440d0aa48a":"23032"},{"field_5da440d0aa48a":"23024"},{"field_5da440d0aa48a":"23016"},{"field_5da440d0aa48a":"23007"},{"field_5da440d0aa48a":"22998"},{"field_5da440d0aa48a":"22989"},{"field_5da440d0aa48a":"22977"}],"que_visitar":[{"field_5daeb9a2f19c1":"9424"},{"field_5daeb9a2f19c1":"8508"},{"field_5daeb9a2f19c1":"18418"}],"allotjaments":false,"gastronomia":false,"agencies_viatges":false,"lloguers_transfers":false,"altres_serveis":false,"rutes_vinculades":[{"field_5daebd929c80f":"1210"},{"field_5daebd929c80f":"2433"}],"tracks_rutes":[{"field_5daebdd69c811":"#ff0000","field_5daebdfd9c812":""}]},"yoast_head":"<!-- This site is optimized with the Yoast SEO plugin v22.2 - https:\/\/yoast.com\/wordpress\/plugins\/seo\/ -->\n<title>Route Tren Pinxo - Ecovies de Girona<\/title>\n<meta name=\"robots\" content=\"index, follow, max-snippet:-1, max-image-preview:large, max-video-preview:-1\" \/>\n<link rel=\"canonical\" href=\"https:\/\/www.viesverdes.cat\/fr\/rutes_vies_verdes\/route-girona-tren-pinxo\/\" \/>\n<meta property=\"og:locale\" content=\"fr_FR\" \/>\n<meta property=\"og:type\" content=\"article\" \/>\n<meta property=\"og:title\" content=\"Route Tren Pinxo - Ecovies de Girona\" \/>\n<meta property=\"og:url\" content=\"https:\/\/www.viesverdes.cat\/fr\/rutes_vies_verdes\/route-girona-tren-pinxo\/\" \/>\n<meta property=\"og:site_name\" content=\"Ecovies de Girona\" \/>\n<meta property=\"article:publisher\" content=\"https:\/\/www.facebook.com\/viesverdesgirona\" \/>\n<meta property=\"article:modified_time\" content=\"2024-01-09T09:07:30+00:00\" \/>\n<meta name=\"twitter:card\" content=\"summary_large_image\" \/>\n<meta name=\"twitter:site\" content=\"@viesverdesgi\" \/>\n<script type=\"application\/ld+json\" class=\"yoast-schema-graph\">{\"@context\":\"https:\/\/schema.org\",\"@graph\":[{\"@type\":\"WebPage\",\"@id\":\"https:\/\/www.viesverdes.cat\/fr\/rutes_vies_verdes\/route-girona-tren-pinxo\/\",\"url\":\"https:\/\/www.viesverdes.cat\/fr\/rutes_vies_verdes\/route-girona-tren-pinxo\/\",\"name\":\"Route Tren Pinxo - Ecovies de Girona\",\"isPartOf\":{\"@id\":\"https:\/\/www.viesverdes.cat\/#website\"},\"datePublished\":\"2018-05-22T11:59:13+00:00\",\"dateModified\":\"2024-01-09T09:07:30+00:00\",\"breadcrumb\":{\"@id\":\"https:\/\/www.viesverdes.cat\/fr\/rutes_vies_verdes\/route-girona-tren-pinxo\/#breadcrumb\"},\"inLanguage\":\"fr-FR\",\"potentialAction\":[{\"@type\":\"ReadAction\",\"target\":[\"https:\/\/www.viesverdes.cat\/fr\/rutes_vies_verdes\/route-girona-tren-pinxo\/\"]}]},{\"@type\":\"BreadcrumbList\",\"@id\":\"https:\/\/www.viesverdes.cat\/fr\/rutes_vies_verdes\/route-girona-tren-pinxo\/#breadcrumb\",\"itemListElement\":[{\"@type\":\"ListItem\",\"position\":1,\"name\":\"Inici\",\"item\":\"https:\/\/www.viesverdes.cat\/\"},{\"@type\":\"ListItem\",\"position\":2,\"name\":\"Route Tren Pinxo\"}]},{\"@type\":\"WebSite\",\"@id\":\"https:\/\/www.viesverdes.cat\/#website\",\"url\":\"https:\/\/www.viesverdes.cat\/\",\"name\":\"Vies Verdes i Pirinexus\",\"description\":\"\",\"publisher\":{\"@id\":\"https:\/\/www.viesverdes.cat\/#organization\"},\"potentialAction\":[{\"@type\":\"SearchAction\",\"target\":{\"@type\":\"EntryPoint\",\"urlTemplate\":\"https:\/\/www.viesverdes.cat\/?s={search_term_string}\"},\"query-input\":\"required name=search_term_string\"}],\"inLanguage\":\"fr-FR\"},{\"@type\":\"Organization\",\"@id\":\"https:\/\/www.viesverdes.cat\/#organization\",\"name\":\"Consorci de les Vies Verdes de Girona\",\"url\":\"https:\/\/www.viesverdes.cat\/\",\"logo\":{\"@type\":\"ImageObject\",\"inLanguage\":\"fr-FR\",\"@id\":\"https:\/\/www.viesverdes.cat\/#\/schema\/logo\/image\/\",\"url\":\"https:\/\/www.viesverdes.cat\/wp-content\/uploads\/2023\/04\/Logo-Consorci-Vies-Verdes-color-1-e1682501524240.png\",\"contentUrl\":\"https:\/\/www.viesverdes.cat\/wp-content\/uploads\/2023\/04\/Logo-Consorci-Vies-Verdes-color-1-e1682501524240.png\",\"width\":350,\"height\":41,\"caption\":\"Consorci de les Vies Verdes de Girona\"},\"image\":{\"@id\":\"https:\/\/www.viesverdes.cat\/#\/schema\/logo\/image\/\"},\"sameAs\":[\"https:\/\/www.facebook.com\/viesverdesgirona\",\"https:\/\/twitter.com\/viesverdesgi\",\"https:\/\/www.youtube.com\/viesverdesgi\",\"https:\/\/www.instagram.com\/viesverdesgi\/\"]}]}<\/script>\n<!-- \/ Yoast SEO plugin. -->","yoast_head_json":{"title":"Route Tren Pinxo - Ecovies de Girona","robots":{"index":"index","follow":"follow","max-snippet":"max-snippet:-1","max-image-preview":"max-image-preview:large","max-video-preview":"max-video-preview:-1"},"canonical":"https:\/\/www.viesverdes.cat\/fr\/rutes_vies_verdes\/route-girona-tren-pinxo\/","og_locale":"fr_FR","og_type":"article","og_title":"Route Tren Pinxo - Ecovies de Girona","og_url":"https:\/\/www.viesverdes.cat\/fr\/rutes_vies_verdes\/route-girona-tren-pinxo\/","og_site_name":"Ecovies de Girona","article_publisher":"https:\/\/www.facebook.com\/viesverdesgirona","article_modified_time":"2024-01-09T09:07:30+00:00","twitter_card":"summary_large_image","twitter_site":"@viesverdesgi","schema":{"@context":"https:\/\/schema.org","@graph":[{"@type":"WebPage","@id":"https:\/\/www.viesverdes.cat\/fr\/rutes_vies_verdes\/route-girona-tren-pinxo\/","url":"https:\/\/www.viesverdes.cat\/fr\/rutes_vies_verdes\/route-girona-tren-pinxo\/","name":"Route Tren Pinxo - Ecovies de Girona","isPartOf":{"@id":"https:\/\/www.viesverdes.cat\/#website"},"datePublished":"2018-05-22T11:59:13+00:00","dateModified":"2024-01-09T09:07:30+00:00","breadcrumb":{"@id":"https:\/\/www.viesverdes.cat\/fr\/rutes_vies_verdes\/route-girona-tren-pinxo\/#breadcrumb"},"inLanguage":"fr-FR","potentialAction":[{"@type":"ReadAction","target":["https:\/\/www.viesverdes.cat\/fr\/rutes_vies_verdes\/route-girona-tren-pinxo\/"]}]},{"@type":"BreadcrumbList","@id":"https:\/\/www.viesverdes.cat\/fr\/rutes_vies_verdes\/route-girona-tren-pinxo\/#breadcrumb","itemListElement":[{"@type":"ListItem","position":1,"name":"Inici","item":"https:\/\/www.viesverdes.cat\/"},{"@type":"ListItem","position":2,"name":"Route Tren Pinxo"}]},{"@type":"WebSite","@id":"https:\/\/www.viesverdes.cat\/#website","url":"https:\/\/www.viesverdes.cat\/","name":"Vies Verdes i Pirinexus","description":"","publisher":{"@id":"https:\/\/www.viesverdes.cat\/#organization"},"potentialAction":[{"@type":"SearchAction","target":{"@type":"EntryPoint","urlTemplate":"https:\/\/www.viesverdes.cat\/?s={search_term_string}"},"query-input":"required name=search_term_string"}],"inLanguage":"fr-FR"},{"@type":"Organization","@id":"https:\/\/www.viesverdes.cat\/#organization","name":"Consorci de les Vies Verdes de Girona","url":"https:\/\/www.viesverdes.cat\/","logo":{"@type":"ImageObject","inLanguage":"fr-FR","@id":"https:\/\/www.viesverdes.cat\/#\/schema\/logo\/image\/","url":"https:\/\/www.viesverdes.cat\/wp-content\/uploads\/2023\/04\/Logo-Consorci-Vies-Verdes-color-1-e1682501524240.png","contentUrl":"https:\/\/www.viesverdes.cat\/wp-content\/uploads\/2023\/04\/Logo-Consorci-Vies-Verdes-color-1-e1682501524240.png","width":350,"height":41,"caption":"Consorci de les Vies Verdes de Girona"},"image":{"@id":"https:\/\/www.viesverdes.cat\/#\/schema\/logo\/image\/"},"sameAs":["https:\/\/www.facebook.com\/viesverdesgirona","https:\/\/twitter.com\/viesverdesgi","https:\/\/www.youtube.com\/viesverdesgi","https:\/\/www.instagram.com\/viesverdesgi\/"]}]}},"_links":{"self":[{"href":"https:\/\/www.viesverdes.cat\/fr\/wp-json\/wp\/v2\/rutes_vies_verdes\/2570"}],"collection":[{"href":"https:\/\/www.viesverdes.cat\/fr\/wp-json\/wp\/v2\/rutes_vies_verdes"}],"about":[{"href":"https:\/\/www.viesverdes.cat\/fr\/wp-json\/wp\/v2\/types\/rutes_vies_verdes"}],"version-history":[{"count":8,"href":"https:\/\/www.viesverdes.cat\/fr\/wp-json\/wp\/v2\/rutes_vies_verdes\/2570\/revisions"}],"predecessor-version":[{"id":24289,"href":"https:\/\/www.viesverdes.cat\/fr\/wp-json\/wp\/v2\/rutes_vies_verdes\/2570\/revisions\/24289"}],"wp:attachment":[{"href":"https:\/\/www.viesverdes.cat\/fr\/wp-json\/wp\/v2\/media?parent=2570"}],"curies":[{"name":"wp","href":"https:\/\/api.w.org\/{rel}","templated":true}]}}